{"id":231499,"date":"2026-03-08T16:32:10","date_gmt":"2026-03-08T15:32:10","guid":{"rendered":"https:\/\/canvives.cat\/?post_type=product&#038;p=231499"},"modified":"2026-04-27T12:30:52","modified_gmt":"2026-04-27T10:30:52","slug":"queso-cheddar-paquete-de-200-g-en-lonchas","status":"publish","type":"product","link":"https:\/\/canvives.cat\/es\/botiga\/cheddar-paquet-de-200-grams-a-talls\/","title":{"rendered":"Queso cheddar (200 g en lonchas)"},"content":{"rendered":"<p data-start=\"6593\" data-end=\"6778\"><strong data-start=\"6593\" data-end=\"6607\">Descripci\u00f3n<\/strong><br data-start=\"6607\" data-end=\"6610\" \/>El cheddar joven es un queso semiduro elaborado con leche de vaca, de textura firme y sabor suave. Es un queso muy vers\u00e1til y f\u00e1cil de usar en la cocina.<\/p>\n<p data-start=\"6780\" data-end=\"6886\"><strong data-start=\"6780\" data-end=\"6801\">Origen y tradici\u00f3n<\/strong><br data-start=\"6801\" data-end=\"6804\" \/>Originario de Inglaterra, el cheddar es ahora uno de los quesos m\u00e1s consumidos del mundo.<\/p>\n<p data-start=\"6888\" data-end=\"7039\"><strong data-start=\"6888\" data-end=\"6909\">Leche y producci\u00f3n<\/strong><br data-start=\"6909\" data-end=\"6912\" \/>Elaborado con leche de vaca pasteurizada. El proceso tradicional de cuajado le da al queso su textura caracter\u00edstica.<\/p>\n<p data-start=\"7041\" data-end=\"7145\"><strong data-start=\"7041\" data-end=\"7062\">Textura y apariencia<\/strong><br data-start=\"7062\" data-end=\"7065\" \/>Una pasta compacta de color amarillo intenso con una textura firme pero ligeramente cremosa.<\/p>\n<p data-start=\"7147\" data-end=\"7217\"><strong data-start=\"7147\" data-end=\"7166\">Perfil gustativo<\/strong><br data-start=\"7166\" data-end=\"7169\" \/>Un sabor suave y mantecoso con un ligero toque l\u00e1cteo.<\/p>\n<p data-start=\"7219\" data-end=\"7301\"><strong data-start=\"7219\" data-end=\"7244\">Maridajes recomendados<\/strong><br data-start=\"7244\" data-end=\"7247\" \/>Combina bien con cervezas artesanales o vinos tintos j\u00f3venes.<\/p>\n<p data-start=\"7303\" data-end=\"7381\"><strong data-start=\"7303\" data-end=\"7330\">Recomendaciones de consumo<\/strong><br data-start=\"7330\" data-end=\"7333\" \/>Ideal para s\u00e1ndwiches, hamburguesas o para fundir.<\/p>\n<p data-start=\"7383\" data-end=\"7447\"><strong data-start=\"7383\" data-end=\"7398\">Conservaci\u00f3n<\/strong><br data-start=\"7398\" data-end=\"7401\" \/>Mantener refrigerado y proteger la parte cortada.<\/p>","protected":false},"excerpt":{"rendered":"<p>Paquetes de 200 gramos, en lonchas<\/p>","protected":false},"featured_media":231498,"comment_status":"closed","ping_status":"closed","template":"","meta":{"_editorskit_title_hidden":false,"_editorskit_reading_time":0,"_editorskit_is_block_options_detached":false,"_editorskit_block_options_position":"{}","_uag_custom_page_level_css":"","_kadence_starter_templates_imported_post":false,"_kad_post_transparent":"default","_kad_post_title":"","_kad_post_layout":"default","_kad_post_sidebar_id":"","_kad_post_content_style":"default","_kad_post_vertical_padding":"default","_kad_post_feature":"","_kad_post_feature_position":"","_kad_post_header":false,"_kad_post_footer":false,"_kad_post_classname":""},"product_brand":[],"product_cat":[532,534],"product_tag":[2630],"class_list":{"0":"post-231499","1":"product","2":"type-product","3":"status-publish","4":"has-post-thumbnail","6":"product_cat-altres-fabricants","7":"product_cat-formatges","8":"product_tag-regne-unit","10":"first","11":"instock","12":"taxable","13":"shipping-taxable","14":"purchasable","15":"product-type-simple","16":"entry","17":"content-bg","18":"loop-entry"},"yoast_head":"<!-- This site is optimized with the Yoast SEO Premium plugin v27.5 (Yoast SEO v27.5) - https:\/\/yoast.com\/product\/yoast-seo-premium-wordpress\/ -->\n<title>Cheddar (Paquet de 200 grams a talls) - Can Vives carnissers des de 1840<\/title>\n<meta name=\"description\" content=\"Cheddar tendre en barra de llet de vaca, suau i crem\u00f3s. Perfecte per sandvitxos, hamburgueses i plats gratinats. A Can Vives a Calella.\" \/>\n<meta name=\"robots\" content=\"index, follow, max-snippet:-1, max-image-preview:large, max-video-preview:-1\" \/>\n<link rel=\"canonical\" href=\"https:\/\/canvives.cat\/es\/tienda\/queso-cheddar-paquete-de-200-g-en-lonchas\/\" \/>\n<meta property=\"og:locale\" content=\"es_ES\" \/>\n<meta property=\"og:type\" content=\"article\" \/>\n<meta property=\"og:title\" content=\"Cheddar (Paquet de 200 grams a talls)\" \/>\n<meta property=\"og:description\" content=\"Cheddar tendre en barra de llet de vaca, suau i crem\u00f3s. Perfecte per sandvitxos, hamburgueses i plats gratinats. A Can Vives a Calella.\" \/>\n<meta property=\"og:url\" content=\"https:\/\/canvives.cat\/es\/tienda\/queso-cheddar-paquete-de-200-g-en-lonchas\/\" \/>\n<meta property=\"og:site_name\" content=\"Can Vives carnissers des de 1840\" \/>\n<meta property=\"article:publisher\" content=\"https:\/\/www.facebook.com\/CanVivesCalella\" \/>\n<meta property=\"article:modified_time\" content=\"2026-04-27T10:30:52+00:00\" \/>\n<meta property=\"og:image\" content=\"https:\/\/canvives.cat\/wp-content\/uploads\/1000041202.png\" \/>\n\t<meta property=\"og:image:width\" content=\"1536\" \/>\n\t<meta property=\"og:image:height\" content=\"1024\" \/>\n\t<meta property=\"og:image:type\" content=\"image\/png\" \/>\n<meta name=\"twitter:card\" content=\"summary_large_image\" \/>\n<meta name=\"twitter:label1\" content=\"Precio\" \/>\n\t<meta name=\"twitter:data1\" content=\"3,08&nbsp;&euro; IVA Incl\u00f2s\" \/>\n\t<meta name=\"twitter:label2\" content=\"Disponibilidad\" \/>\n\t<meta name=\"twitter:data2\" content=\"Disponible\" \/>\n<script type=\"application\/ld+json\" class=\"yoast-schema-graph\">{\"@context\":\"https:\\\/\\\/schema.org\",\"@graph\":[{\"@type\":\"WebPage\",\"@id\":\"https:\\\/\\\/canvives.cat\\\/botiga\\\/cheddar-paquet-de-200-grams-a-talls\\\/\",\"url\":\"https:\\\/\\\/canvives.cat\\\/botiga\\\/cheddar-paquet-de-200-grams-a-talls\\\/\",\"name\":\"Cheddar (Paquet de 200 grams a talls) - Can Vives carnissers des de 1840\",\"isPartOf\":{\"@id\":\"https:\\\/\\\/canvives.cat\\\/#website\"},\"primaryImageOfPage\":{\"@id\":\"https:\\\/\\\/canvives.cat\\\/botiga\\\/cheddar-paquet-de-200-grams-a-talls\\\/#primaryimage\"},\"image\":{\"@id\":\"https:\\\/\\\/canvives.cat\\\/botiga\\\/cheddar-paquet-de-200-grams-a-talls\\\/#primaryimage\"},\"thumbnailUrl\":\"https:\\\/\\\/canvives.cat\\\/wp-content\\\/uploads\\\/1000041202.png\",\"datePublished\":\"2026-03-08T15:32:10+00:00\",\"dateModified\":\"2026-04-27T10:30:52+00:00\",\"description\":\"Cheddar tendre en barra de llet de vaca, suau i crem\u00f3s. Perfecte per sandvitxos, hamburgueses i plats gratinats. A Can Vives a Calella.\",\"breadcrumb\":{\"@id\":\"https:\\\/\\\/canvives.cat\\\/botiga\\\/cheddar-paquet-de-200-grams-a-talls\\\/#breadcrumb\"},\"inLanguage\":\"es\",\"potentialAction\":[{\"@type\":\"ReadAction\",\"target\":[\"https:\\\/\\\/canvives.cat\\\/botiga\\\/cheddar-paquet-de-200-grams-a-talls\\\/\"]}]},{\"@type\":\"ImageObject\",\"inLanguage\":\"es\",\"@id\":\"https:\\\/\\\/canvives.cat\\\/botiga\\\/cheddar-paquet-de-200-grams-a-talls\\\/#primaryimage\",\"url\":\"https:\\\/\\\/canvives.cat\\\/wp-content\\\/uploads\\\/1000041202.png\",\"contentUrl\":\"https:\\\/\\\/canvives.cat\\\/wp-content\\\/uploads\\\/1000041202.png\",\"width\":1536,\"height\":1024},{\"@type\":\"BreadcrumbList\",\"@id\":\"https:\\\/\\\/canvives.cat\\\/botiga\\\/cheddar-paquet-de-200-grams-a-talls\\\/#breadcrumb\",\"itemListElement\":[{\"@type\":\"ListItem\",\"position\":1,\"name\":\"Portada\",\"item\":\"https:\\\/\\\/canvives.cat\\\/\"},{\"@type\":\"ListItem\",\"position\":2,\"name\":\"Botiga\",\"item\":\"https:\\\/\\\/canvives.cat\\\/botiga\\\/\"},{\"@type\":\"ListItem\",\"position\":3,\"name\":\"Cheddar (Paquet de 200 grams a talls)\"}]},{\"@type\":\"WebSite\",\"@id\":\"https:\\\/\\\/canvives.cat\\\/#website\",\"url\":\"https:\\\/\\\/canvives.cat\\\/\",\"name\":\"Can Vives carnissers des de 1840\",\"description\":\"La carnisseria-rostisseria amb m\u00e9s anys d&#039;hist\u00f2ria a Calella i una de les m\u00e9s antigues de Catalunya. Venda a botiga i online de tot tipus de carns, embotits, formatges i plats cuinats. Som carnissers, xarcuters i rostissers.\",\"publisher\":{\"@id\":\"https:\\\/\\\/canvives.cat\\\/#organization\"},\"alternateName\":\"Can Vives Calella\",\"potentialAction\":[{\"@type\":\"SearchAction\",\"target\":{\"@type\":\"EntryPoint\",\"urlTemplate\":\"https:\\\/\\\/canvives.cat\\\/?s={search_term_string}\"},\"query-input\":{\"@type\":\"PropertyValueSpecification\",\"valueRequired\":true,\"valueName\":\"search_term_string\"}}],\"inLanguage\":\"es\"},{\"@type\":[\"Organization\",\"Place\"],\"@id\":\"https:\\\/\\\/canvives.cat\\\/#organization\",\"name\":\"Carnisseria Rostisseria Can Vives\",\"alternateName\":\"Can Vives Calella\",\"url\":\"https:\\\/\\\/canvives.cat\\\/\",\"logo\":{\"@id\":\"https:\\\/\\\/canvives.cat\\\/botiga\\\/cheddar-paquet-de-200-grams-a-talls\\\/#local-main-organization-logo\"},\"image\":{\"@id\":\"https:\\\/\\\/canvives.cat\\\/botiga\\\/cheddar-paquet-de-200-grams-a-talls\\\/#local-main-organization-logo\"},\"sameAs\":[\"https:\\\/\\\/www.facebook.com\\\/CanVivesCalella\",\"https:\\\/\\\/www.instagram.com\\\/canvivescalella\\\/\",\"https:\\\/\\\/www.tiktok.com\\\/@can.vives.calella\"],\"description\":\"\\\"Carns, plats cuinats casolans, embotits de qualitat i elaboraci\u00f3 pr\u00f2pia, vins i caves, delicatessen i formatges. La carnisseria amb m\u00e9s anys d'hist\u00f2ria a Calella i una de les m\u00e9s antigues de Catalunya. Comer\u00e7 tradicional Elaborem els nostres cuinats, hamburgueses, botifarres, croquetes, embotits curats com fuets, llonganisses, lloms curats...\\\"\",\"legalName\":\"VIVES CLOS C.B.\",\"foundingDate\":\"1840-04-25\",\"numberOfEmployees\":{\"@type\":\"QuantitativeValue\",\"minValue\":\"1\",\"maxValue\":\"10\"},\"address\":{\"@id\":\"https:\\\/\\\/canvives.cat\\\/botiga\\\/cheddar-paquet-de-200-grams-a-talls\\\/#local-main-place-address\"},\"telephone\":[\"937690224\"],\"contactPoint\":{\"@type\":\"ContactPoint\",\"telephone\":\"662965320\",\"email\":\"canvives@canvives.cat\"},\"openingHoursSpecification\":[{\"@type\":\"OpeningHoursSpecification\",\"dayOfWeek\":[\"Monday\",\"Tuesday\",\"Wednesday\",\"Thursday\",\"Friday\",\"Saturday\",\"Sunday\"],\"opens\":\"09:00\",\"closes\":\"17:00\"}],\"email\":\"canvives@canvives.cat\",\"vatID\":\"E60450871\"},{\"@type\":\"PostalAddress\",\"@id\":\"https:\\\/\\\/canvives.cat\\\/botiga\\\/cheddar-paquet-de-200-grams-a-talls\\\/#local-main-place-address\",\"streetAddress\":\"Calle Sant Joan 89\",\"addressLocality\":\"Calella\",\"postalCode\":\"08370\",\"addressRegion\":\"Barcelona\",\"addressCountry\":\"ES\"},{\"@type\":\"ImageObject\",\"inLanguage\":\"es\",\"@id\":\"https:\\\/\\\/canvives.cat\\\/botiga\\\/cheddar-paquet-de-200-grams-a-talls\\\/#local-main-organization-logo\",\"url\":\"https:\\\/\\\/canvives.cat\\\/wp-content\\\/uploads\\\/logopng512.png\",\"contentUrl\":\"https:\\\/\\\/canvives.cat\\\/wp-content\\\/uploads\\\/logopng512.png\",\"width\":512,\"height\":512,\"caption\":\"Carnisseria Rostisseria Can Vives\"}]}<\/script>\n<meta property=\"product:price:amount\" content=\"3.08\" \/>\n<meta property=\"product:price:currency\" content=\"EUR\" \/>\n<meta property=\"og:availability\" content=\"instock\" \/>\n<meta property=\"product:availability\" content=\"instock\" \/>\n<meta property=\"product:retailer_item_id\" content=\"924\" \/>\n<meta property=\"product:condition\" content=\"new\" \/>\n<meta name=\"geo.placename\" content=\"Calella\" \/>\n<meta name=\"geo.region\" content=\"Espa\u00f1a\" \/>\n<!-- \/ Yoast SEO Premium plugin. -->","yoast_head_json":{"title":"Cheddar (paquete de 200 g en lonchas) - Carnicer\u00eda Can Vives desde 1840","description":"Queso cheddar joven de leche de vaca, suave y cremoso, en bloque. Ideal para s\u00e1ndwiches, hamburguesas y platos gratinados. En Can Vives, en Calella.","robots":{"index":"index","follow":"follow","max-snippet":"max-snippet:-1","max-image-preview":"max-image-preview:large","max-video-preview":"max-video-preview:-1"},"canonical":"https:\/\/canvives.cat\/es\/tienda\/queso-cheddar-paquete-de-200-g-en-lonchas\/","og_locale":"es_ES","og_type":"article","og_title":"Cheddar (Paquet de 200 grams a talls)","og_description":"Cheddar tendre en barra de llet de vaca, suau i crem\u00f3s. Perfecte per sandvitxos, hamburgueses i plats gratinats. A Can Vives a Calella.","og_url":"https:\/\/canvives.cat\/es\/tienda\/queso-cheddar-paquete-de-200-g-en-lonchas\/","og_site_name":"Can Vives carnissers des de 1840","article_publisher":"https:\/\/www.facebook.com\/CanVivesCalella","article_modified_time":"2026-04-27T10:30:52+00:00","og_image":[{"width":1536,"height":1024,"url":"https:\/\/canvives.cat\/wp-content\/uploads\/1000041202.png","type":"image\/png"}],"twitter_card":"summary_large_image","twitter_misc":{"Precio":"3,08&nbsp;&euro; IVA Incl\u00f2s","Disponibilidad":"Disponible"},"schema":{"@context":"https:\/\/schema.org","@graph":[{"@type":"WebPage","@id":"https:\/\/canvives.cat\/botiga\/cheddar-paquet-de-200-grams-a-talls\/","url":"https:\/\/canvives.cat\/botiga\/cheddar-paquet-de-200-grams-a-talls\/","name":"Cheddar (paquete de 200 g en lonchas) - Carnicer\u00eda Can Vives desde 1840","isPartOf":{"@id":"https:\/\/canvives.cat\/#website"},"primaryImageOfPage":{"@id":"https:\/\/canvives.cat\/botiga\/cheddar-paquet-de-200-grams-a-talls\/#primaryimage"},"image":{"@id":"https:\/\/canvives.cat\/botiga\/cheddar-paquet-de-200-grams-a-talls\/#primaryimage"},"thumbnailUrl":"https:\/\/canvives.cat\/wp-content\/uploads\/1000041202.png","datePublished":"2026-03-08T15:32:10+00:00","dateModified":"2026-04-27T10:30:52+00:00","description":"Queso cheddar joven de leche de vaca, suave y cremoso, en bloque. Ideal para s\u00e1ndwiches, hamburguesas y platos gratinados. En Can Vives, en Calella.","breadcrumb":{"@id":"https:\/\/canvives.cat\/botiga\/cheddar-paquet-de-200-grams-a-talls\/#breadcrumb"},"inLanguage":"es","potentialAction":[{"@type":"ReadAction","target":["https:\/\/canvives.cat\/botiga\/cheddar-paquet-de-200-grams-a-talls\/"]}]},{"@type":"ImageObject","inLanguage":"es","@id":"https:\/\/canvives.cat\/botiga\/cheddar-paquet-de-200-grams-a-talls\/#primaryimage","url":"https:\/\/canvives.cat\/wp-content\/uploads\/1000041202.png","contentUrl":"https:\/\/canvives.cat\/wp-content\/uploads\/1000041202.png","width":1536,"height":1024},{"@type":"BreadcrumbList","@id":"https:\/\/canvives.cat\/botiga\/cheddar-paquet-de-200-grams-a-talls\/#breadcrumb","itemListElement":[{"@type":"ListItem","position":1,"name":"Portada","item":"https:\/\/canvives.cat\/"},{"@type":"ListItem","position":2,"name":"Botiga","item":"https:\/\/canvives.cat\/botiga\/"},{"@type":"ListItem","position":3,"name":"Cheddar (Paquet de 200 grams a talls)"}]},{"@type":"WebSite","@id":"https:\/\/canvives.cat\/#website","url":"https:\/\/canvives.cat\/","name":"Can Vives carniceros desde 1840","description":"La carniceria-asador con m\u00e1s a\u00f1os de historia en Calella y una de las m\u00e1s antiguas de Catalu\u00f1a. Venta en tienda y online de todo tipo de carnes, embutidos, quesos y platos preparados. Somos carniceros, charcuteros y asadores.","publisher":{"@id":"https:\/\/canvives.cat\/#organization"},"alternateName":"Can Vives Calella","potentialAction":[{"@type":"SearchAction","target":{"@type":"EntryPoint","urlTemplate":"https:\/\/canvives.cat\/?s={search_term_string}"},"query-input":{"@type":"PropertyValueSpecification","valueRequired":true,"valueName":"search_term_string"}}],"inLanguage":"es"},{"@type":["Organization","Place"],"@id":"https:\/\/canvives.cat\/#organization","name":"Carnicer\u00eda y Asador Can Vives","alternateName":"Can Vives Calella","url":"https:\/\/canvives.cat\/","logo":{"@id":"https:\/\/canvives.cat\/botiga\/cheddar-paquet-de-200-grams-a-talls\/#local-main-organization-logo"},"image":{"@id":"https:\/\/canvives.cat\/botiga\/cheddar-paquet-de-200-grams-a-talls\/#local-main-organization-logo"},"sameAs":["https:\/\/www.facebook.com\/CanVivesCalella","https:\/\/www.instagram.com\/canvivescalella\/","https:\/\/www.tiktok.com\/@can.vives.calella"],"description":"\"Carnes, platos caseros, embutidos de calidad y especialidades propias, vinos y cavas, delicatessen y quesos. La carnicer\\u00eda con m\\u00e1s historia de Calella y una de las m\\u00e1s antiguas de Catalu\\u00f1a. Somos un negocio tradicional y elaboramos nuestras propias carnes cocidas, hamburguesas, salchichas, croquetas, embutidos como fuet, longaniza, lomos curados...\"","legalName":"VIVES CLOS C.B.","foundingDate":"1840-04-25","numberOfEmployees":{"@type":"QuantitativeValue","minValue":"1","maxValue":"10"},"address":{"@id":"https:\/\/canvives.cat\/botiga\/cheddar-paquet-de-200-grams-a-talls\/#local-main-place-address"},"telephone":["937690224"],"contactPoint":{"@type":"ContactPoint","telephone":"662965320","email":"canvives@canvives.cat"},"openingHoursSpecification":[{"@type":"OpeningHoursSpecification","dayOfWeek":["Monday","Tuesday","Wednesday","Thursday","Friday","Saturday","Sunday"],"opens":"09:00","closes":"17:00"}],"email":"canvives@canvives.cat","vatID":"E60450871"},{"@type":"PostalAddress","@id":"https:\/\/canvives.cat\/botiga\/cheddar-paquet-de-200-grams-a-talls\/#local-main-place-address","streetAddress":"Calle Sant Joan 89","addressLocality":"Calella","postalCode":"08370","addressRegion":"Barcelona","addressCountry":"ES"},{"@type":"ImageObject","inLanguage":"es","@id":"https:\/\/canvives.cat\/botiga\/cheddar-paquet-de-200-grams-a-talls\/#local-main-organization-logo","url":"https:\/\/canvives.cat\/wp-content\/uploads\/logopng512.png","contentUrl":"https:\/\/canvives.cat\/wp-content\/uploads\/logopng512.png","width":512,"height":512,"caption":"Carnisseria Rostisseria Can Vives"}]},"product_price_amount":"3.08","product_price_currency":"EUR","og_availability":"instock","product_availability":"instock","product_retailer_item_id":"924","product_condition":"new","geo.placename":"Calella","geo.region":"Espa\u00f1a"},"uagb_featured_image_src":{"full":["https:\/\/canvives.cat\/wp-content\/uploads\/1000041202.png",1536,1024,false],"thumbnail":["https:\/\/canvives.cat\/wp-content\/uploads\/1000041202-300x300.png",300,300,true],"medium":["https:\/\/canvives.cat\/wp-content\/uploads\/1000041202-600x400.png",600,400,true],"medium_large":["https:\/\/canvives.cat\/wp-content\/uploads\/1000041202-768x512.png",768,512,true],"large":["https:\/\/canvives.cat\/wp-content\/uploads\/1000041202.png",1536,1024,false],"1536x1536":["https:\/\/canvives.cat\/wp-content\/uploads\/1000041202.png",1536,1024,false],"2048x2048":["https:\/\/canvives.cat\/wp-content\/uploads\/1000041202.png",1536,1024,false],"trp-custom-language-flag":["https:\/\/canvives.cat\/wp-content\/uploads\/1000041202-18x12.png",18,12,true],"woocommerce_thumbnail":["https:\/\/canvives.cat\/wp-content\/uploads\/1000041202-300x300.png",300,300,true],"woocommerce_single":["https:\/\/canvives.cat\/wp-content\/uploads\/1000041202-600x400.png",600,400,true],"woocommerce_gallery_thumbnail":["https:\/\/canvives.cat\/wp-content\/uploads\/1000041202-100x100.png",100,100,true]},"uagb_author_info":{"display_name":"Administrador de Can Vives","author_link":"https:\/\/canvives.cat\/es\/author\/"},"uagb_comment_info":0,"uagb_excerpt":"Paquets de 200 grams a talls","_links":{"self":[{"href":"https:\/\/canvives.cat\/es\/wp-json\/wp\/v2\/product\/231499","targetHints":{"allow":["GET"]}}],"collection":[{"href":"https:\/\/canvives.cat\/es\/wp-json\/wp\/v2\/product"}],"about":[{"href":"https:\/\/canvives.cat\/es\/wp-json\/wp\/v2\/types\/product"}],"replies":[{"embeddable":true,"href":"https:\/\/canvives.cat\/es\/wp-json\/wp\/v2\/comments?post=231499"}],"wp:featuredmedia":[{"embeddable":true,"href":"https:\/\/canvives.cat\/es\/wp-json\/wp\/v2\/media\/231498"}],"wp:attachment":[{"href":"https:\/\/canvives.cat\/es\/wp-json\/wp\/v2\/media?parent=231499"}],"wp:term":[{"taxonomy":"product_brand","embeddable":true,"href":"https:\/\/canvives.cat\/es\/wp-json\/wp\/v2\/product_brand?post=231499"},{"taxonomy":"product_cat","embeddable":true,"href":"https:\/\/canvives.cat\/es\/wp-json\/wp\/v2\/product_cat?post=231499"},{"taxonomy":"product_tag","embeddable":true,"href":"https:\/\/canvives.cat\/es\/wp-json\/wp\/v2\/product_tag?post=231499"}],"curies":[{"name":"wp","href":"https:\/\/api.w.org\/{rel}","templated":true}]}}