{"id":231411,"date":"2026-03-01T16:12:40","date_gmt":"2026-03-01T15:12:40","guid":{"rendered":"https:\/\/canvives.cat\/?post_type=product&#038;p=231411"},"modified":"2026-04-01T19:58:11","modified_gmt":"2026-04-01T17:58:11","slug":"vino-blanco-vina-salceda","status":"publish","type":"product","link":"https:\/\/canvives.cat\/es\/botiga\/vi-blanc-vina-salceda\/","title":{"rendered":"Vino blanco \u201cVi\u00f1a Salceda\u201d"},"content":{"rendered":"<p data-start=\"118\" data-end=\"160\"><strong data-start=\"118\" data-end=\"142\">Denominaci\u00f3n de Origen<\/strong><br data-start=\"142\" data-end=\"145\" \/>Denominaci\u00f3n de Origen Controlada Rioja<\/p>\n<p data-start=\"162\" data-end=\"222\"><strong data-start=\"162\" data-end=\"172\">Bodega<\/strong><br data-start=\"172\" data-end=\"175\" \/>Bodegas Vi\u00f1a Salceda (Elciego, Rioja Alavesa)<\/p>\n<p data-start=\"224\" data-end=\"277\"><strong data-start=\"224\" data-end=\"234\">Vintage<\/strong><br data-start=\"234\" data-end=\"237\" \/>Sujeto a la disponibilidad actual del mercado.<\/p>\n<p data-start=\"279\" data-end=\"331\"><strong data-start=\"279\" data-end=\"300\">Variedades de uva<\/strong><br data-start=\"300\" data-end=\"303\" \/>Viura y Tempranillo Blanco<\/p>\n<p data-start=\"333\" data-end=\"384\"><strong data-start=\"333\" data-end=\"348\">Tipo de vino<\/strong><br data-start=\"348\" data-end=\"351\" \/>Vino blanco envejecido sobre sus l\u00edas.<\/p>\n<p data-start=\"386\" data-end=\"402\"><strong data-start=\"386\" data-end=\"400\">Producci\u00f3n<\/strong><\/p>\n<ul data-start=\"403\" data-end=\"765\">\n<li data-start=\"403\" data-end=\"516\">\n<p data-start=\"405\" data-end=\"516\">Uvas seleccionadas de vi\u00f1edos de la Rioja Alavesa, con influencia atl\u00e1ntica que favorece la frescura.<\/p>\n<\/li>\n<li data-start=\"517\" data-end=\"555\">\n<p data-start=\"519\" data-end=\"555\">Prensado suave y clarificaci\u00f3n del mosto.<\/p>\n<\/li>\n<li data-start=\"556\" data-end=\"640\">\n<p data-start=\"558\" data-end=\"640\">Fermentaci\u00f3n alcoh\u00f3lica en dep\u00f3sitos de acero inoxidable con control de temperatura.<\/p>\n<\/li>\n<li data-start=\"641\" data-end=\"765\">\n<p data-start=\"643\" data-end=\"765\">Envejecido sobre l\u00edas finas durante varios meses con removido peri\u00f3dico (b\u00e2tonnage) para conferir volumen y complejidad en boca.<\/p>\n<\/li>\n<\/ul>\n<p data-start=\"767\" data-end=\"785\"><strong data-start=\"767\" data-end=\"783\">Nota de cata<\/strong><\/p>\n<ul data-start=\"786\" data-end=\"1135\">\n<li data-start=\"786\" data-end=\"858\">\n<p data-start=\"788\" data-end=\"858\"><strong data-start=\"788\" data-end=\"798\">Ver:<\/strong> Color amarillo p\u00e1lido con reflejos verdosos, brillante y limpio.<\/p>\n<\/li>\n<li data-start=\"859\" data-end=\"978\">\n<p data-start=\"861\" data-end=\"978\"><strong data-start=\"861\" data-end=\"869\">Nariz:<\/strong> Aromas de fruta blanca (pera, manzana), notas c\u00edtricas y sutiles toques florales con un ligero toque cremoso.<\/p>\n<\/li>\n<li data-start=\"979\" data-end=\"1135\">\n<p data-start=\"981\" data-end=\"1135\"><strong data-start=\"981\" data-end=\"990\">Sabor:<\/strong> Entrada fresca y equilibrada, con buena acidez. Paladar amplio y ligeramente cremoso gracias al contacto con las l\u00edas, con un final persistente y elegante.<\/p>\n<\/li>\n<\/ul>\n<p data-start=\"1137\" data-end=\"1280\"><strong data-start=\"1137\" data-end=\"1160\">Maridaje recomendado<\/strong><br data-start=\"1160\" data-end=\"1163\" \/>Ideal para acompa\u00f1ar pescados al horno, mariscos, arroces con marisco, pastas con salsas suaves, carnes blancas y quesos semicurados.<\/p>\n<p data-start=\"1282\" data-end=\"1338\"><strong data-start=\"1282\" data-end=\"1307\">Temperatura de servicio<\/strong><br data-start=\"1307\" data-end=\"1310\" \/>Servir entre 8 \u00b0C y 10 \u00b0C.<\/p>\n<p data-start=\"1340\" data-end=\"1392\"><strong data-start=\"1340\" data-end=\"1364\">Contenido de alcohol<\/strong><br data-start=\"1364\" data-end=\"1367\" \/>Aproximadamente 131 TP3T vol.<\/p>\n<p data-start=\"1394\" data-end=\"1500\"><strong data-start=\"1394\" data-end=\"1417\">Potencial de guardi\u00e1n<\/strong><br data-start=\"1417\" data-end=\"1420\" \/>Puede evolucionar favorablemente durante 3-4 a\u00f1os, conservando su frescura y complejidad.<\/p>","protected":false},"excerpt":{"rendered":"<p>Botellas<\/p>","protected":false},"featured_media":231410,"comment_status":"closed","ping_status":"closed","template":"","meta":{"_editorskit_title_hidden":false,"_editorskit_reading_time":0,"_editorskit_is_block_options_detached":false,"_editorskit_block_options_position":"{}","_uag_custom_page_level_css":"","_kadence_starter_templates_imported_post":false,"_kad_post_transparent":"default","_kad_post_title":"","_kad_post_layout":"default","_kad_post_sidebar_id":"","_kad_post_content_style":"default","_kad_post_vertical_padding":"default","_kad_post_feature":"","_kad_post_feature_position":"","_kad_post_header":false,"_kad_post_footer":false,"_kad_post_classname":""},"product_brand":[],"product_cat":[532,536],"product_tag":[2601,2613],"class_list":{"0":"post-231411","1":"product","2":"type-product","3":"status-publish","4":"has-post-thumbnail","6":"product_cat-altres-fabricants","7":"product_cat-vins-caves-i-licors","8":"product_tag-rioja","9":"product_tag-vins-blancs","11":"first","12":"instock","13":"taxable","14":"shipping-taxable","15":"purchasable","16":"product-type-simple","17":"entry","18":"content-bg","19":"loop-entry"},"yoast_head":"<!-- This site is optimized with the Yoast SEO Premium plugin v27.4 (Yoast SEO v27.4) - https:\/\/yoast.com\/product\/yoast-seo-premium-wordpress\/ -->\n<title>Vi blanc &quot;Vi\u00f1a Salceda&quot; - Can Vives carnissers des de 1840<\/title>\n<meta name=\"description\" content=\"Vi\u00f1a Salceda Blanco Sobre L\u00edas D.O.Ca. Rioja. Viura i Tempranillo Blanco fresc, crem\u00f3s i elegant. Ideal amb peix i marisc.\" \/>\n<meta name=\"robots\" content=\"index, follow, max-snippet:-1, max-image-preview:large, max-video-preview:-1\" \/>\n<link rel=\"canonical\" href=\"https:\/\/canvives.cat\/es\/tienda\/vino-blanco-vina-salceda\/\" \/>\n<meta property=\"og:locale\" content=\"es_ES\" \/>\n<meta property=\"og:type\" content=\"article\" \/>\n<meta property=\"og:title\" content=\"Vi blanc &quot;Vi\u00f1a Salceda&quot;\" \/>\n<meta property=\"og:description\" content=\"Vi\u00f1a Salceda Blanco Sobre L\u00edas D.O.Ca. Rioja. Viura i Tempranillo Blanco fresc, crem\u00f3s i elegant. Ideal amb peix i marisc.\" \/>\n<meta property=\"og:url\" content=\"https:\/\/canvives.cat\/es\/tienda\/vino-blanco-vina-salceda\/\" \/>\n<meta property=\"og:site_name\" content=\"Can Vives carnissers des de 1840\" \/>\n<meta property=\"article:publisher\" content=\"https:\/\/www.facebook.com\/CanVivesCalella\" \/>\n<meta property=\"article:modified_time\" content=\"2026-04-01T17:58:11+00:00\" \/>\n<meta property=\"og:image\" content=\"https:\/\/canvives.cat\/wp-content\/uploads\/1000040006.png\" \/>\n\t<meta property=\"og:image:width\" content=\"1024\" \/>\n\t<meta property=\"og:image:height\" content=\"1536\" \/>\n\t<meta property=\"og:image:type\" content=\"image\/png\" \/>\n<meta name=\"twitter:card\" content=\"summary_large_image\" \/>\n<meta name=\"twitter:label1\" content=\"Precio\" \/>\n\t<meta name=\"twitter:data1\" content=\"12,30&nbsp;&euro; IVA Incl\u00f2s\" \/>\n\t<meta name=\"twitter:label2\" content=\"Disponibilidad\" \/>\n\t<meta name=\"twitter:data2\" content=\"Disponible\" \/>\n<script type=\"application\/ld+json\" class=\"yoast-schema-graph\">{\"@context\":\"https:\\\/\\\/schema.org\",\"@graph\":[{\"@type\":\"WebPage\",\"@id\":\"https:\\\/\\\/canvives.cat\\\/botiga\\\/vi-blanc-vina-salceda\\\/\",\"url\":\"https:\\\/\\\/canvives.cat\\\/botiga\\\/vi-blanc-vina-salceda\\\/\",\"name\":\"Vi blanc \\\"Vi\u00f1a Salceda\\\" - Can Vives carnissers des de 1840\",\"isPartOf\":{\"@id\":\"https:\\\/\\\/canvives.cat\\\/#website\"},\"primaryImageOfPage\":{\"@id\":\"https:\\\/\\\/canvives.cat\\\/botiga\\\/vi-blanc-vina-salceda\\\/#primaryimage\"},\"image\":{\"@id\":\"https:\\\/\\\/canvives.cat\\\/botiga\\\/vi-blanc-vina-salceda\\\/#primaryimage\"},\"thumbnailUrl\":\"https:\\\/\\\/canvives.cat\\\/wp-content\\\/uploads\\\/1000040006.png\",\"datePublished\":\"2026-03-01T15:12:40+00:00\",\"dateModified\":\"2026-04-01T17:58:11+00:00\",\"description\":\"Vi\u00f1a Salceda Blanco Sobre L\u00edas D.O.Ca. Rioja. Viura i Tempranillo Blanco fresc, crem\u00f3s i elegant. Ideal amb peix i marisc.\",\"breadcrumb\":{\"@id\":\"https:\\\/\\\/canvives.cat\\\/botiga\\\/vi-blanc-vina-salceda\\\/#breadcrumb\"},\"inLanguage\":\"es\",\"potentialAction\":[{\"@type\":\"ReadAction\",\"target\":[\"https:\\\/\\\/canvives.cat\\\/botiga\\\/vi-blanc-vina-salceda\\\/\"]}]},{\"@type\":\"ImageObject\",\"inLanguage\":\"es\",\"@id\":\"https:\\\/\\\/canvives.cat\\\/botiga\\\/vi-blanc-vina-salceda\\\/#primaryimage\",\"url\":\"https:\\\/\\\/canvives.cat\\\/wp-content\\\/uploads\\\/1000040006.png\",\"contentUrl\":\"https:\\\/\\\/canvives.cat\\\/wp-content\\\/uploads\\\/1000040006.png\",\"width\":1024,\"height\":1536},{\"@type\":\"BreadcrumbList\",\"@id\":\"https:\\\/\\\/canvives.cat\\\/botiga\\\/vi-blanc-vina-salceda\\\/#breadcrumb\",\"itemListElement\":[{\"@type\":\"ListItem\",\"position\":1,\"name\":\"Portada\",\"item\":\"https:\\\/\\\/canvives.cat\\\/\"},{\"@type\":\"ListItem\",\"position\":2,\"name\":\"Botiga\",\"item\":\"https:\\\/\\\/canvives.cat\\\/botiga\\\/\"},{\"@type\":\"ListItem\",\"position\":3,\"name\":\"Vi blanc \u00abVi\u00f1a Salceda\u00bb\"}]},{\"@type\":\"WebSite\",\"@id\":\"https:\\\/\\\/canvives.cat\\\/#website\",\"url\":\"https:\\\/\\\/canvives.cat\\\/\",\"name\":\"Can Vives carnissers des de 1840\",\"description\":\"La carnisseria-rostisseria amb m\u00e9s anys d&#039;hist\u00f2ria a Calella i una de les m\u00e9s antigues de Catalunya. Venda a botiga i online de tot tipus de carns, embotits, formatges i plats cuinats. Som carnissers, xarcuters i rostissers.\",\"publisher\":{\"@id\":\"https:\\\/\\\/canvives.cat\\\/#organization\"},\"alternateName\":\"Can Vives Calella\",\"potentialAction\":[{\"@type\":\"SearchAction\",\"target\":{\"@type\":\"EntryPoint\",\"urlTemplate\":\"https:\\\/\\\/canvives.cat\\\/?s={search_term_string}\"},\"query-input\":{\"@type\":\"PropertyValueSpecification\",\"valueRequired\":true,\"valueName\":\"search_term_string\"}}],\"inLanguage\":\"es\"},{\"@type\":[\"Organization\",\"Place\"],\"@id\":\"https:\\\/\\\/canvives.cat\\\/#organization\",\"name\":\"Carnisseria Rostisseria Can Vives\",\"alternateName\":\"Can Vives Calella\",\"url\":\"https:\\\/\\\/canvives.cat\\\/\",\"logo\":{\"@id\":\"https:\\\/\\\/canvives.cat\\\/botiga\\\/vi-blanc-vina-salceda\\\/#local-main-organization-logo\"},\"image\":{\"@id\":\"https:\\\/\\\/canvives.cat\\\/botiga\\\/vi-blanc-vina-salceda\\\/#local-main-organization-logo\"},\"sameAs\":[\"https:\\\/\\\/www.facebook.com\\\/CanVivesCalella\",\"https:\\\/\\\/www.instagram.com\\\/canvivescalella\\\/\",\"https:\\\/\\\/www.tiktok.com\\\/@can.vives.calella\"],\"description\":\"\\\"Carns, plats cuinats casolans, embotits de qualitat i elaboraci\u00f3 pr\u00f2pia, vins i caves, delicatessen i formatges. La carnisseria amb m\u00e9s anys d'hist\u00f2ria a Calella i una de les m\u00e9s antigues de Catalunya. Comer\u00e7 tradicional Elaborem els nostres cuinats, hamburgueses, botifarres, croquetes, embotits curats com fuets, llonganisses, lloms curats...\\\"\",\"legalName\":\"VIVES CLOS C.B.\",\"foundingDate\":\"1840-04-25\",\"numberOfEmployees\":{\"@type\":\"QuantitativeValue\",\"minValue\":\"1\",\"maxValue\":\"10\"},\"address\":{\"@id\":\"https:\\\/\\\/canvives.cat\\\/botiga\\\/vi-blanc-vina-salceda\\\/#local-main-place-address\"},\"telephone\":[\"937690224\"],\"contactPoint\":{\"@type\":\"ContactPoint\",\"telephone\":\"662965320\",\"email\":\"canvives@canvives.cat\"},\"openingHoursSpecification\":[{\"@type\":\"OpeningHoursSpecification\",\"dayOfWeek\":[\"Monday\",\"Tuesday\",\"Wednesday\",\"Thursday\",\"Friday\",\"Saturday\",\"Sunday\"],\"opens\":\"09:00\",\"closes\":\"17:00\"}],\"email\":\"canvives@canvives.cat\",\"vatID\":\"E60450871\"},{\"@type\":\"PostalAddress\",\"@id\":\"https:\\\/\\\/canvives.cat\\\/botiga\\\/vi-blanc-vina-salceda\\\/#local-main-place-address\",\"streetAddress\":\"Calle Sant Joan 89\",\"addressLocality\":\"Calella\",\"postalCode\":\"08370\",\"addressRegion\":\"Barcelona\",\"addressCountry\":\"ES\"},{\"@type\":\"ImageObject\",\"inLanguage\":\"es\",\"@id\":\"https:\\\/\\\/canvives.cat\\\/botiga\\\/vi-blanc-vina-salceda\\\/#local-main-organization-logo\",\"url\":\"https:\\\/\\\/canvives.cat\\\/wp-content\\\/uploads\\\/logopng512.png\",\"contentUrl\":\"https:\\\/\\\/canvives.cat\\\/wp-content\\\/uploads\\\/logopng512.png\",\"width\":512,\"height\":512,\"caption\":\"Carnisseria Rostisseria Can Vives\"}]}<\/script>\n<meta property=\"product:price:amount\" content=\"12.30\" \/>\n<meta property=\"product:price:currency\" content=\"EUR\" \/>\n<meta property=\"og:availability\" content=\"instock\" \/>\n<meta property=\"product:availability\" content=\"instock\" \/>\n<meta property=\"product:retailer_item_id\" content=\"8410052000446\" \/>\n<meta property=\"product:condition\" content=\"new\" \/>\n<meta name=\"geo.placename\" content=\"Calella\" \/>\n<meta name=\"geo.region\" content=\"Espa\u00f1a\" \/>\n<!-- \/ Yoast SEO Premium plugin. -->","yoast_head_json":{"title":"Vino blanco \"Vi\u00f1a Salceda\" - Carnicer\u00eda Can Vives desde 1840","description":"Vi\u00f1a Salceda Blanco Sobre L\u00edas D.O.Ca. Rioja. Fresco, cremoso y elegante Viura y Tempranillo Blanco. Ideal para acompa\u00f1ar pescados y mariscos.","robots":{"index":"index","follow":"follow","max-snippet":"max-snippet:-1","max-image-preview":"max-image-preview:large","max-video-preview":"max-video-preview:-1"},"canonical":"https:\/\/canvives.cat\/es\/tienda\/vino-blanco-vina-salceda\/","og_locale":"es_ES","og_type":"article","og_title":"Vi blanc \"Vi\u00f1a Salceda\"","og_description":"Vi\u00f1a Salceda Blanco Sobre L\u00edas D.O.Ca. Rioja. Viura i Tempranillo Blanco fresc, crem\u00f3s i elegant. Ideal amb peix i marisc.","og_url":"https:\/\/canvives.cat\/es\/tienda\/vino-blanco-vina-salceda\/","og_site_name":"Can Vives carnissers des de 1840","article_publisher":"https:\/\/www.facebook.com\/CanVivesCalella","article_modified_time":"2026-04-01T17:58:11+00:00","og_image":[{"width":1024,"height":1536,"url":"https:\/\/canvives.cat\/wp-content\/uploads\/1000040006.png","type":"image\/png"}],"twitter_card":"summary_large_image","twitter_misc":{"Precio":"12,30&nbsp;&euro; IVA Incl\u00f2s","Disponibilidad":"Disponible"},"schema":{"@context":"https:\/\/schema.org","@graph":[{"@type":"WebPage","@id":"https:\/\/canvives.cat\/botiga\/vi-blanc-vina-salceda\/","url":"https:\/\/canvives.cat\/botiga\/vi-blanc-vina-salceda\/","name":"Vino blanco \"Vi\u00f1a Salceda\" - Carnicer\u00eda Can Vives desde 1840","isPartOf":{"@id":"https:\/\/canvives.cat\/#website"},"primaryImageOfPage":{"@id":"https:\/\/canvives.cat\/botiga\/vi-blanc-vina-salceda\/#primaryimage"},"image":{"@id":"https:\/\/canvives.cat\/botiga\/vi-blanc-vina-salceda\/#primaryimage"},"thumbnailUrl":"https:\/\/canvives.cat\/wp-content\/uploads\/1000040006.png","datePublished":"2026-03-01T15:12:40+00:00","dateModified":"2026-04-01T17:58:11+00:00","description":"Vi\u00f1a Salceda Blanco Sobre L\u00edas D.O.Ca. Rioja. Fresco, cremoso y elegante Viura y Tempranillo Blanco. Ideal para acompa\u00f1ar pescados y mariscos.","breadcrumb":{"@id":"https:\/\/canvives.cat\/botiga\/vi-blanc-vina-salceda\/#breadcrumb"},"inLanguage":"es","potentialAction":[{"@type":"ReadAction","target":["https:\/\/canvives.cat\/botiga\/vi-blanc-vina-salceda\/"]}]},{"@type":"ImageObject","inLanguage":"es","@id":"https:\/\/canvives.cat\/botiga\/vi-blanc-vina-salceda\/#primaryimage","url":"https:\/\/canvives.cat\/wp-content\/uploads\/1000040006.png","contentUrl":"https:\/\/canvives.cat\/wp-content\/uploads\/1000040006.png","width":1024,"height":1536},{"@type":"BreadcrumbList","@id":"https:\/\/canvives.cat\/botiga\/vi-blanc-vina-salceda\/#breadcrumb","itemListElement":[{"@type":"ListItem","position":1,"name":"Portada","item":"https:\/\/canvives.cat\/"},{"@type":"ListItem","position":2,"name":"Botiga","item":"https:\/\/canvives.cat\/botiga\/"},{"@type":"ListItem","position":3,"name":"Vi blanc \u00abVi\u00f1a Salceda\u00bb"}]},{"@type":"WebSite","@id":"https:\/\/canvives.cat\/#website","url":"https:\/\/canvives.cat\/","name":"Can Vives carniceros desde 1840","description":"La carniceria-asador con m\u00e1s a\u00f1os de historia en Calella y una de las m\u00e1s antiguas de Catalu\u00f1a. Venta en tienda y online de todo tipo de carnes, embutidos, quesos y platos preparados. Somos carniceros, charcuteros y asadores.","publisher":{"@id":"https:\/\/canvives.cat\/#organization"},"alternateName":"Can Vives Calella","potentialAction":[{"@type":"SearchAction","target":{"@type":"EntryPoint","urlTemplate":"https:\/\/canvives.cat\/?s={search_term_string}"},"query-input":{"@type":"PropertyValueSpecification","valueRequired":true,"valueName":"search_term_string"}}],"inLanguage":"es"},{"@type":["Organization","Place"],"@id":"https:\/\/canvives.cat\/#organization","name":"Carnicer\u00eda y Asador Can Vives","alternateName":"Can Vives Calella","url":"https:\/\/canvives.cat\/","logo":{"@id":"https:\/\/canvives.cat\/botiga\/vi-blanc-vina-salceda\/#local-main-organization-logo"},"image":{"@id":"https:\/\/canvives.cat\/botiga\/vi-blanc-vina-salceda\/#local-main-organization-logo"},"sameAs":["https:\/\/www.facebook.com\/CanVivesCalella","https:\/\/www.instagram.com\/canvivescalella\/","https:\/\/www.tiktok.com\/@can.vives.calella"],"description":"\"Carnes, platos caseros, embutidos de calidad y especialidades propias, vinos y cavas, delicatessen y quesos. La carnicer\\u00eda con m\\u00e1s historia de Calella y una de las m\\u00e1s antiguas de Catalu\\u00f1a. Somos un negocio tradicional y elaboramos nuestras propias carnes cocidas, hamburguesas, salchichas, croquetas, embutidos como fuet, longaniza, lomos curados...\"","legalName":"VIVES CLOS C.B.","foundingDate":"1840-04-25","numberOfEmployees":{"@type":"QuantitativeValue","minValue":"1","maxValue":"10"},"address":{"@id":"https:\/\/canvives.cat\/botiga\/vi-blanc-vina-salceda\/#local-main-place-address"},"telephone":["937690224"],"contactPoint":{"@type":"ContactPoint","telephone":"662965320","email":"canvives@canvives.cat"},"openingHoursSpecification":[{"@type":"OpeningHoursSpecification","dayOfWeek":["Monday","Tuesday","Wednesday","Thursday","Friday","Saturday","Sunday"],"opens":"09:00","closes":"17:00"}],"email":"canvives@canvives.cat","vatID":"E60450871"},{"@type":"PostalAddress","@id":"https:\/\/canvives.cat\/botiga\/vi-blanc-vina-salceda\/#local-main-place-address","streetAddress":"Calle Sant Joan 89","addressLocality":"Calella","postalCode":"08370","addressRegion":"Barcelona","addressCountry":"ES"},{"@type":"ImageObject","inLanguage":"es","@id":"https:\/\/canvives.cat\/botiga\/vi-blanc-vina-salceda\/#local-main-organization-logo","url":"https:\/\/canvives.cat\/wp-content\/uploads\/logopng512.png","contentUrl":"https:\/\/canvives.cat\/wp-content\/uploads\/logopng512.png","width":512,"height":512,"caption":"Carnisseria Rostisseria Can Vives"}]},"product_price_amount":"12.30","product_price_currency":"EUR","og_availability":"instock","product_availability":"instock","product_retailer_item_id":"8410052000446","product_condition":"new","geo.placename":"Calella","geo.region":"Espa\u00f1a"},"uagb_featured_image_src":{"full":["https:\/\/canvives.cat\/wp-content\/uploads\/1000040006.png",1024,1536,false],"thumbnail":["https:\/\/canvives.cat\/wp-content\/uploads\/1000040006-300x300.png",300,300,true],"medium":["https:\/\/canvives.cat\/wp-content\/uploads\/1000040006-400x600.png",400,600,true],"medium_large":["https:\/\/canvives.cat\/wp-content\/uploads\/1000040006-768x1152.png",768,1152,true],"large":["https:\/\/canvives.cat\/wp-content\/uploads\/1000040006-720x1080.png",720,1080,true],"1536x1536":["https:\/\/canvives.cat\/wp-content\/uploads\/1000040006.png",1024,1536,false],"2048x2048":["https:\/\/canvives.cat\/wp-content\/uploads\/1000040006.png",1024,1536,false],"trp-custom-language-flag":["https:\/\/canvives.cat\/wp-content\/uploads\/1000040006-8x12.png",8,12,true],"woocommerce_thumbnail":["https:\/\/canvives.cat\/wp-content\/uploads\/1000040006-300x300.png",300,300,true],"woocommerce_single":["https:\/\/canvives.cat\/wp-content\/uploads\/1000040006-600x900.png",600,900,true],"woocommerce_gallery_thumbnail":["https:\/\/canvives.cat\/wp-content\/uploads\/1000040006-100x100.png",100,100,true]},"uagb_author_info":{"display_name":"Administrador de Can Vives","author_link":"https:\/\/canvives.cat\/es\/author\/"},"uagb_comment_info":0,"uagb_excerpt":"Ampolles","_links":{"self":[{"href":"https:\/\/canvives.cat\/es\/wp-json\/wp\/v2\/product\/231411","targetHints":{"allow":["GET"]}}],"collection":[{"href":"https:\/\/canvives.cat\/es\/wp-json\/wp\/v2\/product"}],"about":[{"href":"https:\/\/canvives.cat\/es\/wp-json\/wp\/v2\/types\/product"}],"replies":[{"embeddable":true,"href":"https:\/\/canvives.cat\/es\/wp-json\/wp\/v2\/comments?post=231411"}],"wp:featuredmedia":[{"embeddable":true,"href":"https:\/\/canvives.cat\/es\/wp-json\/wp\/v2\/media\/231410"}],"wp:attachment":[{"href":"https:\/\/canvives.cat\/es\/wp-json\/wp\/v2\/media?parent=231411"}],"wp:term":[{"taxonomy":"product_brand","embeddable":true,"href":"https:\/\/canvives.cat\/es\/wp-json\/wp\/v2\/product_brand?post=231411"},{"taxonomy":"product_cat","embeddable":true,"href":"https:\/\/canvives.cat\/es\/wp-json\/wp\/v2\/product_cat?post=231411"},{"taxonomy":"product_tag","embeddable":true,"href":"https:\/\/canvives.cat\/es\/wp-json\/wp\/v2\/product_tag?post=231411"}],"curies":[{"name":"wp","href":"https:\/\/api.w.org\/{rel}","templated":true}]}}