{"id":231372,"date":"2026-02-26T22:33:36","date_gmt":"2026-02-26T21:33:36","guid":{"rendered":"https:\/\/canvives.cat\/?post_type=product&#038;p=231372"},"modified":"2026-04-01T19:57:51","modified_gmt":"2026-04-01T17:57:51","slug":"vino-negro-cuando-el-rio-ruge","status":"publish","type":"product","link":"https:\/\/canvives.cat\/es\/botiga\/vi-negre-cuando-el-rio-suena\/","title":{"rendered":"Vino tinto \u201cCuando el r\u00edo murmura\u201d"},"content":{"rendered":"<p data-start=\"42\" data-end=\"92\"><strong data-start=\"42\" data-end=\"66\">Denominaci\u00f3n de Origen<\/strong><br data-start=\"66\" data-end=\"69\" \/>D.O. Ribera del Duero<\/p>\n<p data-start=\"94\" data-end=\"138\"><strong data-start=\"94\" data-end=\"104\">Bodega<\/strong><br data-start=\"104\" data-end=\"107\" \/>Bodegas de la Virgen de la Asunci\u00f3n<\/p>\n<p data-start=\"140\" data-end=\"173\"><strong data-start=\"140\" data-end=\"155\">Tipo de vino<\/strong><br data-start=\"155\" data-end=\"158\" \/>Vino tinto joven<\/p>\n<p data-start=\"175\" data-end=\"235\"><strong data-start=\"175\" data-end=\"196\">Variedades de uva<\/strong><br data-start=\"196\" data-end=\"199\" \/>100 % Tempranillo (Tinta del Pa\u00eds)<\/p>\n<p data-start=\"237\" data-end=\"579\"><strong data-start=\"237\" data-end=\"251\">Producci\u00f3n<\/strong><br data-start=\"251\" data-end=\"254\" \/>Vendimia selectiva de nuestros propios vi\u00f1edos. Fermentaci\u00f3n alcoh\u00f3lica en dep\u00f3sitos de acero inoxidable con control de temperatura para preservar la expresi\u00f3n frutal y varietal. Maceraci\u00f3n con hollejos para lograr una buena extracci\u00f3n de color y aromas. Sin crianza en barrica, manteniendo as\u00ed el car\u00e1cter fresco y directo de la uva.<\/p>\n<p data-start=\"581\" data-end=\"680\"><strong data-start=\"581\" data-end=\"592\">Ni\u00f1o<\/strong><br data-start=\"592\" data-end=\"595\" \/>Sin envejecimiento en barrica. Breve refinamiento en tanque y botella antes de su comercializaci\u00f3n.<\/p>\n<p data-start=\"682\" data-end=\"748\"><strong data-start=\"682\" data-end=\"700\">Contenido de alcohol<\/strong><br data-start=\"700\" data-end=\"703\" \/>14 % vol. (aproximadamente, puede variar seg\u00fan la a\u00f1ada).<\/p>\n<p data-start=\"750\" data-end=\"1010\"><strong data-start=\"750\" data-end=\"766\">Nota de cata<\/strong><br data-start=\"766\" data-end=\"769\" \/>Color rojo cereza intenso con reflejos viol\u00e1ceos.<br data-start=\"819\" data-end=\"822\" \/>En nariz, fruta roja fresca (frambuesa, cereza) con ligeras notas florales.<br data-start=\"907\" data-end=\"910\" \/>En boca es fresco y equilibrado, con taninos suaves y un final agradable y persistente que invita a dar otro sorbo.<\/p>\n<p data-start=\"1012\" data-end=\"1057\"><strong data-start=\"1012\" data-end=\"1037\">Temperatura de servicio<\/strong><br data-start=\"1037\" data-end=\"1040\" \/>Entre 14 y 16 \u00b0C.<\/p>\n<p data-start=\"1059\" data-end=\"1224\"><strong data-start=\"1059\" data-end=\"1072\">Emparejamiento<\/strong><br data-start=\"1072\" data-end=\"1075\" \/>Ideal para carnes a la brasa, hamburguesas, embutidos, arroces con carne y cocina tradicional castellana. Tambi\u00e9n marida bien con tapas y aperitivos.<\/p>\n<p data-start=\"1226\" data-end=\"1333\"><strong data-start=\"1226\" data-end=\"1249\">Posibilidad de custodia<\/strong><br data-start=\"1249\" data-end=\"1252\" \/>Destinado al consumo en su juventud, dentro de los dos o tres a\u00f1os siguientes a la cosecha.<\/p>\n<p data-start=\"1335\" data-end=\"1365\"><strong data-start=\"1335\" data-end=\"1345\">Formato<\/strong><br data-start=\"1345\" data-end=\"1348\" \/>Botella de 75 cl.<\/p>","protected":false},"excerpt":{"rendered":"<p>Botellas<\/p>","protected":false},"featured_media":231371,"comment_status":"closed","ping_status":"closed","template":"","meta":{"_editorskit_title_hidden":false,"_editorskit_reading_time":0,"_editorskit_is_block_options_detached":false,"_editorskit_block_options_position":"{}","_uag_custom_page_level_css":"","_kadence_starter_templates_imported_post":false,"_kad_post_transparent":"default","_kad_post_title":"","_kad_post_layout":"default","_kad_post_sidebar_id":"","_kad_post_content_style":"default","_kad_post_vertical_padding":"default","_kad_post_feature":"","_kad_post_feature_position":"","_kad_post_header":false,"_kad_post_footer":false,"_kad_post_classname":""},"product_brand":[],"product_cat":[532,536],"product_tag":[2608,2602],"class_list":{"0":"post-231372","1":"product","2":"type-product","3":"status-publish","4":"has-post-thumbnail","6":"product_cat-altres-fabricants","7":"product_cat-vins-caves-i-licors","8":"product_tag-ribera-del-duero","9":"product_tag-vins-negres","11":"first","12":"instock","13":"taxable","14":"shipping-taxable","15":"purchasable","16":"product-type-simple","17":"entry","18":"content-bg","19":"loop-entry"},"yoast_head":"<!-- This site is optimized with the Yoast SEO Premium plugin v27.4 (Yoast SEO v27.4) - https:\/\/yoast.com\/product\/yoast-seo-premium-wordpress\/ -->\n<title>Vi negre &quot;Cuando el r\u00edo suena&quot; - Can Vives carnissers des de 1840<\/title>\n<meta name=\"description\" content=\"Cuando el R\u00edo Suena D.O. Ribera del Duero. 100 % Tempranillo jove, fresc i afruitat, ideal per carns i cuina tradicional.\" \/>\n<meta name=\"robots\" content=\"index, follow, max-snippet:-1, max-image-preview:large, max-video-preview:-1\" \/>\n<link rel=\"canonical\" href=\"https:\/\/canvives.cat\/es\/tienda\/vino-negro-cuando-el-rio-ruge\/\" \/>\n<meta property=\"og:locale\" content=\"es_ES\" \/>\n<meta property=\"og:type\" content=\"article\" \/>\n<meta property=\"og:title\" content=\"Vi negre &quot;Cuando el r\u00edo suena&quot;\" \/>\n<meta property=\"og:description\" content=\"Cuando el R\u00edo Suena D.O. Ribera del Duero. 100 % Tempranillo jove, fresc i afruitat, ideal per carns i cuina tradicional.\" \/>\n<meta property=\"og:url\" content=\"https:\/\/canvives.cat\/es\/tienda\/vino-negro-cuando-el-rio-ruge\/\" \/>\n<meta property=\"og:site_name\" content=\"Can Vives carnissers des de 1840\" \/>\n<meta property=\"article:publisher\" content=\"https:\/\/www.facebook.com\/CanVivesCalella\" \/>\n<meta property=\"article:modified_time\" content=\"2026-04-01T17:57:51+00:00\" \/>\n<meta property=\"og:image\" content=\"https:\/\/canvives.cat\/wp-content\/uploads\/1000039725.png\" \/>\n\t<meta property=\"og:image:width\" content=\"1024\" \/>\n\t<meta property=\"og:image:height\" content=\"1536\" \/>\n\t<meta property=\"og:image:type\" content=\"image\/png\" \/>\n<meta name=\"twitter:card\" content=\"summary_large_image\" \/>\n<meta name=\"twitter:label1\" content=\"Precio\" \/>\n\t<meta name=\"twitter:data1\" content=\"11,30&nbsp;&euro; IVA Incl\u00f2s\" \/>\n\t<meta name=\"twitter:label2\" content=\"Disponibilidad\" \/>\n\t<meta name=\"twitter:data2\" content=\"Disponible\" \/>\n<script type=\"application\/ld+json\" class=\"yoast-schema-graph\">{\"@context\":\"https:\\\/\\\/schema.org\",\"@graph\":[{\"@type\":\"WebPage\",\"@id\":\"https:\\\/\\\/canvives.cat\\\/botiga\\\/vi-negre-cuando-el-rio-suena\\\/\",\"url\":\"https:\\\/\\\/canvives.cat\\\/botiga\\\/vi-negre-cuando-el-rio-suena\\\/\",\"name\":\"Vi negre \\\"Cuando el r\u00edo suena\\\" - Can Vives carnissers des de 1840\",\"isPartOf\":{\"@id\":\"https:\\\/\\\/canvives.cat\\\/#website\"},\"primaryImageOfPage\":{\"@id\":\"https:\\\/\\\/canvives.cat\\\/botiga\\\/vi-negre-cuando-el-rio-suena\\\/#primaryimage\"},\"image\":{\"@id\":\"https:\\\/\\\/canvives.cat\\\/botiga\\\/vi-negre-cuando-el-rio-suena\\\/#primaryimage\"},\"thumbnailUrl\":\"https:\\\/\\\/canvives.cat\\\/wp-content\\\/uploads\\\/1000039725.png\",\"datePublished\":\"2026-02-26T21:33:36+00:00\",\"dateModified\":\"2026-04-01T17:57:51+00:00\",\"description\":\"Cuando el R\u00edo Suena D.O. Ribera del Duero. 100 % Tempranillo jove, fresc i afruitat, ideal per carns i cuina tradicional.\",\"breadcrumb\":{\"@id\":\"https:\\\/\\\/canvives.cat\\\/botiga\\\/vi-negre-cuando-el-rio-suena\\\/#breadcrumb\"},\"inLanguage\":\"es\",\"potentialAction\":[{\"@type\":\"ReadAction\",\"target\":[\"https:\\\/\\\/canvives.cat\\\/botiga\\\/vi-negre-cuando-el-rio-suena\\\/\"]}]},{\"@type\":\"ImageObject\",\"inLanguage\":\"es\",\"@id\":\"https:\\\/\\\/canvives.cat\\\/botiga\\\/vi-negre-cuando-el-rio-suena\\\/#primaryimage\",\"url\":\"https:\\\/\\\/canvives.cat\\\/wp-content\\\/uploads\\\/1000039725.png\",\"contentUrl\":\"https:\\\/\\\/canvives.cat\\\/wp-content\\\/uploads\\\/1000039725.png\",\"width\":1024,\"height\":1536},{\"@type\":\"BreadcrumbList\",\"@id\":\"https:\\\/\\\/canvives.cat\\\/botiga\\\/vi-negre-cuando-el-rio-suena\\\/#breadcrumb\",\"itemListElement\":[{\"@type\":\"ListItem\",\"position\":1,\"name\":\"Portada\",\"item\":\"https:\\\/\\\/canvives.cat\\\/\"},{\"@type\":\"ListItem\",\"position\":2,\"name\":\"Botiga\",\"item\":\"https:\\\/\\\/canvives.cat\\\/botiga\\\/\"},{\"@type\":\"ListItem\",\"position\":3,\"name\":\"Vi negre \u00abCuando el r\u00edo suena\u00bb\"}]},{\"@type\":\"WebSite\",\"@id\":\"https:\\\/\\\/canvives.cat\\\/#website\",\"url\":\"https:\\\/\\\/canvives.cat\\\/\",\"name\":\"Can Vives carnissers des de 1840\",\"description\":\"La carnisseria-rostisseria amb m\u00e9s anys d&#039;hist\u00f2ria a Calella i una de les m\u00e9s antigues de Catalunya. Venda a botiga i online de tot tipus de carns, embotits, formatges i plats cuinats. Som carnissers, xarcuters i rostissers.\",\"publisher\":{\"@id\":\"https:\\\/\\\/canvives.cat\\\/#organization\"},\"alternateName\":\"Can Vives Calella\",\"potentialAction\":[{\"@type\":\"SearchAction\",\"target\":{\"@type\":\"EntryPoint\",\"urlTemplate\":\"https:\\\/\\\/canvives.cat\\\/?s={search_term_string}\"},\"query-input\":{\"@type\":\"PropertyValueSpecification\",\"valueRequired\":true,\"valueName\":\"search_term_string\"}}],\"inLanguage\":\"es\"},{\"@type\":[\"Organization\",\"Place\"],\"@id\":\"https:\\\/\\\/canvives.cat\\\/#organization\",\"name\":\"Carnisseria Rostisseria Can Vives\",\"alternateName\":\"Can Vives Calella\",\"url\":\"https:\\\/\\\/canvives.cat\\\/\",\"logo\":{\"@id\":\"https:\\\/\\\/canvives.cat\\\/botiga\\\/vi-negre-cuando-el-rio-suena\\\/#local-main-organization-logo\"},\"image\":{\"@id\":\"https:\\\/\\\/canvives.cat\\\/botiga\\\/vi-negre-cuando-el-rio-suena\\\/#local-main-organization-logo\"},\"sameAs\":[\"https:\\\/\\\/www.facebook.com\\\/CanVivesCalella\",\"https:\\\/\\\/www.instagram.com\\\/canvivescalella\\\/\",\"https:\\\/\\\/www.tiktok.com\\\/@can.vives.calella\"],\"description\":\"\\\"Carns, plats cuinats casolans, embotits de qualitat i elaboraci\u00f3 pr\u00f2pia, vins i caves, delicatessen i formatges. La carnisseria amb m\u00e9s anys d'hist\u00f2ria a Calella i una de les m\u00e9s antigues de Catalunya. Comer\u00e7 tradicional Elaborem els nostres cuinats, hamburgueses, botifarres, croquetes, embotits curats com fuets, llonganisses, lloms curats...\\\"\",\"legalName\":\"VIVES CLOS C.B.\",\"foundingDate\":\"1840-04-25\",\"numberOfEmployees\":{\"@type\":\"QuantitativeValue\",\"minValue\":\"1\",\"maxValue\":\"10\"},\"address\":{\"@id\":\"https:\\\/\\\/canvives.cat\\\/botiga\\\/vi-negre-cuando-el-rio-suena\\\/#local-main-place-address\"},\"telephone\":[\"937690224\"],\"contactPoint\":{\"@type\":\"ContactPoint\",\"telephone\":\"662965320\",\"email\":\"canvives@canvives.cat\"},\"openingHoursSpecification\":[{\"@type\":\"OpeningHoursSpecification\",\"dayOfWeek\":[\"Monday\",\"Tuesday\",\"Wednesday\",\"Thursday\",\"Friday\",\"Saturday\",\"Sunday\"],\"opens\":\"09:00\",\"closes\":\"17:00\"}],\"email\":\"canvives@canvives.cat\",\"vatID\":\"E60450871\"},{\"@type\":\"PostalAddress\",\"@id\":\"https:\\\/\\\/canvives.cat\\\/botiga\\\/vi-negre-cuando-el-rio-suena\\\/#local-main-place-address\",\"streetAddress\":\"Calle Sant Joan 89\",\"addressLocality\":\"Calella\",\"postalCode\":\"08370\",\"addressRegion\":\"Barcelona\",\"addressCountry\":\"ES\"},{\"@type\":\"ImageObject\",\"inLanguage\":\"es\",\"@id\":\"https:\\\/\\\/canvives.cat\\\/botiga\\\/vi-negre-cuando-el-rio-suena\\\/#local-main-organization-logo\",\"url\":\"https:\\\/\\\/canvives.cat\\\/wp-content\\\/uploads\\\/logopng512.png\",\"contentUrl\":\"https:\\\/\\\/canvives.cat\\\/wp-content\\\/uploads\\\/logopng512.png\",\"width\":512,\"height\":512,\"caption\":\"Carnisseria Rostisseria Can Vives\"}]}<\/script>\n<meta property=\"product:price:amount\" content=\"11.30\" \/>\n<meta property=\"product:price:currency\" content=\"EUR\" \/>\n<meta property=\"og:availability\" content=\"instock\" \/>\n<meta property=\"product:availability\" content=\"instock\" \/>\n<meta property=\"product:retailer_item_id\" content=\"8421694120560\" \/>\n<meta property=\"product:condition\" content=\"new\" \/>\n<meta name=\"geo.placename\" content=\"Calella\" \/>\n<meta name=\"geo.region\" content=\"Espa\u00f1a\" \/>\n<!-- \/ Yoast SEO Premium plugin. -->","yoast_head_json":{"title":"Vino tinto \"Cuando el r\u00edo suena\" - Carnicer\u00eda Can Vives desde 1840","description":"Cuando el r\u00edo ruge D.O. Ribera del Duero. 100 % tempranillo joven, fresco y afrutado, ideal para acompa\u00f1ar carnes y cocina tradicional.","robots":{"index":"index","follow":"follow","max-snippet":"max-snippet:-1","max-image-preview":"max-image-preview:large","max-video-preview":"max-video-preview:-1"},"canonical":"https:\/\/canvives.cat\/es\/tienda\/vino-negro-cuando-el-rio-ruge\/","og_locale":"es_ES","og_type":"article","og_title":"Vi negre \"Cuando el r\u00edo suena\"","og_description":"Cuando el R\u00edo Suena D.O. Ribera del Duero. 100 % Tempranillo jove, fresc i afruitat, ideal per carns i cuina tradicional.","og_url":"https:\/\/canvives.cat\/es\/tienda\/vino-negro-cuando-el-rio-ruge\/","og_site_name":"Can Vives carnissers des de 1840","article_publisher":"https:\/\/www.facebook.com\/CanVivesCalella","article_modified_time":"2026-04-01T17:57:51+00:00","og_image":[{"width":1024,"height":1536,"url":"https:\/\/canvives.cat\/wp-content\/uploads\/1000039725.png","type":"image\/png"}],"twitter_card":"summary_large_image","twitter_misc":{"Precio":"11,30&nbsp;&euro; IVA Incl\u00f2s","Disponibilidad":"Disponible"},"schema":{"@context":"https:\/\/schema.org","@graph":[{"@type":"WebPage","@id":"https:\/\/canvives.cat\/botiga\/vi-negre-cuando-el-rio-suena\/","url":"https:\/\/canvives.cat\/botiga\/vi-negre-cuando-el-rio-suena\/","name":"Vino tinto \"Cuando el r\u00edo suena\" - Carnicer\u00eda Can Vives desde 1840","isPartOf":{"@id":"https:\/\/canvives.cat\/#website"},"primaryImageOfPage":{"@id":"https:\/\/canvives.cat\/botiga\/vi-negre-cuando-el-rio-suena\/#primaryimage"},"image":{"@id":"https:\/\/canvives.cat\/botiga\/vi-negre-cuando-el-rio-suena\/#primaryimage"},"thumbnailUrl":"https:\/\/canvives.cat\/wp-content\/uploads\/1000039725.png","datePublished":"2026-02-26T21:33:36+00:00","dateModified":"2026-04-01T17:57:51+00:00","description":"Cuando el r\u00edo ruge D.O. Ribera del Duero. 100 % tempranillo joven, fresco y afrutado, ideal para acompa\u00f1ar carnes y cocina tradicional.","breadcrumb":{"@id":"https:\/\/canvives.cat\/botiga\/vi-negre-cuando-el-rio-suena\/#breadcrumb"},"inLanguage":"es","potentialAction":[{"@type":"ReadAction","target":["https:\/\/canvives.cat\/botiga\/vi-negre-cuando-el-rio-suena\/"]}]},{"@type":"ImageObject","inLanguage":"es","@id":"https:\/\/canvives.cat\/botiga\/vi-negre-cuando-el-rio-suena\/#primaryimage","url":"https:\/\/canvives.cat\/wp-content\/uploads\/1000039725.png","contentUrl":"https:\/\/canvives.cat\/wp-content\/uploads\/1000039725.png","width":1024,"height":1536},{"@type":"BreadcrumbList","@id":"https:\/\/canvives.cat\/botiga\/vi-negre-cuando-el-rio-suena\/#breadcrumb","itemListElement":[{"@type":"ListItem","position":1,"name":"Portada","item":"https:\/\/canvives.cat\/"},{"@type":"ListItem","position":2,"name":"Botiga","item":"https:\/\/canvives.cat\/botiga\/"},{"@type":"ListItem","position":3,"name":"Vi negre \u00abCuando el r\u00edo suena\u00bb"}]},{"@type":"WebSite","@id":"https:\/\/canvives.cat\/#website","url":"https:\/\/canvives.cat\/","name":"Can Vives carniceros desde 1840","description":"La carniceria-asador con m\u00e1s a\u00f1os de historia en Calella y una de las m\u00e1s antiguas de Catalu\u00f1a. Venta en tienda y online de todo tipo de carnes, embutidos, quesos y platos preparados. Somos carniceros, charcuteros y asadores.","publisher":{"@id":"https:\/\/canvives.cat\/#organization"},"alternateName":"Can Vives Calella","potentialAction":[{"@type":"SearchAction","target":{"@type":"EntryPoint","urlTemplate":"https:\/\/canvives.cat\/?s={search_term_string}"},"query-input":{"@type":"PropertyValueSpecification","valueRequired":true,"valueName":"search_term_string"}}],"inLanguage":"es"},{"@type":["Organization","Place"],"@id":"https:\/\/canvives.cat\/#organization","name":"Carnicer\u00eda y Asador Can Vives","alternateName":"Can Vives Calella","url":"https:\/\/canvives.cat\/","logo":{"@id":"https:\/\/canvives.cat\/botiga\/vi-negre-cuando-el-rio-suena\/#local-main-organization-logo"},"image":{"@id":"https:\/\/canvives.cat\/botiga\/vi-negre-cuando-el-rio-suena\/#local-main-organization-logo"},"sameAs":["https:\/\/www.facebook.com\/CanVivesCalella","https:\/\/www.instagram.com\/canvivescalella\/","https:\/\/www.tiktok.com\/@can.vives.calella"],"description":"\"Carnes, platos caseros, embutidos de calidad y especialidades propias, vinos y cavas, delicatessen y quesos. La carnicer\\u00eda con m\\u00e1s historia de Calella y una de las m\\u00e1s antiguas de Catalu\\u00f1a. Somos un negocio tradicional y elaboramos nuestras propias carnes cocidas, hamburguesas, salchichas, croquetas, embutidos como fuet, longaniza, lomos curados...\"","legalName":"VIVES CLOS C.B.","foundingDate":"1840-04-25","numberOfEmployees":{"@type":"QuantitativeValue","minValue":"1","maxValue":"10"},"address":{"@id":"https:\/\/canvives.cat\/botiga\/vi-negre-cuando-el-rio-suena\/#local-main-place-address"},"telephone":["937690224"],"contactPoint":{"@type":"ContactPoint","telephone":"662965320","email":"canvives@canvives.cat"},"openingHoursSpecification":[{"@type":"OpeningHoursSpecification","dayOfWeek":["Monday","Tuesday","Wednesday","Thursday","Friday","Saturday","Sunday"],"opens":"09:00","closes":"17:00"}],"email":"canvives@canvives.cat","vatID":"E60450871"},{"@type":"PostalAddress","@id":"https:\/\/canvives.cat\/botiga\/vi-negre-cuando-el-rio-suena\/#local-main-place-address","streetAddress":"Calle Sant Joan 89","addressLocality":"Calella","postalCode":"08370","addressRegion":"Barcelona","addressCountry":"ES"},{"@type":"ImageObject","inLanguage":"es","@id":"https:\/\/canvives.cat\/botiga\/vi-negre-cuando-el-rio-suena\/#local-main-organization-logo","url":"https:\/\/canvives.cat\/wp-content\/uploads\/logopng512.png","contentUrl":"https:\/\/canvives.cat\/wp-content\/uploads\/logopng512.png","width":512,"height":512,"caption":"Carnisseria Rostisseria Can Vives"}]},"product_price_amount":"11.30","product_price_currency":"EUR","og_availability":"instock","product_availability":"instock","product_retailer_item_id":"8421694120560","product_condition":"new","geo.placename":"Calella","geo.region":"Espa\u00f1a"},"uagb_featured_image_src":{"full":["https:\/\/canvives.cat\/wp-content\/uploads\/1000039725.png",1024,1536,false],"thumbnail":["https:\/\/canvives.cat\/wp-content\/uploads\/1000039725-300x300.png",300,300,true],"medium":["https:\/\/canvives.cat\/wp-content\/uploads\/1000039725-400x600.png",400,600,true],"medium_large":["https:\/\/canvives.cat\/wp-content\/uploads\/1000039725-768x1152.png",768,1152,true],"large":["https:\/\/canvives.cat\/wp-content\/uploads\/1000039725-720x1080.png",720,1080,true],"1536x1536":["https:\/\/canvives.cat\/wp-content\/uploads\/1000039725.png",1024,1536,false],"2048x2048":["https:\/\/canvives.cat\/wp-content\/uploads\/1000039725.png",1024,1536,false],"trp-custom-language-flag":["https:\/\/canvives.cat\/wp-content\/uploads\/1000039725-8x12.png",8,12,true],"woocommerce_thumbnail":["https:\/\/canvives.cat\/wp-content\/uploads\/1000039725-300x300.png",300,300,true],"woocommerce_single":["https:\/\/canvives.cat\/wp-content\/uploads\/1000039725-600x900.png",600,900,true],"woocommerce_gallery_thumbnail":["https:\/\/canvives.cat\/wp-content\/uploads\/1000039725-100x100.png",100,100,true]},"uagb_author_info":{"display_name":"Administrador de Can Vives","author_link":"https:\/\/canvives.cat\/es\/author\/"},"uagb_comment_info":0,"uagb_excerpt":"Ampolles","_links":{"self":[{"href":"https:\/\/canvives.cat\/es\/wp-json\/wp\/v2\/product\/231372","targetHints":{"allow":["GET"]}}],"collection":[{"href":"https:\/\/canvives.cat\/es\/wp-json\/wp\/v2\/product"}],"about":[{"href":"https:\/\/canvives.cat\/es\/wp-json\/wp\/v2\/types\/product"}],"replies":[{"embeddable":true,"href":"https:\/\/canvives.cat\/es\/wp-json\/wp\/v2\/comments?post=231372"}],"wp:featuredmedia":[{"embeddable":true,"href":"https:\/\/canvives.cat\/es\/wp-json\/wp\/v2\/media\/231371"}],"wp:attachment":[{"href":"https:\/\/canvives.cat\/es\/wp-json\/wp\/v2\/media?parent=231372"}],"wp:term":[{"taxonomy":"product_brand","embeddable":true,"href":"https:\/\/canvives.cat\/es\/wp-json\/wp\/v2\/product_brand?post=231372"},{"taxonomy":"product_cat","embeddable":true,"href":"https:\/\/canvives.cat\/es\/wp-json\/wp\/v2\/product_cat?post=231372"},{"taxonomy":"product_tag","embeddable":true,"href":"https:\/\/canvives.cat\/es\/wp-json\/wp\/v2\/product_tag?post=231372"}],"curies":[{"name":"wp","href":"https:\/\/api.w.org\/{rel}","templated":true}]}}