{"id":231370,"date":"2026-02-26T22:28:21","date_gmt":"2026-02-26T21:28:21","guid":{"rendered":"https:\/\/canvives.cat\/?post_type=product&#038;p=231370"},"modified":"2026-04-01T19:57:51","modified_gmt":"2026-04-01T17:57:51","slug":"vino-negro-con-solapa-completa","status":"publish","type":"product","link":"https:\/\/canvives.cat\/es\/botiga\/vi-negre-full-flap\/","title":{"rendered":"Vino tinto \u201cFull flap\u201d"},"content":{"rendered":"<p data-start=\"94\" data-end=\"123\"><strong data-start=\"94\" data-end=\"104\">Bodega<\/strong><br data-start=\"104\" data-end=\"107\" \/>Bodegas Vilano<\/p>\n<p data-start=\"125\" data-end=\"165\"><strong data-start=\"125\" data-end=\"140\">Tipo de vino<\/strong><br data-start=\"140\" data-end=\"143\" \/>Vino tinto con 3 meses de crianza.<\/p>\n<p data-start=\"167\" data-end=\"223\"><strong data-start=\"167\" data-end=\"188\">Variedades de uva<\/strong><br data-start=\"188\" data-end=\"191\" \/>Cabernet Sauvignon, Merlot y Tempranillo (Tinta Fina)<\/p>\n<p data-start=\"225\" data-end=\"552\"><strong data-start=\"225\" data-end=\"239\">Producci\u00f3n<\/strong><br data-start=\"239\" data-end=\"242\" \/>Vendimia selectiva. Fermentaci\u00f3n alcoh\u00f3lica en dep\u00f3sitos de acero inoxidable con control de temperatura para preservar la expresi\u00f3n varietal y la fruta. Maceraci\u00f3n con las pieles para extraer color, estructura y potencial arom\u00e1tico. Posterior crianza en barricas de roble para aportar complejidad e integrar los taninos.<\/p>\n<p data-start=\"554\" data-end=\"678\"><strong data-start=\"554\" data-end=\"565\">Ni\u00f1o<\/strong><br data-start=\"565\" data-end=\"568\" \/>Envejecido en barricas de roble (principalmente roble franc\u00e9s y\/o americano, dependiendo de la a\u00f1ada). Tiempo aproximado: 3 meses.<\/p>\n<p data-start=\"680\" data-end=\"748\"><strong data-start=\"680\" data-end=\"698\">Contenido de alcohol<\/strong><br data-start=\"698\" data-end=\"701\" \/>14 % vol. (aproximadamente, puede variar seg\u00fan la a\u00f1ada).<\/p>\n<p data-start=\"750\" data-end=\"1101\"><strong data-start=\"750\" data-end=\"766\">Nota de cata<\/strong><br data-start=\"766\" data-end=\"769\" \/>Color rojo cereza intenso con ribete viol\u00e1ceo.<br data-start=\"815\" data-end=\"818\" \/>En nariz destacan los frutos rojos y negros maduros (cereza, ciruela), con notas especiadas y ligeros toques tostados y de vainilla procedentes de la crianza.<br data-start=\"971\" data-end=\"974\" \/>En boca es equilibrado, con buena estructura, taninos pulidos y un final persistente con notas de fruta madura y roble bien integrado.<\/p>\n<p data-start=\"1103\" data-end=\"1150\"><strong data-start=\"1103\" data-end=\"1128\">Temperatura de servicio<\/strong><br data-start=\"1128\" data-end=\"1131\" \/>Entre 16 y 18 \u00b0C.<\/p>\n<p data-start=\"1152\" data-end=\"1274\"><strong data-start=\"1152\" data-end=\"1165\">Emparejamiento<\/strong><br data-start=\"1165\" data-end=\"1168\" \/>Ideal para carnes rojas a la parrilla, cordero asado, carnes guisadas, embutidos ib\u00e9ricos y quesos curados.<\/p>\n<p data-start=\"1276\" data-end=\"1419\"><strong data-start=\"1276\" data-end=\"1299\">Posibilidad de custodia<\/strong><br data-start=\"1299\" data-end=\"1302\" \/>Listo para beber ahora, con potencial para una evoluci\u00f3n positiva en botella durante los pr\u00f3ximos 4-6 a\u00f1os, dependiendo del almacenamiento y la a\u00f1ada.<\/p>\n<p data-start=\"1421\" data-end=\"1453\"><strong data-start=\"1421\" data-end=\"1431\">Formato<\/strong><br data-start=\"1431\" data-end=\"1434\" \/>Botella de 75 cl.<\/p>","protected":false},"excerpt":{"rendered":"<p>Botellas<\/p>","protected":false},"featured_media":231369,"comment_status":"closed","ping_status":"closed","template":"","meta":{"_editorskit_title_hidden":false,"_editorskit_reading_time":0,"_editorskit_is_block_options_detached":false,"_editorskit_block_options_position":"{}","_uag_custom_page_level_css":"","_kadence_starter_templates_imported_post":false,"_kad_post_transparent":"default","_kad_post_title":"","_kad_post_layout":"default","_kad_post_sidebar_id":"","_kad_post_content_style":"default","_kad_post_vertical_padding":"default","_kad_post_feature":"","_kad_post_feature_position":"","_kad_post_header":false,"_kad_post_footer":false,"_kad_post_classname":""},"product_brand":[],"product_cat":[532,536],"product_tag":[2602],"class_list":{"0":"post-231370","1":"product","2":"type-product","3":"status-publish","4":"has-post-thumbnail","6":"product_cat-altres-fabricants","7":"product_cat-vins-caves-i-licors","8":"product_tag-vins-negres","10":"first","11":"instock","12":"taxable","13":"shipping-taxable","14":"purchasable","15":"product-type-simple","16":"entry","17":"content-bg","18":"loop-entry"},"yoast_head":"<!-- This site is optimized with the Yoast SEO Premium plugin v27.4 (Yoast SEO v27.4) - https:\/\/yoast.com\/product\/yoast-seo-premium-wordpress\/ -->\n<title>Vi negre &quot;Full flap&quot; - Can Vives carnissers des de 1840<\/title>\n<meta name=\"description\" content=\"Full Flap de Bodegas Vilano, Cabernet sauvignon, merlot i tempranillo amb 3 mesos de crian\u00e7a en roure, estructurat i amb fruita madura.\" \/>\n<meta name=\"robots\" content=\"index, follow, max-snippet:-1, max-image-preview:large, max-video-preview:-1\" \/>\n<link rel=\"canonical\" href=\"https:\/\/canvives.cat\/es\/tienda\/vino-negro-con-solapa-completa\/\" \/>\n<meta property=\"og:locale\" content=\"es_ES\" \/>\n<meta property=\"og:type\" content=\"article\" \/>\n<meta property=\"og:title\" content=\"Vi negre &quot;Full flap&quot;\" \/>\n<meta property=\"og:description\" content=\"Full Flap de Bodegas Vilano, Cabernet sauvignon, merlot i tempranillo amb 3 mesos de crian\u00e7a en roure, estructurat i amb fruita madura.\" \/>\n<meta property=\"og:url\" content=\"https:\/\/canvives.cat\/es\/tienda\/vino-negro-con-solapa-completa\/\" \/>\n<meta property=\"og:site_name\" content=\"Can Vives carnissers des de 1840\" \/>\n<meta property=\"article:publisher\" content=\"https:\/\/www.facebook.com\/CanVivesCalella\" \/>\n<meta property=\"article:modified_time\" content=\"2026-04-01T17:57:51+00:00\" \/>\n<meta property=\"og:image\" content=\"https:\/\/canvives.cat\/wp-content\/uploads\/1000039724.png\" \/>\n\t<meta property=\"og:image:width\" content=\"1024\" \/>\n\t<meta property=\"og:image:height\" content=\"1536\" \/>\n\t<meta property=\"og:image:type\" content=\"image\/png\" \/>\n<meta name=\"twitter:card\" content=\"summary_large_image\" \/>\n<meta name=\"twitter:label1\" content=\"Precio\" \/>\n\t<meta name=\"twitter:data1\" content=\"10,50&nbsp;&euro; IVA Incl\u00f2s\" \/>\n\t<meta name=\"twitter:label2\" content=\"Disponibilidad\" \/>\n\t<meta name=\"twitter:data2\" content=\"Disponible\" \/>\n<script type=\"application\/ld+json\" class=\"yoast-schema-graph\">{\"@context\":\"https:\\\/\\\/schema.org\",\"@graph\":[{\"@type\":\"WebPage\",\"@id\":\"https:\\\/\\\/canvives.cat\\\/botiga\\\/vi-negre-full-flap\\\/\",\"url\":\"https:\\\/\\\/canvives.cat\\\/botiga\\\/vi-negre-full-flap\\\/\",\"name\":\"Vi negre \\\"Full flap\\\" - Can Vives carnissers des de 1840\",\"isPartOf\":{\"@id\":\"https:\\\/\\\/canvives.cat\\\/#website\"},\"primaryImageOfPage\":{\"@id\":\"https:\\\/\\\/canvives.cat\\\/botiga\\\/vi-negre-full-flap\\\/#primaryimage\"},\"image\":{\"@id\":\"https:\\\/\\\/canvives.cat\\\/botiga\\\/vi-negre-full-flap\\\/#primaryimage\"},\"thumbnailUrl\":\"https:\\\/\\\/canvives.cat\\\/wp-content\\\/uploads\\\/1000039724.png\",\"datePublished\":\"2026-02-26T21:28:21+00:00\",\"dateModified\":\"2026-04-01T17:57:51+00:00\",\"description\":\"Full Flap de Bodegas Vilano, Cabernet sauvignon, merlot i tempranillo amb 3 mesos de crian\u00e7a en roure, estructurat i amb fruita madura.\",\"breadcrumb\":{\"@id\":\"https:\\\/\\\/canvives.cat\\\/botiga\\\/vi-negre-full-flap\\\/#breadcrumb\"},\"inLanguage\":\"es\",\"potentialAction\":[{\"@type\":\"ReadAction\",\"target\":[\"https:\\\/\\\/canvives.cat\\\/botiga\\\/vi-negre-full-flap\\\/\"]}]},{\"@type\":\"ImageObject\",\"inLanguage\":\"es\",\"@id\":\"https:\\\/\\\/canvives.cat\\\/botiga\\\/vi-negre-full-flap\\\/#primaryimage\",\"url\":\"https:\\\/\\\/canvives.cat\\\/wp-content\\\/uploads\\\/1000039724.png\",\"contentUrl\":\"https:\\\/\\\/canvives.cat\\\/wp-content\\\/uploads\\\/1000039724.png\",\"width\":1024,\"height\":1536},{\"@type\":\"BreadcrumbList\",\"@id\":\"https:\\\/\\\/canvives.cat\\\/botiga\\\/vi-negre-full-flap\\\/#breadcrumb\",\"itemListElement\":[{\"@type\":\"ListItem\",\"position\":1,\"name\":\"Portada\",\"item\":\"https:\\\/\\\/canvives.cat\\\/\"},{\"@type\":\"ListItem\",\"position\":2,\"name\":\"Botiga\",\"item\":\"https:\\\/\\\/canvives.cat\\\/botiga\\\/\"},{\"@type\":\"ListItem\",\"position\":3,\"name\":\"Vi negre \u00abFull flap\u00bb\"}]},{\"@type\":\"WebSite\",\"@id\":\"https:\\\/\\\/canvives.cat\\\/#website\",\"url\":\"https:\\\/\\\/canvives.cat\\\/\",\"name\":\"Can Vives carnissers des de 1840\",\"description\":\"La carnisseria-rostisseria amb m\u00e9s anys d&#039;hist\u00f2ria a Calella i una de les m\u00e9s antigues de Catalunya. Venda a botiga i online de tot tipus de carns, embotits, formatges i plats cuinats. Som carnissers, xarcuters i rostissers.\",\"publisher\":{\"@id\":\"https:\\\/\\\/canvives.cat\\\/#organization\"},\"alternateName\":\"Can Vives Calella\",\"potentialAction\":[{\"@type\":\"SearchAction\",\"target\":{\"@type\":\"EntryPoint\",\"urlTemplate\":\"https:\\\/\\\/canvives.cat\\\/?s={search_term_string}\"},\"query-input\":{\"@type\":\"PropertyValueSpecification\",\"valueRequired\":true,\"valueName\":\"search_term_string\"}}],\"inLanguage\":\"es\"},{\"@type\":[\"Organization\",\"Place\"],\"@id\":\"https:\\\/\\\/canvives.cat\\\/#organization\",\"name\":\"Carnisseria Rostisseria Can Vives\",\"alternateName\":\"Can Vives Calella\",\"url\":\"https:\\\/\\\/canvives.cat\\\/\",\"logo\":{\"@id\":\"https:\\\/\\\/canvives.cat\\\/botiga\\\/vi-negre-full-flap\\\/#local-main-organization-logo\"},\"image\":{\"@id\":\"https:\\\/\\\/canvives.cat\\\/botiga\\\/vi-negre-full-flap\\\/#local-main-organization-logo\"},\"sameAs\":[\"https:\\\/\\\/www.facebook.com\\\/CanVivesCalella\",\"https:\\\/\\\/www.instagram.com\\\/canvivescalella\\\/\",\"https:\\\/\\\/www.tiktok.com\\\/@can.vives.calella\"],\"description\":\"\\\"Carns, plats cuinats casolans, embotits de qualitat i elaboraci\u00f3 pr\u00f2pia, vins i caves, delicatessen i formatges. La carnisseria amb m\u00e9s anys d'hist\u00f2ria a Calella i una de les m\u00e9s antigues de Catalunya. Comer\u00e7 tradicional Elaborem els nostres cuinats, hamburgueses, botifarres, croquetes, embotits curats com fuets, llonganisses, lloms curats...\\\"\",\"legalName\":\"VIVES CLOS C.B.\",\"foundingDate\":\"1840-04-25\",\"numberOfEmployees\":{\"@type\":\"QuantitativeValue\",\"minValue\":\"1\",\"maxValue\":\"10\"},\"address\":{\"@id\":\"https:\\\/\\\/canvives.cat\\\/botiga\\\/vi-negre-full-flap\\\/#local-main-place-address\"},\"telephone\":[\"937690224\"],\"contactPoint\":{\"@type\":\"ContactPoint\",\"telephone\":\"662965320\",\"email\":\"canvives@canvives.cat\"},\"openingHoursSpecification\":[{\"@type\":\"OpeningHoursSpecification\",\"dayOfWeek\":[\"Monday\",\"Tuesday\",\"Wednesday\",\"Thursday\",\"Friday\",\"Saturday\",\"Sunday\"],\"opens\":\"09:00\",\"closes\":\"17:00\"}],\"email\":\"canvives@canvives.cat\",\"vatID\":\"E60450871\"},{\"@type\":\"PostalAddress\",\"@id\":\"https:\\\/\\\/canvives.cat\\\/botiga\\\/vi-negre-full-flap\\\/#local-main-place-address\",\"streetAddress\":\"Calle Sant Joan 89\",\"addressLocality\":\"Calella\",\"postalCode\":\"08370\",\"addressRegion\":\"Barcelona\",\"addressCountry\":\"ES\"},{\"@type\":\"ImageObject\",\"inLanguage\":\"es\",\"@id\":\"https:\\\/\\\/canvives.cat\\\/botiga\\\/vi-negre-full-flap\\\/#local-main-organization-logo\",\"url\":\"https:\\\/\\\/canvives.cat\\\/wp-content\\\/uploads\\\/logopng512.png\",\"contentUrl\":\"https:\\\/\\\/canvives.cat\\\/wp-content\\\/uploads\\\/logopng512.png\",\"width\":512,\"height\":512,\"caption\":\"Carnisseria Rostisseria Can Vives\"}]}<\/script>\n<meta property=\"product:price:amount\" content=\"10.50\" \/>\n<meta property=\"product:price:currency\" content=\"EUR\" \/>\n<meta property=\"og:availability\" content=\"instock\" \/>\n<meta property=\"product:availability\" content=\"instock\" \/>\n<meta property=\"product:retailer_item_id\" content=\"8423553000914\" \/>\n<meta property=\"product:condition\" content=\"new\" \/>\n<meta name=\"geo.placename\" content=\"Calella\" \/>\n<meta name=\"geo.region\" content=\"Espa\u00f1a\" \/>\n<!-- \/ Yoast SEO Premium plugin. -->","yoast_head_json":{"title":"Vino tinto \"Full flap\" - Carnicer\u00eda Can Vives desde 1840","description":"Full Flap de Bodegas Vilano, una mezcla de Cabernet Sauvignon, Merlot y Tempranillo, envejecido durante tres meses en roble, estructurado con fruta madura.","robots":{"index":"index","follow":"follow","max-snippet":"max-snippet:-1","max-image-preview":"max-image-preview:large","max-video-preview":"max-video-preview:-1"},"canonical":"https:\/\/canvives.cat\/es\/tienda\/vino-negro-con-solapa-completa\/","og_locale":"es_ES","og_type":"article","og_title":"Vi negre \"Full flap\"","og_description":"Full Flap de Bodegas Vilano, Cabernet sauvignon, merlot i tempranillo amb 3 mesos de crian\u00e7a en roure, estructurat i amb fruita madura.","og_url":"https:\/\/canvives.cat\/es\/tienda\/vino-negro-con-solapa-completa\/","og_site_name":"Can Vives carnissers des de 1840","article_publisher":"https:\/\/www.facebook.com\/CanVivesCalella","article_modified_time":"2026-04-01T17:57:51+00:00","og_image":[{"width":1024,"height":1536,"url":"https:\/\/canvives.cat\/wp-content\/uploads\/1000039724.png","type":"image\/png"}],"twitter_card":"summary_large_image","twitter_misc":{"Precio":"10,50&nbsp;&euro; IVA Incl\u00f2s","Disponibilidad":"Disponible"},"schema":{"@context":"https:\/\/schema.org","@graph":[{"@type":"WebPage","@id":"https:\/\/canvives.cat\/botiga\/vi-negre-full-flap\/","url":"https:\/\/canvives.cat\/botiga\/vi-negre-full-flap\/","name":"Vino tinto \"Full flap\" - Carnicer\u00eda Can Vives desde 1840","isPartOf":{"@id":"https:\/\/canvives.cat\/#website"},"primaryImageOfPage":{"@id":"https:\/\/canvives.cat\/botiga\/vi-negre-full-flap\/#primaryimage"},"image":{"@id":"https:\/\/canvives.cat\/botiga\/vi-negre-full-flap\/#primaryimage"},"thumbnailUrl":"https:\/\/canvives.cat\/wp-content\/uploads\/1000039724.png","datePublished":"2026-02-26T21:28:21+00:00","dateModified":"2026-04-01T17:57:51+00:00","description":"Full Flap de Bodegas Vilano, una mezcla de Cabernet Sauvignon, Merlot y Tempranillo, envejecido durante tres meses en roble, estructurado con fruta madura.","breadcrumb":{"@id":"https:\/\/canvives.cat\/botiga\/vi-negre-full-flap\/#breadcrumb"},"inLanguage":"es","potentialAction":[{"@type":"ReadAction","target":["https:\/\/canvives.cat\/botiga\/vi-negre-full-flap\/"]}]},{"@type":"ImageObject","inLanguage":"es","@id":"https:\/\/canvives.cat\/botiga\/vi-negre-full-flap\/#primaryimage","url":"https:\/\/canvives.cat\/wp-content\/uploads\/1000039724.png","contentUrl":"https:\/\/canvives.cat\/wp-content\/uploads\/1000039724.png","width":1024,"height":1536},{"@type":"BreadcrumbList","@id":"https:\/\/canvives.cat\/botiga\/vi-negre-full-flap\/#breadcrumb","itemListElement":[{"@type":"ListItem","position":1,"name":"Portada","item":"https:\/\/canvives.cat\/"},{"@type":"ListItem","position":2,"name":"Botiga","item":"https:\/\/canvives.cat\/botiga\/"},{"@type":"ListItem","position":3,"name":"Vi negre \u00abFull flap\u00bb"}]},{"@type":"WebSite","@id":"https:\/\/canvives.cat\/#website","url":"https:\/\/canvives.cat\/","name":"Can Vives carniceros desde 1840","description":"La carniceria-asador con m\u00e1s a\u00f1os de historia en Calella y una de las m\u00e1s antiguas de Catalu\u00f1a. Venta en tienda y online de todo tipo de carnes, embutidos, quesos y platos preparados. Somos carniceros, charcuteros y asadores.","publisher":{"@id":"https:\/\/canvives.cat\/#organization"},"alternateName":"Can Vives Calella","potentialAction":[{"@type":"SearchAction","target":{"@type":"EntryPoint","urlTemplate":"https:\/\/canvives.cat\/?s={search_term_string}"},"query-input":{"@type":"PropertyValueSpecification","valueRequired":true,"valueName":"search_term_string"}}],"inLanguage":"es"},{"@type":["Organization","Place"],"@id":"https:\/\/canvives.cat\/#organization","name":"Carnicer\u00eda y Asador Can Vives","alternateName":"Can Vives Calella","url":"https:\/\/canvives.cat\/","logo":{"@id":"https:\/\/canvives.cat\/botiga\/vi-negre-full-flap\/#local-main-organization-logo"},"image":{"@id":"https:\/\/canvives.cat\/botiga\/vi-negre-full-flap\/#local-main-organization-logo"},"sameAs":["https:\/\/www.facebook.com\/CanVivesCalella","https:\/\/www.instagram.com\/canvivescalella\/","https:\/\/www.tiktok.com\/@can.vives.calella"],"description":"\"Carnes, platos caseros, embutidos de calidad y especialidades propias, vinos y cavas, delicatessen y quesos. La carnicer\\u00eda con m\\u00e1s historia de Calella y una de las m\\u00e1s antiguas de Catalu\\u00f1a. Somos un negocio tradicional y elaboramos nuestras propias carnes cocidas, hamburguesas, salchichas, croquetas, embutidos como fuet, longaniza, lomos curados...\"","legalName":"VIVES CLOS C.B.","foundingDate":"1840-04-25","numberOfEmployees":{"@type":"QuantitativeValue","minValue":"1","maxValue":"10"},"address":{"@id":"https:\/\/canvives.cat\/botiga\/vi-negre-full-flap\/#local-main-place-address"},"telephone":["937690224"],"contactPoint":{"@type":"ContactPoint","telephone":"662965320","email":"canvives@canvives.cat"},"openingHoursSpecification":[{"@type":"OpeningHoursSpecification","dayOfWeek":["Monday","Tuesday","Wednesday","Thursday","Friday","Saturday","Sunday"],"opens":"09:00","closes":"17:00"}],"email":"canvives@canvives.cat","vatID":"E60450871"},{"@type":"PostalAddress","@id":"https:\/\/canvives.cat\/botiga\/vi-negre-full-flap\/#local-main-place-address","streetAddress":"Calle Sant Joan 89","addressLocality":"Calella","postalCode":"08370","addressRegion":"Barcelona","addressCountry":"ES"},{"@type":"ImageObject","inLanguage":"es","@id":"https:\/\/canvives.cat\/botiga\/vi-negre-full-flap\/#local-main-organization-logo","url":"https:\/\/canvives.cat\/wp-content\/uploads\/logopng512.png","contentUrl":"https:\/\/canvives.cat\/wp-content\/uploads\/logopng512.png","width":512,"height":512,"caption":"Carnisseria Rostisseria Can Vives"}]},"product_price_amount":"10.50","product_price_currency":"EUR","og_availability":"instock","product_availability":"instock","product_retailer_item_id":"8423553000914","product_condition":"new","geo.placename":"Calella","geo.region":"Espa\u00f1a"},"uagb_featured_image_src":{"full":["https:\/\/canvives.cat\/wp-content\/uploads\/1000039724.png",1024,1536,false],"thumbnail":["https:\/\/canvives.cat\/wp-content\/uploads\/1000039724-300x300.png",300,300,true],"medium":["https:\/\/canvives.cat\/wp-content\/uploads\/1000039724-400x600.png",400,600,true],"medium_large":["https:\/\/canvives.cat\/wp-content\/uploads\/1000039724-768x1152.png",768,1152,true],"large":["https:\/\/canvives.cat\/wp-content\/uploads\/1000039724-720x1080.png",720,1080,true],"1536x1536":["https:\/\/canvives.cat\/wp-content\/uploads\/1000039724.png",1024,1536,false],"2048x2048":["https:\/\/canvives.cat\/wp-content\/uploads\/1000039724.png",1024,1536,false],"trp-custom-language-flag":["https:\/\/canvives.cat\/wp-content\/uploads\/1000039724-8x12.png",8,12,true],"woocommerce_thumbnail":["https:\/\/canvives.cat\/wp-content\/uploads\/1000039724-300x300.png",300,300,true],"woocommerce_single":["https:\/\/canvives.cat\/wp-content\/uploads\/1000039724-600x900.png",600,900,true],"woocommerce_gallery_thumbnail":["https:\/\/canvives.cat\/wp-content\/uploads\/1000039724-100x100.png",100,100,true]},"uagb_author_info":{"display_name":"Administrador de Can Vives","author_link":"https:\/\/canvives.cat\/es\/author\/"},"uagb_comment_info":0,"uagb_excerpt":"Ampolles","_links":{"self":[{"href":"https:\/\/canvives.cat\/es\/wp-json\/wp\/v2\/product\/231370","targetHints":{"allow":["GET"]}}],"collection":[{"href":"https:\/\/canvives.cat\/es\/wp-json\/wp\/v2\/product"}],"about":[{"href":"https:\/\/canvives.cat\/es\/wp-json\/wp\/v2\/types\/product"}],"replies":[{"embeddable":true,"href":"https:\/\/canvives.cat\/es\/wp-json\/wp\/v2\/comments?post=231370"}],"wp:featuredmedia":[{"embeddable":true,"href":"https:\/\/canvives.cat\/es\/wp-json\/wp\/v2\/media\/231369"}],"wp:attachment":[{"href":"https:\/\/canvives.cat\/es\/wp-json\/wp\/v2\/media?parent=231370"}],"wp:term":[{"taxonomy":"product_brand","embeddable":true,"href":"https:\/\/canvives.cat\/es\/wp-json\/wp\/v2\/product_brand?post=231370"},{"taxonomy":"product_cat","embeddable":true,"href":"https:\/\/canvives.cat\/es\/wp-json\/wp\/v2\/product_cat?post=231370"},{"taxonomy":"product_tag","embeddable":true,"href":"https:\/\/canvives.cat\/es\/wp-json\/wp\/v2\/product_tag?post=231370"}],"curies":[{"name":"wp","href":"https:\/\/api.w.org\/{rel}","templated":true}]}}