{"id":231346,"date":"2026-02-25T19:47:51","date_gmt":"2026-02-25T18:47:51","guid":{"rendered":"https:\/\/canvives.cat\/?post_type=product&#038;p=231346"},"modified":"2026-04-01T19:57:51","modified_gmt":"2026-04-01T17:57:51","slug":"vino-negro-pinos","status":"publish","type":"product","link":"https:\/\/canvives.cat\/es\/botiga\/vi-negre-pinyeres\/","title":{"rendered":"Vino tinto \u201cPinyeres\u201d"},"content":{"rendered":"<p data-start=\"115\" data-end=\"141\"><strong data-start=\"115\" data-end=\"139\">Denominaci\u00f3n de Origen<\/strong><\/p>\n<ul data-start=\"142\" data-end=\"183\">\n<li data-start=\"142\" data-end=\"183\">\n<p data-start=\"144\" data-end=\"183\"><span class=\"hover:entity-accent entity-underline inline cursor-pointer align-baseline\"><span class=\"whitespace-normal\">Denominaci\u00f3n de Origen Montsant<\/span><\/span><\/p>\n<\/li>\n<\/ul>\n<p data-start=\"185\" data-end=\"202\"><strong data-start=\"185\" data-end=\"200\">Tipo de vino<\/strong><\/p>\n<ul data-start=\"203\" data-end=\"240\">\n<li data-start=\"203\" data-end=\"240\">\n<p data-start=\"205\" data-end=\"240\">Vino tinto joven con crianza en barrica.<\/p>\n<\/li>\n<\/ul>\n<p data-start=\"242\" data-end=\"265\"><strong data-start=\"242\" data-end=\"263\">Variedades de uva<\/strong><\/p>\n<ul data-start=\"266\" data-end=\"329\">\n<li data-start=\"266\" data-end=\"298\">\n<p data-start=\"268\" data-end=\"298\">Garnacha negra (predominante)<\/p>\n<\/li>\n<li data-start=\"299\" data-end=\"329\">\n<p data-start=\"301\" data-end=\"329\">Carinyena (complementaria)<\/p>\n<\/li>\n<\/ul>\n<p data-start=\"331\" data-end=\"343\"><strong data-start=\"331\" data-end=\"341\">Enredaderas<\/strong><\/p>\n<ul data-start=\"344\" data-end=\"527\">\n<li data-start=\"344\" data-end=\"404\">\n<p data-start=\"346\" data-end=\"404\">Vi\u00f1edos propios y de los viticultores del municipio de Masroig.<\/p>\n<\/li>\n<li data-start=\"405\" data-end=\"445\">\n<p data-start=\"407\" data-end=\"445\">Suelos predominantemente argilo-calc\u00e1reos<\/p>\n<\/li>\n<li data-start=\"446\" data-end=\"527\">\n<p data-start=\"448\" data-end=\"527\">Clima mediterr\u00e1neo con influencia continental (marcado rango de temperatura diurna)<\/p>\n<\/li>\n<\/ul>\n<p data-start=\"529\" data-end=\"545\"><strong data-start=\"529\" data-end=\"543\">Producci\u00f3n<\/strong><\/p>\n<ul data-start=\"546\" data-end=\"707\">\n<li data-start=\"546\" data-end=\"586\">\n<p data-start=\"548\" data-end=\"586\">Cosechado en el punto \u00f3ptimo de madurez.<\/p>\n<\/li>\n<li data-start=\"587\" data-end=\"655\">\n<p data-start=\"589\" data-end=\"655\">Maceraci\u00f3n y fermentaci\u00f3n controlada en dep\u00f3sitos de acero inoxidable.<\/p>\n<\/li>\n<li data-start=\"656\" data-end=\"707\">\n<p data-start=\"658\" data-end=\"707\">Extracci\u00f3n suave para preservar la fruta y el equilibrio.<\/p>\n<\/li>\n<\/ul>\n<p data-start=\"709\" data-end=\"722\"><strong data-start=\"709\" data-end=\"720\">Crianza de los hijos<\/strong><\/p>\n<ul data-start=\"723\" data-end=\"842\">\n<li data-start=\"723\" data-end=\"807\">\n<p data-start=\"725\" data-end=\"807\">Envejecido en barricas de roble (franc\u00e9s y\/o americano, dependiendo de la a\u00f1ada) durante varios meses.<\/p>\n<\/li>\n<li data-start=\"808\" data-end=\"842\">\n<p data-start=\"810\" data-end=\"842\">Envejecimiento posterior en botella<\/p>\n<\/li>\n<\/ul>\n<p data-start=\"844\" data-end=\"870\"><strong data-start=\"844\" data-end=\"868\">Contenido de alcohol<\/strong><\/p>\n<ul data-start=\"871\" data-end=\"938\">\n<li data-start=\"871\" data-end=\"938\">\n<p data-start=\"873\" data-end=\"938\">Aproximadamente 141 TP3T vol. (puede variar ligeramente seg\u00fan la a\u00f1ada)<\/p>\n<\/li>\n<\/ul>\n<p data-start=\"940\" data-end=\"958\"><strong data-start=\"940\" data-end=\"956\">Nota de cata<\/strong><\/p>\n<ul data-start=\"959\" data-end=\"1249\">\n<li data-start=\"959\" data-end=\"1012\">\n<p data-start=\"961\" data-end=\"1012\"><strong data-start=\"961\" data-end=\"971\">Ver:<\/strong> Color cereza intenso con ribete viol\u00e1ceo.<\/p>\n<\/li>\n<li data-start=\"1013\" data-end=\"1125\">\n<p data-start=\"1015\" data-end=\"1125\"><strong data-start=\"1015\" data-end=\"1023\">Nariz:<\/strong> Aromas de fruta roja madura (cereza, ciruela), notas especiadas y un ligero toque tostado procedente de la barrica.<\/p>\n<\/li>\n<li data-start=\"1126\" data-end=\"1249\">\n<p data-start=\"1128\" data-end=\"1249\"><strong data-start=\"1128\" data-end=\"1137\">Sabor:<\/strong> Una entrada agradable, estructura media, taninos redondos y buena persistencia en el final con notas de fruta y especias.<\/p>\n<\/li>\n<\/ul>\n<p data-start=\"1251\" data-end=\"1276\"><strong data-start=\"1251\" data-end=\"1274\">Maridaje recomendado<\/strong><\/p>\n<ul data-start=\"1277\" data-end=\"1386\">\n<li data-start=\"1277\" data-end=\"1307\">\n<p data-start=\"1279\" data-end=\"1307\">Carnes rojas a la parrilla<\/p>\n<\/li>\n<li data-start=\"1308\" data-end=\"1332\">\n<p data-start=\"1310\" data-end=\"1332\">Asados tradicionales<\/p>\n<\/li>\n<li data-start=\"1333\" data-end=\"1352\">\n<p data-start=\"1335\" data-end=\"1352\">Embutidos<\/p>\n<\/li>\n<li data-start=\"1353\" data-end=\"1386\">\n<p data-start=\"1355\" data-end=\"1386\">Quesos semicurados y curados<\/p>\n<\/li>\n<\/ul>\n<p data-start=\"1388\" data-end=\"1415\"><strong data-start=\"1388\" data-end=\"1413\">Temperatura de servicio<\/strong><\/p>\n<ul data-start=\"1416\" data-end=\"1428\">\n<li data-start=\"1416\" data-end=\"1428\">\n<p data-start=\"1418\" data-end=\"1428\">15-17 \u00b0C<\/p>\n<\/li>\n<\/ul>\n<p data-start=\"1430\" data-end=\"1455\"><strong data-start=\"1430\" data-end=\"1453\">Potencial de guardi\u00e1n<\/strong><\/p>\n<ul data-start=\"1456\" data-end=\"1570\">\n<li data-start=\"1456\" data-end=\"1570\">\n<p data-start=\"1458\" data-end=\"1570\">Se recomienda consumir en los primeros a\u00f1os, aunque puede evolucionar favorablemente a medio plazo, dependiendo de la a\u00f1ada.<\/p>\n<\/li>\n<\/ul>\n<p data-start=\"1572\" data-end=\"1589\"><strong data-start=\"1572\" data-end=\"1587\">Presentaci\u00f3n<\/strong><\/p>\n<ul data-start=\"1590\" data-end=\"1610\">\n<li data-start=\"1590\" data-end=\"1610\">\n<p data-start=\"1592\" data-end=\"1610\">Botella de 75 cl<\/p>\n<\/li>\n<\/ul>","protected":false},"excerpt":{"rendered":"<p>Botellas<\/p>","protected":false},"featured_media":231345,"comment_status":"closed","ping_status":"closed","template":"","meta":{"_editorskit_title_hidden":false,"_editorskit_reading_time":0,"_editorskit_is_block_options_detached":false,"_editorskit_block_options_position":"{}","_uag_custom_page_level_css":"","_kadence_starter_templates_imported_post":false,"_kad_post_transparent":"default","_kad_post_title":"","_kad_post_layout":"default","_kad_post_sidebar_id":"","_kad_post_content_style":"default","_kad_post_vertical_padding":"default","_kad_post_feature":"","_kad_post_feature_position":"","_kad_post_header":false,"_kad_post_footer":false,"_kad_post_classname":""},"product_brand":[],"product_cat":[532,536],"product_tag":[2605,2602],"class_list":{"0":"post-231346","1":"product","2":"type-product","3":"status-publish","4":"has-post-thumbnail","6":"product_cat-altres-fabricants","7":"product_cat-vins-caves-i-licors","8":"product_tag-montsant","9":"product_tag-vins-negres","11":"first","12":"instock","13":"taxable","14":"shipping-taxable","15":"purchasable","16":"product-type-simple","17":"entry","18":"content-bg","19":"loop-entry"},"yoast_head":"<!-- This site is optimized with the Yoast SEO Premium plugin v27.4 (Yoast SEO v27.4) - https:\/\/yoast.com\/product\/yoast-seo-premium-wordpress\/ -->\n<title>Vi negre &quot;Pinyeres&quot; - Can Vives carnissers des de 1840<\/title>\n<meta name=\"description\" content=\"Pinyeres negre DO Montsant del Celler Masroig. Garnatxa i carinyena amb crian\u00e7a en roure, equilibrat i ideal per carns i rostits.\" \/>\n<meta name=\"robots\" content=\"index, follow, max-snippet:-1, max-image-preview:large, max-video-preview:-1\" \/>\n<link rel=\"canonical\" href=\"https:\/\/canvives.cat\/es\/tienda\/vino-negro-pinos\/\" \/>\n<meta property=\"og:locale\" content=\"es_ES\" \/>\n<meta property=\"og:type\" content=\"article\" \/>\n<meta property=\"og:title\" content=\"Vi negre &quot;Pinyeres&quot;\" \/>\n<meta property=\"og:description\" content=\"Pinyeres negre DO Montsant del Celler Masroig. Garnatxa i carinyena amb crian\u00e7a en roure, equilibrat i ideal per carns i rostits.\" \/>\n<meta property=\"og:url\" content=\"https:\/\/canvives.cat\/es\/tienda\/vino-negro-pinos\/\" \/>\n<meta property=\"og:site_name\" content=\"Can Vives carnissers des de 1840\" \/>\n<meta property=\"article:publisher\" content=\"https:\/\/www.facebook.com\/CanVivesCalella\" \/>\n<meta property=\"article:modified_time\" content=\"2026-04-01T17:57:51+00:00\" \/>\n<meta property=\"og:image\" content=\"https:\/\/canvives.cat\/wp-content\/uploads\/1000039635.png\" \/>\n\t<meta property=\"og:image:width\" content=\"1024\" \/>\n\t<meta property=\"og:image:height\" content=\"1536\" \/>\n\t<meta property=\"og:image:type\" content=\"image\/png\" \/>\n<meta name=\"twitter:card\" content=\"summary_large_image\" \/>\n<meta name=\"twitter:label1\" content=\"Precio\" \/>\n\t<meta name=\"twitter:data1\" content=\"11,30&nbsp;&euro; IVA Incl\u00f2s\" \/>\n\t<meta name=\"twitter:label2\" content=\"Disponibilidad\" \/>\n\t<meta name=\"twitter:data2\" content=\"Disponible\" \/>\n<script type=\"application\/ld+json\" class=\"yoast-schema-graph\">{\"@context\":\"https:\\\/\\\/schema.org\",\"@graph\":[{\"@type\":\"WebPage\",\"@id\":\"https:\\\/\\\/canvives.cat\\\/botiga\\\/vi-negre-pinyeres\\\/\",\"url\":\"https:\\\/\\\/canvives.cat\\\/botiga\\\/vi-negre-pinyeres\\\/\",\"name\":\"Vi negre \\\"Pinyeres\\\" - Can Vives carnissers des de 1840\",\"isPartOf\":{\"@id\":\"https:\\\/\\\/canvives.cat\\\/#website\"},\"primaryImageOfPage\":{\"@id\":\"https:\\\/\\\/canvives.cat\\\/botiga\\\/vi-negre-pinyeres\\\/#primaryimage\"},\"image\":{\"@id\":\"https:\\\/\\\/canvives.cat\\\/botiga\\\/vi-negre-pinyeres\\\/#primaryimage\"},\"thumbnailUrl\":\"https:\\\/\\\/canvives.cat\\\/wp-content\\\/uploads\\\/1000039635.png\",\"datePublished\":\"2026-02-25T18:47:51+00:00\",\"dateModified\":\"2026-04-01T17:57:51+00:00\",\"description\":\"Pinyeres negre DO Montsant del Celler Masroig. Garnatxa i carinyena amb crian\u00e7a en roure, equilibrat i ideal per carns i rostits.\",\"breadcrumb\":{\"@id\":\"https:\\\/\\\/canvives.cat\\\/botiga\\\/vi-negre-pinyeres\\\/#breadcrumb\"},\"inLanguage\":\"es\",\"potentialAction\":[{\"@type\":\"ReadAction\",\"target\":[\"https:\\\/\\\/canvives.cat\\\/botiga\\\/vi-negre-pinyeres\\\/\"]}]},{\"@type\":\"ImageObject\",\"inLanguage\":\"es\",\"@id\":\"https:\\\/\\\/canvives.cat\\\/botiga\\\/vi-negre-pinyeres\\\/#primaryimage\",\"url\":\"https:\\\/\\\/canvives.cat\\\/wp-content\\\/uploads\\\/1000039635.png\",\"contentUrl\":\"https:\\\/\\\/canvives.cat\\\/wp-content\\\/uploads\\\/1000039635.png\",\"width\":1024,\"height\":1536},{\"@type\":\"BreadcrumbList\",\"@id\":\"https:\\\/\\\/canvives.cat\\\/botiga\\\/vi-negre-pinyeres\\\/#breadcrumb\",\"itemListElement\":[{\"@type\":\"ListItem\",\"position\":1,\"name\":\"Portada\",\"item\":\"https:\\\/\\\/canvives.cat\\\/\"},{\"@type\":\"ListItem\",\"position\":2,\"name\":\"Botiga\",\"item\":\"https:\\\/\\\/canvives.cat\\\/botiga\\\/\"},{\"@type\":\"ListItem\",\"position\":3,\"name\":\"Vi negre \u00abPinyeres\u00bb\"}]},{\"@type\":\"WebSite\",\"@id\":\"https:\\\/\\\/canvives.cat\\\/#website\",\"url\":\"https:\\\/\\\/canvives.cat\\\/\",\"name\":\"Can Vives carnissers des de 1840\",\"description\":\"La carnisseria-rostisseria amb m\u00e9s anys d&#039;hist\u00f2ria a Calella i una de les m\u00e9s antigues de Catalunya. Venda a botiga i online de tot tipus de carns, embotits, formatges i plats cuinats. Som carnissers, xarcuters i rostissers.\",\"publisher\":{\"@id\":\"https:\\\/\\\/canvives.cat\\\/#organization\"},\"alternateName\":\"Can Vives Calella\",\"potentialAction\":[{\"@type\":\"SearchAction\",\"target\":{\"@type\":\"EntryPoint\",\"urlTemplate\":\"https:\\\/\\\/canvives.cat\\\/?s={search_term_string}\"},\"query-input\":{\"@type\":\"PropertyValueSpecification\",\"valueRequired\":true,\"valueName\":\"search_term_string\"}}],\"inLanguage\":\"es\"},{\"@type\":[\"Organization\",\"Place\"],\"@id\":\"https:\\\/\\\/canvives.cat\\\/#organization\",\"name\":\"Carnisseria Rostisseria Can Vives\",\"alternateName\":\"Can Vives Calella\",\"url\":\"https:\\\/\\\/canvives.cat\\\/\",\"logo\":{\"@id\":\"https:\\\/\\\/canvives.cat\\\/botiga\\\/vi-negre-pinyeres\\\/#local-main-organization-logo\"},\"image\":{\"@id\":\"https:\\\/\\\/canvives.cat\\\/botiga\\\/vi-negre-pinyeres\\\/#local-main-organization-logo\"},\"sameAs\":[\"https:\\\/\\\/www.facebook.com\\\/CanVivesCalella\",\"https:\\\/\\\/www.instagram.com\\\/canvivescalella\\\/\",\"https:\\\/\\\/www.tiktok.com\\\/@can.vives.calella\"],\"description\":\"\\\"Carns, plats cuinats casolans, embotits de qualitat i elaboraci\u00f3 pr\u00f2pia, vins i caves, delicatessen i formatges. La carnisseria amb m\u00e9s anys d'hist\u00f2ria a Calella i una de les m\u00e9s antigues de Catalunya. Comer\u00e7 tradicional Elaborem els nostres cuinats, hamburgueses, botifarres, croquetes, embotits curats com fuets, llonganisses, lloms curats...\\\"\",\"legalName\":\"VIVES CLOS C.B.\",\"foundingDate\":\"1840-04-25\",\"numberOfEmployees\":{\"@type\":\"QuantitativeValue\",\"minValue\":\"1\",\"maxValue\":\"10\"},\"address\":{\"@id\":\"https:\\\/\\\/canvives.cat\\\/botiga\\\/vi-negre-pinyeres\\\/#local-main-place-address\"},\"telephone\":[\"937690224\"],\"contactPoint\":{\"@type\":\"ContactPoint\",\"telephone\":\"662965320\",\"email\":\"canvives@canvives.cat\"},\"openingHoursSpecification\":[{\"@type\":\"OpeningHoursSpecification\",\"dayOfWeek\":[\"Monday\",\"Tuesday\",\"Wednesday\",\"Thursday\",\"Friday\",\"Saturday\",\"Sunday\"],\"opens\":\"09:00\",\"closes\":\"17:00\"}],\"email\":\"canvives@canvives.cat\",\"vatID\":\"E60450871\"},{\"@type\":\"PostalAddress\",\"@id\":\"https:\\\/\\\/canvives.cat\\\/botiga\\\/vi-negre-pinyeres\\\/#local-main-place-address\",\"streetAddress\":\"Calle Sant Joan 89\",\"addressLocality\":\"Calella\",\"postalCode\":\"08370\",\"addressRegion\":\"Barcelona\",\"addressCountry\":\"ES\"},{\"@type\":\"ImageObject\",\"inLanguage\":\"es\",\"@id\":\"https:\\\/\\\/canvives.cat\\\/botiga\\\/vi-negre-pinyeres\\\/#local-main-organization-logo\",\"url\":\"https:\\\/\\\/canvives.cat\\\/wp-content\\\/uploads\\\/logopng512.png\",\"contentUrl\":\"https:\\\/\\\/canvives.cat\\\/wp-content\\\/uploads\\\/logopng512.png\",\"width\":512,\"height\":512,\"caption\":\"Carnisseria Rostisseria Can Vives\"}]}<\/script>\n<meta property=\"product:price:amount\" content=\"11.30\" \/>\n<meta property=\"product:price:currency\" content=\"EUR\" \/>\n<meta property=\"og:availability\" content=\"instock\" \/>\n<meta property=\"product:availability\" content=\"instock\" \/>\n<meta property=\"product:retailer_item_id\" content=\"8437002456498\" \/>\n<meta property=\"product:condition\" content=\"new\" \/>\n<meta name=\"geo.placename\" content=\"Calella\" \/>\n<meta name=\"geo.region\" content=\"Espa\u00f1a\" \/>\n<!-- \/ Yoast SEO Premium plugin. -->","yoast_head_json":{"title":"Vino tinto \"Pinyeres\" - Carnicer\u00eda Can Vives desde 1840","description":"Pinyeres Negre DO Montsant de Celler Masroig. Garnacha y Cari\u00f1ena con crianza en roble, equilibrado e ideal para acompa\u00f1ar carnes y asados.","robots":{"index":"index","follow":"follow","max-snippet":"max-snippet:-1","max-image-preview":"max-image-preview:large","max-video-preview":"max-video-preview:-1"},"canonical":"https:\/\/canvives.cat\/es\/tienda\/vino-negro-pinos\/","og_locale":"es_ES","og_type":"article","og_title":"Vi negre \"Pinyeres\"","og_description":"Pinyeres negre DO Montsant del Celler Masroig. Garnatxa i carinyena amb crian\u00e7a en roure, equilibrat i ideal per carns i rostits.","og_url":"https:\/\/canvives.cat\/es\/tienda\/vino-negro-pinos\/","og_site_name":"Can Vives carnissers des de 1840","article_publisher":"https:\/\/www.facebook.com\/CanVivesCalella","article_modified_time":"2026-04-01T17:57:51+00:00","og_image":[{"width":1024,"height":1536,"url":"https:\/\/canvives.cat\/wp-content\/uploads\/1000039635.png","type":"image\/png"}],"twitter_card":"summary_large_image","twitter_misc":{"Precio":"11,30&nbsp;&euro; IVA Incl\u00f2s","Disponibilidad":"Disponible"},"schema":{"@context":"https:\/\/schema.org","@graph":[{"@type":"WebPage","@id":"https:\/\/canvives.cat\/botiga\/vi-negre-pinyeres\/","url":"https:\/\/canvives.cat\/botiga\/vi-negre-pinyeres\/","name":"Vino tinto \"Pinyeres\" - Carnicer\u00eda Can Vives desde 1840","isPartOf":{"@id":"https:\/\/canvives.cat\/#website"},"primaryImageOfPage":{"@id":"https:\/\/canvives.cat\/botiga\/vi-negre-pinyeres\/#primaryimage"},"image":{"@id":"https:\/\/canvives.cat\/botiga\/vi-negre-pinyeres\/#primaryimage"},"thumbnailUrl":"https:\/\/canvives.cat\/wp-content\/uploads\/1000039635.png","datePublished":"2026-02-25T18:47:51+00:00","dateModified":"2026-04-01T17:57:51+00:00","description":"Pinyeres Negre DO Montsant de Celler Masroig. Garnacha y Cari\u00f1ena con crianza en roble, equilibrado e ideal para acompa\u00f1ar carnes y asados.","breadcrumb":{"@id":"https:\/\/canvives.cat\/botiga\/vi-negre-pinyeres\/#breadcrumb"},"inLanguage":"es","potentialAction":[{"@type":"ReadAction","target":["https:\/\/canvives.cat\/botiga\/vi-negre-pinyeres\/"]}]},{"@type":"ImageObject","inLanguage":"es","@id":"https:\/\/canvives.cat\/botiga\/vi-negre-pinyeres\/#primaryimage","url":"https:\/\/canvives.cat\/wp-content\/uploads\/1000039635.png","contentUrl":"https:\/\/canvives.cat\/wp-content\/uploads\/1000039635.png","width":1024,"height":1536},{"@type":"BreadcrumbList","@id":"https:\/\/canvives.cat\/botiga\/vi-negre-pinyeres\/#breadcrumb","itemListElement":[{"@type":"ListItem","position":1,"name":"Portada","item":"https:\/\/canvives.cat\/"},{"@type":"ListItem","position":2,"name":"Botiga","item":"https:\/\/canvives.cat\/botiga\/"},{"@type":"ListItem","position":3,"name":"Vi negre \u00abPinyeres\u00bb"}]},{"@type":"WebSite","@id":"https:\/\/canvives.cat\/#website","url":"https:\/\/canvives.cat\/","name":"Can Vives carniceros desde 1840","description":"La carniceria-asador con m\u00e1s a\u00f1os de historia en Calella y una de las m\u00e1s antiguas de Catalu\u00f1a. Venta en tienda y online de todo tipo de carnes, embutidos, quesos y platos preparados. Somos carniceros, charcuteros y asadores.","publisher":{"@id":"https:\/\/canvives.cat\/#organization"},"alternateName":"Can Vives Calella","potentialAction":[{"@type":"SearchAction","target":{"@type":"EntryPoint","urlTemplate":"https:\/\/canvives.cat\/?s={search_term_string}"},"query-input":{"@type":"PropertyValueSpecification","valueRequired":true,"valueName":"search_term_string"}}],"inLanguage":"es"},{"@type":["Organization","Place"],"@id":"https:\/\/canvives.cat\/#organization","name":"Carnicer\u00eda y Asador Can Vives","alternateName":"Can Vives Calella","url":"https:\/\/canvives.cat\/","logo":{"@id":"https:\/\/canvives.cat\/botiga\/vi-negre-pinyeres\/#local-main-organization-logo"},"image":{"@id":"https:\/\/canvives.cat\/botiga\/vi-negre-pinyeres\/#local-main-organization-logo"},"sameAs":["https:\/\/www.facebook.com\/CanVivesCalella","https:\/\/www.instagram.com\/canvivescalella\/","https:\/\/www.tiktok.com\/@can.vives.calella"],"description":"\"Carnes, platos caseros, embutidos de calidad y especialidades propias, vinos y cavas, delicatessen y quesos. La carnicer\\u00eda con m\\u00e1s historia de Calella y una de las m\\u00e1s antiguas de Catalu\\u00f1a. Somos un negocio tradicional y elaboramos nuestras propias carnes cocidas, hamburguesas, salchichas, croquetas, embutidos como fuet, longaniza, lomos curados...\"","legalName":"VIVES CLOS C.B.","foundingDate":"1840-04-25","numberOfEmployees":{"@type":"QuantitativeValue","minValue":"1","maxValue":"10"},"address":{"@id":"https:\/\/canvives.cat\/botiga\/vi-negre-pinyeres\/#local-main-place-address"},"telephone":["937690224"],"contactPoint":{"@type":"ContactPoint","telephone":"662965320","email":"canvives@canvives.cat"},"openingHoursSpecification":[{"@type":"OpeningHoursSpecification","dayOfWeek":["Monday","Tuesday","Wednesday","Thursday","Friday","Saturday","Sunday"],"opens":"09:00","closes":"17:00"}],"email":"canvives@canvives.cat","vatID":"E60450871"},{"@type":"PostalAddress","@id":"https:\/\/canvives.cat\/botiga\/vi-negre-pinyeres\/#local-main-place-address","streetAddress":"Calle Sant Joan 89","addressLocality":"Calella","postalCode":"08370","addressRegion":"Barcelona","addressCountry":"ES"},{"@type":"ImageObject","inLanguage":"es","@id":"https:\/\/canvives.cat\/botiga\/vi-negre-pinyeres\/#local-main-organization-logo","url":"https:\/\/canvives.cat\/wp-content\/uploads\/logopng512.png","contentUrl":"https:\/\/canvives.cat\/wp-content\/uploads\/logopng512.png","width":512,"height":512,"caption":"Carnisseria Rostisseria Can Vives"}]},"product_price_amount":"11.30","product_price_currency":"EUR","og_availability":"instock","product_availability":"instock","product_retailer_item_id":"8437002456498","product_condition":"new","geo.placename":"Calella","geo.region":"Espa\u00f1a"},"uagb_featured_image_src":{"full":["https:\/\/canvives.cat\/wp-content\/uploads\/1000039635.png",1024,1536,false],"thumbnail":["https:\/\/canvives.cat\/wp-content\/uploads\/1000039635-300x300.png",300,300,true],"medium":["https:\/\/canvives.cat\/wp-content\/uploads\/1000039635-400x600.png",400,600,true],"medium_large":["https:\/\/canvives.cat\/wp-content\/uploads\/1000039635-768x1152.png",768,1152,true],"large":["https:\/\/canvives.cat\/wp-content\/uploads\/1000039635-720x1080.png",720,1080,true],"1536x1536":["https:\/\/canvives.cat\/wp-content\/uploads\/1000039635.png",1024,1536,false],"2048x2048":["https:\/\/canvives.cat\/wp-content\/uploads\/1000039635.png",1024,1536,false],"trp-custom-language-flag":["https:\/\/canvives.cat\/wp-content\/uploads\/1000039635-8x12.png",8,12,true],"woocommerce_thumbnail":["https:\/\/canvives.cat\/wp-content\/uploads\/1000039635-300x300.png",300,300,true],"woocommerce_single":["https:\/\/canvives.cat\/wp-content\/uploads\/1000039635-600x900.png",600,900,true],"woocommerce_gallery_thumbnail":["https:\/\/canvives.cat\/wp-content\/uploads\/1000039635-100x100.png",100,100,true]},"uagb_author_info":{"display_name":"Administrador de Can Vives","author_link":"https:\/\/canvives.cat\/es\/author\/"},"uagb_comment_info":0,"uagb_excerpt":"Ampolles","_links":{"self":[{"href":"https:\/\/canvives.cat\/es\/wp-json\/wp\/v2\/product\/231346","targetHints":{"allow":["GET"]}}],"collection":[{"href":"https:\/\/canvives.cat\/es\/wp-json\/wp\/v2\/product"}],"about":[{"href":"https:\/\/canvives.cat\/es\/wp-json\/wp\/v2\/types\/product"}],"replies":[{"embeddable":true,"href":"https:\/\/canvives.cat\/es\/wp-json\/wp\/v2\/comments?post=231346"}],"wp:featuredmedia":[{"embeddable":true,"href":"https:\/\/canvives.cat\/es\/wp-json\/wp\/v2\/media\/231345"}],"wp:attachment":[{"href":"https:\/\/canvives.cat\/es\/wp-json\/wp\/v2\/media?parent=231346"}],"wp:term":[{"taxonomy":"product_brand","embeddable":true,"href":"https:\/\/canvives.cat\/es\/wp-json\/wp\/v2\/product_brand?post=231346"},{"taxonomy":"product_cat","embeddable":true,"href":"https:\/\/canvives.cat\/es\/wp-json\/wp\/v2\/product_cat?post=231346"},{"taxonomy":"product_tag","embeddable":true,"href":"https:\/\/canvives.cat\/es\/wp-json\/wp\/v2\/product_tag?post=231346"}],"curies":[{"name":"wp","href":"https:\/\/api.w.org\/{rel}","templated":true}]}}