{"id":231342,"date":"2026-02-25T19:40:37","date_gmt":"2026-02-25T18:40:37","guid":{"rendered":"https:\/\/canvives.cat\/?post_type=product&#038;p=231342"},"modified":"2026-04-01T19:57:52","modified_gmt":"2026-04-01T17:57:52","slug":"vino-negro-frio-y-solo","status":"publish","type":"product","link":"https:\/\/canvives.cat\/es\/botiga\/vi-negre-sola-fred\/","title":{"rendered":"Vino tinto \u201cSol\u00e0 fred\u201d"},"content":{"rendered":"<h3 data-start=\"62\" data-end=\"91\">1. Denominaci\u00f3n de Origen<\/h3>\n<ul data-start=\"92\" data-end=\"109\">\n<li data-start=\"92\" data-end=\"109\">\n<p data-start=\"94\" data-end=\"109\">D.O. Montsant<\/p>\n<\/li>\n<\/ul>\n<h3 data-start=\"111\" data-end=\"126\">2. Bodega<\/h3>\n<ul data-start=\"127\" data-end=\"191\">\n<li data-start=\"127\" data-end=\"145\">\n<p data-start=\"129\" data-end=\"145\">Bodega Masroig<\/p>\n<\/li>\n<li data-start=\"146\" data-end=\"191\">\n<p data-start=\"148\" data-end=\"191\">Ubicaci\u00f3n: El Masroig (Priorat, Tarragona)<\/p>\n<\/li>\n<\/ul>\n<h3 data-start=\"193\" data-end=\"208\">3. Envejecimiento<\/h3>\n<ul data-start=\"209\" data-end=\"355\">\n<li data-start=\"209\" data-end=\"272\">\n<p data-start=\"211\" data-end=\"272\">Sujeto a disponibilidad de existencias (consulte la a\u00f1ada espec\u00edfica).<\/p>\n<\/li>\n<li data-start=\"273\" data-end=\"355\">\n<p data-start=\"275\" data-end=\"355\">A\u00f1os caracterizados normalmente por un clima mediterr\u00e1neo con una buena maduraci\u00f3n fenol\u00f3gica.<\/p>\n<\/li>\n<\/ul>\n<h3 data-start=\"357\" data-end=\"383\">4. Variedades de uva<\/h3>\n<ul data-start=\"384\" data-end=\"416\">\n<li data-start=\"384\" data-end=\"402\">\n<p data-start=\"386\" data-end=\"402\">Garnacha Negra<\/p>\n<\/li>\n<li data-start=\"403\" data-end=\"416\">\n<p data-start=\"405\" data-end=\"416\">Carinyena<\/p>\n<\/li>\n<\/ul>\n<h3 data-start=\"418\" data-end=\"438\">5. Elaboraci\u00f3n del vino<\/h3>\n<ul data-start=\"439\" data-end=\"617\">\n<li data-start=\"439\" data-end=\"480\">\n<p data-start=\"441\" data-end=\"480\">Cosechado en el momento \u00f3ptimo de maduraci\u00f3n.<\/p>\n<\/li>\n<li data-start=\"481\" data-end=\"554\">\n<p data-start=\"483\" data-end=\"554\">Fermentaci\u00f3n en dep\u00f3sitos de acero inoxidable con control de temperatura.<\/p>\n<\/li>\n<li data-start=\"555\" data-end=\"617\">\n<p data-start=\"557\" data-end=\"617\">Maceraci\u00f3n destinada a preservar la expresi\u00f3n frutal y varietal.<\/p>\n<\/li>\n<\/ul>\n<h3 data-start=\"619\" data-end=\"635\">6. Crianza de los hijos<\/h3>\n<ul data-start=\"636\" data-end=\"781\">\n<li data-start=\"636\" data-end=\"729\">\n<p data-start=\"638\" data-end=\"729\">Vino joven sin crianza prolongada en barrica (puede pasar brevemente por madera, dependiendo de la a\u00f1ada).<\/p>\n<\/li>\n<li data-start=\"730\" data-end=\"781\">\n<p data-start=\"732\" data-end=\"781\">Breve puesta a punto antes de su venta.<\/p>\n<\/li>\n<\/ul>\n<h3 data-start=\"783\" data-end=\"812\">7. Contenido alcoh\u00f3lico<\/h3>\n<ul data-start=\"813\" data-end=\"861\">\n<li data-start=\"813\" data-end=\"861\">\n<p data-start=\"815\" data-end=\"861\">Aproximadamente 14-14,5 vol. % (dependiendo de la a\u00f1ada).<\/p>\n<\/li>\n<\/ul>\n<h3 data-start=\"863\" data-end=\"884\">8. Nota de cata<\/h3>\n<p data-start=\"886\" data-end=\"898\"><strong data-start=\"886\" data-end=\"896\">Ver:<\/strong><\/p>\n<ul data-start=\"899\" data-end=\"953\">\n<li data-start=\"899\" data-end=\"953\">\n<p data-start=\"901\" data-end=\"953\">Color rojo cereza intenso con reflejos viol\u00e1ceos.<\/p>\n<\/li>\n<\/ul>\n<p data-start=\"955\" data-end=\"965\"><strong data-start=\"955\" data-end=\"963\">Nariz:<\/strong><\/p>\n<ul data-start=\"966\" data-end=\"1099\">\n<li data-start=\"966\" data-end=\"1026\">\n<p data-start=\"968\" data-end=\"1026\">Aromas de fruta roja y negra madura (mora, cereza).<\/p>\n<\/li>\n<li data-start=\"1027\" data-end=\"1099\">\n<p data-start=\"1029\" data-end=\"1099\">Notas ligeramente especiadas y un caracter\u00edstico toque mediterr\u00e1neo de Garnacha.<\/p>\n<\/li>\n<\/ul>\n<p data-start=\"1101\" data-end=\"1112\"><strong data-start=\"1101\" data-end=\"1110\">Sabor:<\/strong><\/p>\n<ul data-start=\"1113\" data-end=\"1235\">\n<li data-start=\"1113\" data-end=\"1146\">\n<p data-start=\"1115\" data-end=\"1146\">Entrada fresca y equilibrada.<\/p>\n<\/li>\n<li data-start=\"1147\" data-end=\"1185\">\n<p data-start=\"1149\" data-end=\"1185\">Buena estructura, con taninos suaves.<\/p>\n<\/li>\n<li data-start=\"1186\" data-end=\"1235\">\n<p data-start=\"1188\" data-end=\"1235\">Un final agradable dominado por la fruta madura.<\/p>\n<\/li>\n<\/ul>\n<h3 data-start=\"1237\" data-end=\"1265\">9. Maridaje recomendado<\/h3>\n<ul data-start=\"1266\" data-end=\"1384\">\n<li data-start=\"1266\" data-end=\"1287\">\n<p data-start=\"1268\" data-end=\"1287\">Carnes a la parrilla.<\/p>\n<\/li>\n<li data-start=\"1288\" data-end=\"1327\">\n<p data-start=\"1290\" data-end=\"1327\">Salchichas y embutidos tradicionales.<\/p>\n<\/li>\n<li data-start=\"1328\" data-end=\"1353\">\n<p data-start=\"1330\" data-end=\"1353\">Platos de arroz de monta\u00f1a.<\/p>\n<\/li>\n<li data-start=\"1354\" data-end=\"1384\">\n<p data-start=\"1356\" data-end=\"1384\">Cocina mediterr\u00e1nea.<\/p>\n<\/li>\n<\/ul>\n<p data-start=\"1386\" data-end=\"1521\">Para su oferta, es un tinto muy adecuado para recomendar con carnes a la parrilla, hamburguesas artesanales o platos preparados con salsa.<\/p>\n<h3 data-start=\"1523\" data-end=\"1554\">10. Temperatura de servicio<\/h3>\n<ul data-start=\"1555\" data-end=\"1568\">\n<li data-start=\"1555\" data-end=\"1568\">\n<p data-start=\"1557\" data-end=\"1568\">14-16 \u00b0C.<\/p>\n<\/li>\n<\/ul>\n<h3 data-start=\"1570\" data-end=\"1599\">11. Vigilancia potencial<\/h3>\n<ul data-start=\"1600\" data-end=\"1668\">\n<li data-start=\"1600\" data-end=\"1668\">\n<p data-start=\"1602\" data-end=\"1668\">Dise\u00f1ado para un consumo relativamente joven, manteniendo la frescura y el sabor afrutado.<\/p>\n<\/li>\n<\/ul>","protected":false},"excerpt":{"rendered":"<p>Botellas<\/p>","protected":false},"featured_media":231341,"comment_status":"closed","ping_status":"closed","template":"","meta":{"_editorskit_title_hidden":false,"_editorskit_reading_time":0,"_editorskit_is_block_options_detached":false,"_editorskit_block_options_position":"{}","_uag_custom_page_level_css":"","_kadence_starter_templates_imported_post":false,"_kad_post_transparent":"default","_kad_post_title":"","_kad_post_layout":"default","_kad_post_sidebar_id":"","_kad_post_content_style":"default","_kad_post_vertical_padding":"default","_kad_post_feature":"","_kad_post_feature_position":"","_kad_post_header":false,"_kad_post_footer":false,"_kad_post_classname":""},"product_brand":[],"product_cat":[532,536],"product_tag":[2605,2602],"class_list":{"0":"post-231342","1":"product","2":"type-product","3":"status-publish","4":"has-post-thumbnail","6":"product_cat-altres-fabricants","7":"product_cat-vins-caves-i-licors","8":"product_tag-montsant","9":"product_tag-vins-negres","11":"first","12":"instock","13":"taxable","14":"shipping-taxable","15":"purchasable","16":"product-type-simple","17":"entry","18":"content-bg","19":"loop-entry"},"yoast_head":"<!-- This site is optimized with the Yoast SEO Premium plugin v27.4 (Yoast SEO v27.4) - https:\/\/yoast.com\/product\/yoast-seo-premium-wordpress\/ -->\n<title>Vi negre &quot;Sol\u00e0 fred&quot; - Can Vives carnissers des de 1840<\/title>\n<meta name=\"description\" content=\"Sol\u00e0 Fred Negre D.O. Montsant elaborat amb Garnatxa Negra i Carinyena. Vi fresc, equilibrat i amb fruita madura.. Compra\u2019l online a Can Vives.\" \/>\n<meta name=\"robots\" content=\"index, follow, max-snippet:-1, max-image-preview:large, max-video-preview:-1\" \/>\n<link rel=\"canonical\" href=\"https:\/\/canvives.cat\/es\/tienda\/vino-negro-frio-y-solo\/\" \/>\n<meta property=\"og:locale\" content=\"es_ES\" \/>\n<meta property=\"og:type\" content=\"article\" \/>\n<meta property=\"og:title\" content=\"Vi negre &quot;Sol\u00e0 fred&quot;\" \/>\n<meta property=\"og:description\" content=\"Sol\u00e0 Fred Negre D.O. Montsant elaborat amb Garnatxa Negra i Carinyena. Vi fresc, equilibrat i amb fruita madura.. Compra\u2019l online a Can Vives.\" \/>\n<meta property=\"og:url\" content=\"https:\/\/canvives.cat\/es\/tienda\/vino-negro-frio-y-solo\/\" \/>\n<meta property=\"og:site_name\" content=\"Can Vives carnissers des de 1840\" \/>\n<meta property=\"article:publisher\" content=\"https:\/\/www.facebook.com\/CanVivesCalella\" \/>\n<meta property=\"article:modified_time\" content=\"2026-04-01T17:57:52+00:00\" \/>\n<meta property=\"og:image\" content=\"https:\/\/canvives.cat\/wp-content\/uploads\/1000039584.png\" \/>\n\t<meta property=\"og:image:width\" content=\"1024\" \/>\n\t<meta property=\"og:image:height\" content=\"1536\" \/>\n\t<meta property=\"og:image:type\" content=\"image\/png\" \/>\n<meta name=\"twitter:card\" content=\"summary_large_image\" \/>\n<meta name=\"twitter:label1\" content=\"Precio\" \/>\n\t<meta name=\"twitter:data1\" content=\"7,65&nbsp;&euro; IVA Incl\u00f2s\" \/>\n\t<meta name=\"twitter:label2\" content=\"Disponibilidad\" \/>\n\t<meta name=\"twitter:data2\" content=\"Disponible\" \/>\n<script type=\"application\/ld+json\" class=\"yoast-schema-graph\">{\"@context\":\"https:\\\/\\\/schema.org\",\"@graph\":[{\"@type\":\"WebPage\",\"@id\":\"https:\\\/\\\/canvives.cat\\\/botiga\\\/vi-negre-sola-fred\\\/\",\"url\":\"https:\\\/\\\/canvives.cat\\\/botiga\\\/vi-negre-sola-fred\\\/\",\"name\":\"Vi negre \\\"Sol\u00e0 fred\\\" - Can Vives carnissers des de 1840\",\"isPartOf\":{\"@id\":\"https:\\\/\\\/canvives.cat\\\/#website\"},\"primaryImageOfPage\":{\"@id\":\"https:\\\/\\\/canvives.cat\\\/botiga\\\/vi-negre-sola-fred\\\/#primaryimage\"},\"image\":{\"@id\":\"https:\\\/\\\/canvives.cat\\\/botiga\\\/vi-negre-sola-fred\\\/#primaryimage\"},\"thumbnailUrl\":\"https:\\\/\\\/canvives.cat\\\/wp-content\\\/uploads\\\/1000039584.png\",\"datePublished\":\"2026-02-25T18:40:37+00:00\",\"dateModified\":\"2026-04-01T17:57:52+00:00\",\"description\":\"Sol\u00e0 Fred Negre D.O. Montsant elaborat amb Garnatxa Negra i Carinyena. Vi fresc, equilibrat i amb fruita madura.. Compra\u2019l online a Can Vives.\",\"breadcrumb\":{\"@id\":\"https:\\\/\\\/canvives.cat\\\/botiga\\\/vi-negre-sola-fred\\\/#breadcrumb\"},\"inLanguage\":\"es\",\"potentialAction\":[{\"@type\":\"ReadAction\",\"target\":[\"https:\\\/\\\/canvives.cat\\\/botiga\\\/vi-negre-sola-fred\\\/\"]}]},{\"@type\":\"ImageObject\",\"inLanguage\":\"es\",\"@id\":\"https:\\\/\\\/canvives.cat\\\/botiga\\\/vi-negre-sola-fred\\\/#primaryimage\",\"url\":\"https:\\\/\\\/canvives.cat\\\/wp-content\\\/uploads\\\/1000039584.png\",\"contentUrl\":\"https:\\\/\\\/canvives.cat\\\/wp-content\\\/uploads\\\/1000039584.png\",\"width\":1024,\"height\":1536},{\"@type\":\"BreadcrumbList\",\"@id\":\"https:\\\/\\\/canvives.cat\\\/botiga\\\/vi-negre-sola-fred\\\/#breadcrumb\",\"itemListElement\":[{\"@type\":\"ListItem\",\"position\":1,\"name\":\"Portada\",\"item\":\"https:\\\/\\\/canvives.cat\\\/\"},{\"@type\":\"ListItem\",\"position\":2,\"name\":\"Botiga\",\"item\":\"https:\\\/\\\/canvives.cat\\\/botiga\\\/\"},{\"@type\":\"ListItem\",\"position\":3,\"name\":\"Vi negre \u00abSol\u00e0 fred\u00bb\"}]},{\"@type\":\"WebSite\",\"@id\":\"https:\\\/\\\/canvives.cat\\\/#website\",\"url\":\"https:\\\/\\\/canvives.cat\\\/\",\"name\":\"Can Vives carnissers des de 1840\",\"description\":\"La carnisseria-rostisseria amb m\u00e9s anys d&#039;hist\u00f2ria a Calella i una de les m\u00e9s antigues de Catalunya. Venda a botiga i online de tot tipus de carns, embotits, formatges i plats cuinats. Som carnissers, xarcuters i rostissers.\",\"publisher\":{\"@id\":\"https:\\\/\\\/canvives.cat\\\/#organization\"},\"alternateName\":\"Can Vives Calella\",\"potentialAction\":[{\"@type\":\"SearchAction\",\"target\":{\"@type\":\"EntryPoint\",\"urlTemplate\":\"https:\\\/\\\/canvives.cat\\\/?s={search_term_string}\"},\"query-input\":{\"@type\":\"PropertyValueSpecification\",\"valueRequired\":true,\"valueName\":\"search_term_string\"}}],\"inLanguage\":\"es\"},{\"@type\":[\"Organization\",\"Place\"],\"@id\":\"https:\\\/\\\/canvives.cat\\\/#organization\",\"name\":\"Carnisseria Rostisseria Can Vives\",\"alternateName\":\"Can Vives Calella\",\"url\":\"https:\\\/\\\/canvives.cat\\\/\",\"logo\":{\"@id\":\"https:\\\/\\\/canvives.cat\\\/botiga\\\/vi-negre-sola-fred\\\/#local-main-organization-logo\"},\"image\":{\"@id\":\"https:\\\/\\\/canvives.cat\\\/botiga\\\/vi-negre-sola-fred\\\/#local-main-organization-logo\"},\"sameAs\":[\"https:\\\/\\\/www.facebook.com\\\/CanVivesCalella\",\"https:\\\/\\\/www.instagram.com\\\/canvivescalella\\\/\",\"https:\\\/\\\/www.tiktok.com\\\/@can.vives.calella\"],\"description\":\"\\\"Carns, plats cuinats casolans, embotits de qualitat i elaboraci\u00f3 pr\u00f2pia, vins i caves, delicatessen i formatges. La carnisseria amb m\u00e9s anys d'hist\u00f2ria a Calella i una de les m\u00e9s antigues de Catalunya. Comer\u00e7 tradicional Elaborem els nostres cuinats, hamburgueses, botifarres, croquetes, embotits curats com fuets, llonganisses, lloms curats...\\\"\",\"legalName\":\"VIVES CLOS C.B.\",\"foundingDate\":\"1840-04-25\",\"numberOfEmployees\":{\"@type\":\"QuantitativeValue\",\"minValue\":\"1\",\"maxValue\":\"10\"},\"address\":{\"@id\":\"https:\\\/\\\/canvives.cat\\\/botiga\\\/vi-negre-sola-fred\\\/#local-main-place-address\"},\"telephone\":[\"937690224\"],\"contactPoint\":{\"@type\":\"ContactPoint\",\"telephone\":\"662965320\",\"email\":\"canvives@canvives.cat\"},\"openingHoursSpecification\":[{\"@type\":\"OpeningHoursSpecification\",\"dayOfWeek\":[\"Monday\",\"Tuesday\",\"Wednesday\",\"Thursday\",\"Friday\",\"Saturday\",\"Sunday\"],\"opens\":\"09:00\",\"closes\":\"17:00\"}],\"email\":\"canvives@canvives.cat\",\"vatID\":\"E60450871\"},{\"@type\":\"PostalAddress\",\"@id\":\"https:\\\/\\\/canvives.cat\\\/botiga\\\/vi-negre-sola-fred\\\/#local-main-place-address\",\"streetAddress\":\"Calle Sant Joan 89\",\"addressLocality\":\"Calella\",\"postalCode\":\"08370\",\"addressRegion\":\"Barcelona\",\"addressCountry\":\"ES\"},{\"@type\":\"ImageObject\",\"inLanguage\":\"es\",\"@id\":\"https:\\\/\\\/canvives.cat\\\/botiga\\\/vi-negre-sola-fred\\\/#local-main-organization-logo\",\"url\":\"https:\\\/\\\/canvives.cat\\\/wp-content\\\/uploads\\\/logopng512.png\",\"contentUrl\":\"https:\\\/\\\/canvives.cat\\\/wp-content\\\/uploads\\\/logopng512.png\",\"width\":512,\"height\":512,\"caption\":\"Carnisseria Rostisseria Can Vives\"}]}<\/script>\n<meta property=\"product:price:amount\" content=\"7.65\" \/>\n<meta property=\"product:price:currency\" content=\"EUR\" \/>\n<meta property=\"og:availability\" content=\"instock\" \/>\n<meta property=\"product:availability\" content=\"instock\" \/>\n<meta property=\"product:retailer_item_id\" content=\"8437002456214\" \/>\n<meta property=\"product:condition\" content=\"new\" \/>\n<meta name=\"geo.placename\" content=\"Calella\" \/>\n<meta name=\"geo.region\" content=\"Espa\u00f1a\" \/>\n<!-- \/ Yoast SEO Premium plugin. -->","yoast_head_json":{"title":"Vino tinto \"Sol\u00e0 fred\" - Carnicer\u00eda Can Vives desde 1840","description":"Sol\u00e0 Fred Negre D.O. Montsant, elaborado con Garnatxa Negra y Carinyena. Un vino fresco y equilibrado con fruta madura. C\u00f3mpralo online en Can Vives.","robots":{"index":"index","follow":"follow","max-snippet":"max-snippet:-1","max-image-preview":"max-image-preview:large","max-video-preview":"max-video-preview:-1"},"canonical":"https:\/\/canvives.cat\/es\/tienda\/vino-negro-frio-y-solo\/","og_locale":"es_ES","og_type":"article","og_title":"Vi negre \"Sol\u00e0 fred\"","og_description":"Sol\u00e0 Fred Negre D.O. Montsant elaborat amb Garnatxa Negra i Carinyena. Vi fresc, equilibrat i amb fruita madura.. Compra\u2019l online a Can Vives.","og_url":"https:\/\/canvives.cat\/es\/tienda\/vino-negro-frio-y-solo\/","og_site_name":"Can Vives carnissers des de 1840","article_publisher":"https:\/\/www.facebook.com\/CanVivesCalella","article_modified_time":"2026-04-01T17:57:52+00:00","og_image":[{"width":1024,"height":1536,"url":"https:\/\/canvives.cat\/wp-content\/uploads\/1000039584.png","type":"image\/png"}],"twitter_card":"summary_large_image","twitter_misc":{"Precio":"7,65&nbsp;&euro; IVA Incl\u00f2s","Disponibilidad":"Disponible"},"schema":{"@context":"https:\/\/schema.org","@graph":[{"@type":"WebPage","@id":"https:\/\/canvives.cat\/botiga\/vi-negre-sola-fred\/","url":"https:\/\/canvives.cat\/botiga\/vi-negre-sola-fred\/","name":"Vino tinto \"Sol\u00e0 fred\" - Carnicer\u00eda Can Vives desde 1840","isPartOf":{"@id":"https:\/\/canvives.cat\/#website"},"primaryImageOfPage":{"@id":"https:\/\/canvives.cat\/botiga\/vi-negre-sola-fred\/#primaryimage"},"image":{"@id":"https:\/\/canvives.cat\/botiga\/vi-negre-sola-fred\/#primaryimage"},"thumbnailUrl":"https:\/\/canvives.cat\/wp-content\/uploads\/1000039584.png","datePublished":"2026-02-25T18:40:37+00:00","dateModified":"2026-04-01T17:57:52+00:00","description":"Sol\u00e0 Fred Negre D.O. Montsant, elaborado con Garnatxa Negra y Carinyena. Un vino fresco y equilibrado con fruta madura. C\u00f3mpralo online en Can Vives.","breadcrumb":{"@id":"https:\/\/canvives.cat\/botiga\/vi-negre-sola-fred\/#breadcrumb"},"inLanguage":"es","potentialAction":[{"@type":"ReadAction","target":["https:\/\/canvives.cat\/botiga\/vi-negre-sola-fred\/"]}]},{"@type":"ImageObject","inLanguage":"es","@id":"https:\/\/canvives.cat\/botiga\/vi-negre-sola-fred\/#primaryimage","url":"https:\/\/canvives.cat\/wp-content\/uploads\/1000039584.png","contentUrl":"https:\/\/canvives.cat\/wp-content\/uploads\/1000039584.png","width":1024,"height":1536},{"@type":"BreadcrumbList","@id":"https:\/\/canvives.cat\/botiga\/vi-negre-sola-fred\/#breadcrumb","itemListElement":[{"@type":"ListItem","position":1,"name":"Portada","item":"https:\/\/canvives.cat\/"},{"@type":"ListItem","position":2,"name":"Botiga","item":"https:\/\/canvives.cat\/botiga\/"},{"@type":"ListItem","position":3,"name":"Vi negre \u00abSol\u00e0 fred\u00bb"}]},{"@type":"WebSite","@id":"https:\/\/canvives.cat\/#website","url":"https:\/\/canvives.cat\/","name":"Can Vives carniceros desde 1840","description":"La carniceria-asador con m\u00e1s a\u00f1os de historia en Calella y una de las m\u00e1s antiguas de Catalu\u00f1a. Venta en tienda y online de todo tipo de carnes, embutidos, quesos y platos preparados. Somos carniceros, charcuteros y asadores.","publisher":{"@id":"https:\/\/canvives.cat\/#organization"},"alternateName":"Can Vives Calella","potentialAction":[{"@type":"SearchAction","target":{"@type":"EntryPoint","urlTemplate":"https:\/\/canvives.cat\/?s={search_term_string}"},"query-input":{"@type":"PropertyValueSpecification","valueRequired":true,"valueName":"search_term_string"}}],"inLanguage":"es"},{"@type":["Organization","Place"],"@id":"https:\/\/canvives.cat\/#organization","name":"Carnicer\u00eda y Asador Can Vives","alternateName":"Can Vives Calella","url":"https:\/\/canvives.cat\/","logo":{"@id":"https:\/\/canvives.cat\/botiga\/vi-negre-sola-fred\/#local-main-organization-logo"},"image":{"@id":"https:\/\/canvives.cat\/botiga\/vi-negre-sola-fred\/#local-main-organization-logo"},"sameAs":["https:\/\/www.facebook.com\/CanVivesCalella","https:\/\/www.instagram.com\/canvivescalella\/","https:\/\/www.tiktok.com\/@can.vives.calella"],"description":"\"Carnes, platos caseros, embutidos de calidad y especialidades propias, vinos y cavas, delicatessen y quesos. La carnicer\\u00eda con m\\u00e1s historia de Calella y una de las m\\u00e1s antiguas de Catalu\\u00f1a. Somos un negocio tradicional y elaboramos nuestras propias carnes cocidas, hamburguesas, salchichas, croquetas, embutidos como fuet, longaniza, lomos curados...\"","legalName":"VIVES CLOS C.B.","foundingDate":"1840-04-25","numberOfEmployees":{"@type":"QuantitativeValue","minValue":"1","maxValue":"10"},"address":{"@id":"https:\/\/canvives.cat\/botiga\/vi-negre-sola-fred\/#local-main-place-address"},"telephone":["937690224"],"contactPoint":{"@type":"ContactPoint","telephone":"662965320","email":"canvives@canvives.cat"},"openingHoursSpecification":[{"@type":"OpeningHoursSpecification","dayOfWeek":["Monday","Tuesday","Wednesday","Thursday","Friday","Saturday","Sunday"],"opens":"09:00","closes":"17:00"}],"email":"canvives@canvives.cat","vatID":"E60450871"},{"@type":"PostalAddress","@id":"https:\/\/canvives.cat\/botiga\/vi-negre-sola-fred\/#local-main-place-address","streetAddress":"Calle Sant Joan 89","addressLocality":"Calella","postalCode":"08370","addressRegion":"Barcelona","addressCountry":"ES"},{"@type":"ImageObject","inLanguage":"es","@id":"https:\/\/canvives.cat\/botiga\/vi-negre-sola-fred\/#local-main-organization-logo","url":"https:\/\/canvives.cat\/wp-content\/uploads\/logopng512.png","contentUrl":"https:\/\/canvives.cat\/wp-content\/uploads\/logopng512.png","width":512,"height":512,"caption":"Carnisseria Rostisseria Can Vives"}]},"product_price_amount":"7.65","product_price_currency":"EUR","og_availability":"instock","product_availability":"instock","product_retailer_item_id":"8437002456214","product_condition":"new","geo.placename":"Calella","geo.region":"Espa\u00f1a"},"uagb_featured_image_src":{"full":["https:\/\/canvives.cat\/wp-content\/uploads\/1000039584.png",1024,1536,false],"thumbnail":["https:\/\/canvives.cat\/wp-content\/uploads\/1000039584-300x300.png",300,300,true],"medium":["https:\/\/canvives.cat\/wp-content\/uploads\/1000039584-400x600.png",400,600,true],"medium_large":["https:\/\/canvives.cat\/wp-content\/uploads\/1000039584-768x1152.png",768,1152,true],"large":["https:\/\/canvives.cat\/wp-content\/uploads\/1000039584-720x1080.png",720,1080,true],"1536x1536":["https:\/\/canvives.cat\/wp-content\/uploads\/1000039584.png",1024,1536,false],"2048x2048":["https:\/\/canvives.cat\/wp-content\/uploads\/1000039584.png",1024,1536,false],"trp-custom-language-flag":["https:\/\/canvives.cat\/wp-content\/uploads\/1000039584-8x12.png",8,12,true],"woocommerce_thumbnail":["https:\/\/canvives.cat\/wp-content\/uploads\/1000039584-300x300.png",300,300,true],"woocommerce_single":["https:\/\/canvives.cat\/wp-content\/uploads\/1000039584-600x900.png",600,900,true],"woocommerce_gallery_thumbnail":["https:\/\/canvives.cat\/wp-content\/uploads\/1000039584-100x100.png",100,100,true]},"uagb_author_info":{"display_name":"Administrador de Can Vives","author_link":"https:\/\/canvives.cat\/es\/author\/"},"uagb_comment_info":0,"uagb_excerpt":"Ampolles","_links":{"self":[{"href":"https:\/\/canvives.cat\/es\/wp-json\/wp\/v2\/product\/231342","targetHints":{"allow":["GET"]}}],"collection":[{"href":"https:\/\/canvives.cat\/es\/wp-json\/wp\/v2\/product"}],"about":[{"href":"https:\/\/canvives.cat\/es\/wp-json\/wp\/v2\/types\/product"}],"replies":[{"embeddable":true,"href":"https:\/\/canvives.cat\/es\/wp-json\/wp\/v2\/comments?post=231342"}],"wp:featuredmedia":[{"embeddable":true,"href":"https:\/\/canvives.cat\/es\/wp-json\/wp\/v2\/media\/231341"}],"wp:attachment":[{"href":"https:\/\/canvives.cat\/es\/wp-json\/wp\/v2\/media?parent=231342"}],"wp:term":[{"taxonomy":"product_brand","embeddable":true,"href":"https:\/\/canvives.cat\/es\/wp-json\/wp\/v2\/product_brand?post=231342"},{"taxonomy":"product_cat","embeddable":true,"href":"https:\/\/canvives.cat\/es\/wp-json\/wp\/v2\/product_cat?post=231342"},{"taxonomy":"product_tag","embeddable":true,"href":"https:\/\/canvives.cat\/es\/wp-json\/wp\/v2\/product_tag?post=231342"}],"curies":[{"name":"wp","href":"https:\/\/api.w.org\/{rel}","templated":true}]}}