{"id":230524,"date":"2024-05-07T20:46:30","date_gmt":"2024-05-07T18:46:30","guid":{"rendered":"https:\/\/canvives.cat\/botiga\/vi-negre-vina-salceda-ampolla\/"},"modified":"2026-04-01T19:58:14","modified_gmt":"2026-04-01T17:58:14","slug":"vino-tinto-salceda-botella","status":"publish","type":"product","link":"https:\/\/canvives.cat\/es\/botiga\/vi-negre-vina-salceda-ampolla\/","title":{"rendered":"Vino tinto \u201cVi\u00f1a Salceda\u201d Reserva 2017"},"content":{"rendered":"<h3 data-start=\"72\" data-end=\"101\">1. Denominaci\u00f3n de Origen<\/h3>\n<ul data-start=\"102\" data-end=\"146\">\n<li data-start=\"102\" data-end=\"119\">\n<p data-start=\"104\" data-end=\"119\">Denominaci\u00f3n de Origen Controlada Rioja<\/p>\n<\/li>\n<li data-start=\"120\" data-end=\"146\">\n<p data-start=\"122\" data-end=\"146\">Subzona: Rioja Alavesa<\/p>\n<\/li>\n<\/ul>\n<h3 data-start=\"148\" data-end=\"164\">2. Bodegas<\/h3>\n<ul data-start=\"165\" data-end=\"219\">\n<li data-start=\"165\" data-end=\"189\">\n<p data-start=\"167\" data-end=\"189\">Bodega: Vi\u00f1a Salceda<\/p>\n<\/li>\n<li data-start=\"190\" data-end=\"219\">\n<p data-start=\"192\" data-end=\"219\">Ubicaci\u00f3n: Elciego (\u00c1lava)<\/p>\n<\/li>\n<\/ul>\n<h3 data-start=\"221\" data-end=\"236\">3. Envejecimiento<\/h3>\n<ul data-start=\"237\" data-end=\"346\">\n<li data-start=\"237\" data-end=\"245\">\n<p data-start=\"239\" data-end=\"245\">2017<\/p>\n<\/li>\n<li data-start=\"246\" data-end=\"346\">\n<p data-start=\"248\" data-end=\"346\">Una a\u00f1ada marcada por las heladas primaverales y un verano seco, con rendimientos m\u00e1s bajos y buena concentraci\u00f3n.<\/p>\n<\/li>\n<\/ul>\n<h3 data-start=\"348\" data-end=\"374\">4. Variedades de uva<\/h3>\n<ul data-start=\"375\" data-end=\"429\">\n<li data-start=\"375\" data-end=\"404\">\n<p data-start=\"377\" data-end=\"404\">Tempranillo (mayor\u00eda)<\/p>\n<\/li>\n<li data-start=\"405\" data-end=\"417\">\n<p data-start=\"407\" data-end=\"417\">Graciano<\/p>\n<\/li>\n<li data-start=\"418\" data-end=\"429\">\n<p data-start=\"420\" data-end=\"429\">Mazuelo<\/p>\n<\/li>\n<\/ul>\n<h3 data-start=\"431\" data-end=\"451\">5. Elaboraci\u00f3n del vino<\/h3>\n<ul data-start=\"452\" data-end=\"640\">\n<li data-start=\"452\" data-end=\"483\">\n<p data-start=\"454\" data-end=\"483\">Cosecha manual selectiva.<\/p>\n<\/li>\n<li data-start=\"484\" data-end=\"568\">\n<p data-start=\"486\" data-end=\"568\">Fermentaci\u00f3n alcoh\u00f3lica en dep\u00f3sitos de acero inoxidable con control de temperatura.<\/p>\n<\/li>\n<li data-start=\"569\" data-end=\"640\">\n<p data-start=\"571\" data-end=\"640\">Maceraci\u00f3n prolongada para mejorar la estructura y el potencial de envejecimiento.<\/p>\n<\/li>\n<\/ul>\n<h3 data-start=\"642\" data-end=\"658\">6. Crianza de los hijos<\/h3>\n<ul data-start=\"659\" data-end=\"806\">\n<li data-start=\"659\" data-end=\"736\">\n<p data-start=\"661\" data-end=\"736\">18 meses en barricas de roble (en su mayor\u00eda franc\u00e9s, con algo de americano).<\/p>\n<\/li>\n<li data-start=\"737\" data-end=\"806\">\n<p data-start=\"739\" data-end=\"806\">Envejecimiento posterior en botella antes de su comercializaci\u00f3n.<\/p>\n<\/li>\n<\/ul>\n<h3 data-start=\"808\" data-end=\"837\">7. Contenido alcoh\u00f3lico<\/h3>\n<ul data-start=\"838\" data-end=\"865\">\n<li data-start=\"838\" data-end=\"865\">\n<p data-start=\"840\" data-end=\"865\">14 % volumen aproximado.<\/p>\n<\/li>\n<\/ul>\n<h3 data-start=\"867\" data-end=\"888\">8. Nota de cata<\/h3>\n<p data-start=\"889\" data-end=\"901\"><strong data-start=\"889\" data-end=\"899\">Ver:<\/strong><\/p>\n<ul data-start=\"902\" data-end=\"954\">\n<li data-start=\"902\" data-end=\"954\">\n<p data-start=\"904\" data-end=\"954\">Color rojo rub\u00ed intenso con matices granates.<\/p>\n<\/li>\n<\/ul>\n<p data-start=\"956\" data-end=\"966\"><strong data-start=\"956\" data-end=\"964\">Nariz:<\/strong><\/p>\n<ul data-start=\"967\" data-end=\"1095\">\n<li data-start=\"967\" data-end=\"1015\">\n<p data-start=\"969\" data-end=\"1015\">Aromas de fruta negra madura (ciruela, mora).<\/p>\n<\/li>\n<li data-start=\"1016\" data-end=\"1095\">\n<p data-start=\"1018\" data-end=\"1095\">Notas especiadas, vainilla, cacao y ligeras notas tostadas procedentes de la barrica.<\/p>\n<\/li>\n<\/ul>\n<p data-start=\"1097\" data-end=\"1108\"><strong data-start=\"1097\" data-end=\"1106\">Sabor:<\/strong><\/p>\n<ul data-start=\"1109\" data-end=\"1230\">\n<li data-start=\"1109\" data-end=\"1148\">\n<p data-start=\"1111\" data-end=\"1148\">Entrada estructurada y equilibrada.<\/p>\n<\/li>\n<li data-start=\"1149\" data-end=\"1181\">\n<p data-start=\"1151\" data-end=\"1181\">Taninos finos y bien integrados.<\/p>\n<\/li>\n<li data-start=\"1182\" data-end=\"1230\">\n<p data-start=\"1184\" data-end=\"1230\">Final largo con notas bals\u00e1micas y especiadas.<\/p>\n<\/li>\n<\/ul>\n<h3 data-start=\"1232\" data-end=\"1260\">9. Maridaje recomendado<\/h3>\n<ul data-start=\"1261\" data-end=\"1432\">\n<li data-start=\"1261\" data-end=\"1302\">\n<p data-start=\"1263\" data-end=\"1302\">Carnes rojas a la parrilla o al horno.<\/p>\n<\/li>\n<li data-start=\"1303\" data-end=\"1318\">\n<p data-start=\"1305\" data-end=\"1318\">Cordero asado.<\/p>\n<\/li>\n<li data-start=\"1319\" data-end=\"1337\">\n<p data-start=\"1321\" data-end=\"1337\">Platos de caza.<\/p>\n<\/li>\n<li data-start=\"1338\" data-end=\"1359\">\n<p data-start=\"1340\" data-end=\"1359\">Quesos maduros.<\/p>\n<\/li>\n<li data-start=\"1360\" data-end=\"1432\">\n<p data-start=\"1362\" data-end=\"1432\">Tambi\u00e9n ideal para acompa\u00f1ar platos tradicionales catalanes de cocci\u00f3n lenta.<\/p>\n<\/li>\n<\/ul>\n<h3 data-start=\"1434\" data-end=\"1465\">10. Temperatura de servicio<\/h3>\n<ul data-start=\"1466\" data-end=\"1553\">\n<li data-start=\"1466\" data-end=\"1479\">\n<p data-start=\"1468\" data-end=\"1479\">16-18 \u00b0C.<\/p>\n<\/li>\n<li data-start=\"1480\" data-end=\"1553\">\n<p data-start=\"1482\" data-end=\"1553\">Se recomienda decantarlo 30 minutos antes de servirlo para potenciar sus aromas.<\/p>\n<\/li>\n<\/ul>\n<h3 data-start=\"1555\" data-end=\"1584\">11. Vigilancia potencial<\/h3>\n<ul data-start=\"1585\" data-end=\"1712\">\n<li data-start=\"1585\" data-end=\"1712\">\n<p data-start=\"1587\" data-end=\"1712\">En su fase actual de consumo, con potencial para mejorar en botella durante varios a\u00f1os si se almacena en buenas condiciones.<\/p>\n<\/li>\n<\/ul>","protected":false},"excerpt":{"rendered":"<p>Botellas<\/p>","protected":false},"featured_media":231351,"comment_status":"closed","ping_status":"closed","template":"","meta":{"_editorskit_title_hidden":false,"_editorskit_reading_time":0,"_editorskit_is_block_options_detached":false,"_editorskit_block_options_position":"{}","_uag_custom_page_level_css":"","_kadence_starter_templates_imported_post":false,"_kad_post_transparent":"default","_kad_post_title":"","_kad_post_layout":"default","_kad_post_sidebar_id":"","_kad_post_content_style":"default","_kad_post_vertical_padding":"default","_kad_post_feature":"","_kad_post_feature_position":"","_kad_post_header":false,"_kad_post_footer":false,"_kad_post_classname":""},"product_brand":[],"product_cat":[532,536],"product_tag":[2601,2602],"class_list":{"0":"post-230524","1":"product","2":"type-product","3":"status-publish","4":"has-post-thumbnail","6":"product_cat-altres-fabricants","7":"product_cat-vins-caves-i-licors","8":"product_tag-rioja","9":"product_tag-vins-negres","11":"first","12":"instock","13":"taxable","14":"shipping-taxable","15":"purchasable","16":"product-type-simple","17":"entry","18":"content-bg","19":"loop-entry"},"yoast_head":"<!-- This site is optimized with the Yoast SEO Premium plugin v27.4 (Yoast SEO v27.4) - https:\/\/yoast.com\/product\/yoast-seo-premium-wordpress\/ -->\n<title>Vi negre &quot;Vi\u00f1a Salceda&quot; reserva 2017 - Can Vives carnissers des de 1840<\/title>\n<meta name=\"description\" content=\"Vi\u00f1a Salceda Reserva 2017 D.O.Ca. Rioja Alavesa elaborat amb Tempranillo, Graciano i Mazuelo. Crian\u00e7a de 18 mesos en roure. Compra\u2019l online a Can Vives\" \/>\n<meta name=\"robots\" content=\"index, follow, max-snippet:-1, max-image-preview:large, max-video-preview:-1\" \/>\n<link rel=\"canonical\" href=\"https:\/\/canvives.cat\/es\/tienda\/vino-tinto-salceda-botella\/\" \/>\n<meta property=\"og:locale\" content=\"es_ES\" \/>\n<meta property=\"og:type\" content=\"article\" \/>\n<meta property=\"og:title\" content=\"Vi negre &quot;Vi\u00f1a Salceda&quot; reserva 2017\" \/>\n<meta property=\"og:description\" content=\"Vi\u00f1a Salceda Reserva 2017 D.O.Ca. Rioja Alavesa elaborat amb Tempranillo, Graciano i Mazuelo. Crian\u00e7a de 18 mesos en roure. Compra\u2019l online a Can Vives\" \/>\n<meta property=\"og:url\" content=\"https:\/\/canvives.cat\/es\/tienda\/vino-tinto-salceda-botella\/\" \/>\n<meta property=\"og:site_name\" content=\"Can Vives carnissers des de 1840\" \/>\n<meta property=\"article:publisher\" content=\"https:\/\/www.facebook.com\/CanVivesCalella\" \/>\n<meta property=\"article:modified_time\" content=\"2026-04-01T17:58:14+00:00\" \/>\n<meta property=\"og:image\" content=\"https:\/\/canvives.cat\/wp-content\/uploads\/1000039639.png\" \/>\n\t<meta property=\"og:image:width\" content=\"1024\" \/>\n\t<meta property=\"og:image:height\" content=\"1536\" \/>\n\t<meta property=\"og:image:type\" content=\"image\/png\" \/>\n<meta name=\"twitter:card\" content=\"summary_large_image\" \/>\n<meta name=\"twitter:label1\" content=\"Precio\" \/>\n\t<meta name=\"twitter:data1\" content=\"16,70&nbsp;&euro; IVA Incl\u00f2s\" \/>\n\t<meta name=\"twitter:label2\" content=\"Disponibilidad\" \/>\n\t<meta name=\"twitter:data2\" content=\"Disponible\" \/>\n<script type=\"application\/ld+json\" class=\"yoast-schema-graph\">{\"@context\":\"https:\\\/\\\/schema.org\",\"@graph\":[{\"@type\":\"WebPage\",\"@id\":\"https:\\\/\\\/canvives.cat\\\/botiga\\\/vi-negre-vina-salceda-ampolla\\\/\",\"url\":\"https:\\\/\\\/canvives.cat\\\/botiga\\\/vi-negre-vina-salceda-ampolla\\\/\",\"name\":\"Vi negre \\\"Vi\u00f1a Salceda\\\" reserva 2017 - Can Vives carnissers des de 1840\",\"isPartOf\":{\"@id\":\"https:\\\/\\\/canvives.cat\\\/#website\"},\"primaryImageOfPage\":{\"@id\":\"https:\\\/\\\/canvives.cat\\\/botiga\\\/vi-negre-vina-salceda-ampolla\\\/#primaryimage\"},\"image\":{\"@id\":\"https:\\\/\\\/canvives.cat\\\/botiga\\\/vi-negre-vina-salceda-ampolla\\\/#primaryimage\"},\"thumbnailUrl\":\"https:\\\/\\\/canvives.cat\\\/wp-content\\\/uploads\\\/1000039639.png\",\"datePublished\":\"2024-05-07T18:46:30+00:00\",\"dateModified\":\"2026-04-01T17:58:14+00:00\",\"description\":\"Vi\u00f1a Salceda Reserva 2017 D.O.Ca. Rioja Alavesa elaborat amb Tempranillo, Graciano i Mazuelo. Crian\u00e7a de 18 mesos en roure. Compra\u2019l online a Can Vives\",\"breadcrumb\":{\"@id\":\"https:\\\/\\\/canvives.cat\\\/botiga\\\/vi-negre-vina-salceda-ampolla\\\/#breadcrumb\"},\"inLanguage\":\"es\",\"potentialAction\":[{\"@type\":\"ReadAction\",\"target\":[\"https:\\\/\\\/canvives.cat\\\/botiga\\\/vi-negre-vina-salceda-ampolla\\\/\"]}]},{\"@type\":\"ImageObject\",\"inLanguage\":\"es\",\"@id\":\"https:\\\/\\\/canvives.cat\\\/botiga\\\/vi-negre-vina-salceda-ampolla\\\/#primaryimage\",\"url\":\"https:\\\/\\\/canvives.cat\\\/wp-content\\\/uploads\\\/1000039639.png\",\"contentUrl\":\"https:\\\/\\\/canvives.cat\\\/wp-content\\\/uploads\\\/1000039639.png\",\"width\":1024,\"height\":1536},{\"@type\":\"BreadcrumbList\",\"@id\":\"https:\\\/\\\/canvives.cat\\\/botiga\\\/vi-negre-vina-salceda-ampolla\\\/#breadcrumb\",\"itemListElement\":[{\"@type\":\"ListItem\",\"position\":1,\"name\":\"Portada\",\"item\":\"https:\\\/\\\/canvives.cat\\\/\"},{\"@type\":\"ListItem\",\"position\":2,\"name\":\"Botiga\",\"item\":\"https:\\\/\\\/canvives.cat\\\/botiga\\\/\"},{\"@type\":\"ListItem\",\"position\":3,\"name\":\"Vi negre \u00abVi\u00f1a Salceda\u00bb reserva 2017\"}]},{\"@type\":\"WebSite\",\"@id\":\"https:\\\/\\\/canvives.cat\\\/#website\",\"url\":\"https:\\\/\\\/canvives.cat\\\/\",\"name\":\"Can Vives carnissers des de 1840\",\"description\":\"La carnisseria-rostisseria amb m\u00e9s anys d&#039;hist\u00f2ria a Calella i una de les m\u00e9s antigues de Catalunya. Venda a botiga i online de tot tipus de carns, embotits, formatges i plats cuinats. Som carnissers, xarcuters i rostissers.\",\"publisher\":{\"@id\":\"https:\\\/\\\/canvives.cat\\\/#organization\"},\"alternateName\":\"Can Vives Calella\",\"potentialAction\":[{\"@type\":\"SearchAction\",\"target\":{\"@type\":\"EntryPoint\",\"urlTemplate\":\"https:\\\/\\\/canvives.cat\\\/?s={search_term_string}\"},\"query-input\":{\"@type\":\"PropertyValueSpecification\",\"valueRequired\":true,\"valueName\":\"search_term_string\"}}],\"inLanguage\":\"es\"},{\"@type\":[\"Organization\",\"Place\"],\"@id\":\"https:\\\/\\\/canvives.cat\\\/#organization\",\"name\":\"Carnisseria Rostisseria Can Vives\",\"alternateName\":\"Can Vives Calella\",\"url\":\"https:\\\/\\\/canvives.cat\\\/\",\"logo\":{\"@id\":\"https:\\\/\\\/canvives.cat\\\/botiga\\\/vi-negre-vina-salceda-ampolla\\\/#local-main-organization-logo\"},\"image\":{\"@id\":\"https:\\\/\\\/canvives.cat\\\/botiga\\\/vi-negre-vina-salceda-ampolla\\\/#local-main-organization-logo\"},\"sameAs\":[\"https:\\\/\\\/www.facebook.com\\\/CanVivesCalella\",\"https:\\\/\\\/www.instagram.com\\\/canvivescalella\\\/\",\"https:\\\/\\\/www.tiktok.com\\\/@can.vives.calella\"],\"description\":\"\\\"Carns, plats cuinats casolans, embotits de qualitat i elaboraci\u00f3 pr\u00f2pia, vins i caves, delicatessen i formatges. La carnisseria amb m\u00e9s anys d'hist\u00f2ria a Calella i una de les m\u00e9s antigues de Catalunya. Comer\u00e7 tradicional Elaborem els nostres cuinats, hamburgueses, botifarres, croquetes, embotits curats com fuets, llonganisses, lloms curats...\\\"\",\"legalName\":\"VIVES CLOS C.B.\",\"foundingDate\":\"1840-04-25\",\"numberOfEmployees\":{\"@type\":\"QuantitativeValue\",\"minValue\":\"1\",\"maxValue\":\"10\"},\"address\":{\"@id\":\"https:\\\/\\\/canvives.cat\\\/botiga\\\/vi-negre-vina-salceda-ampolla\\\/#local-main-place-address\"},\"telephone\":[\"937690224\"],\"contactPoint\":{\"@type\":\"ContactPoint\",\"telephone\":\"662965320\",\"email\":\"canvives@canvives.cat\"},\"openingHoursSpecification\":[{\"@type\":\"OpeningHoursSpecification\",\"dayOfWeek\":[\"Monday\",\"Tuesday\",\"Wednesday\",\"Thursday\",\"Friday\",\"Saturday\",\"Sunday\"],\"opens\":\"09:00\",\"closes\":\"17:00\"}],\"email\":\"canvives@canvives.cat\",\"vatID\":\"E60450871\"},{\"@type\":\"PostalAddress\",\"@id\":\"https:\\\/\\\/canvives.cat\\\/botiga\\\/vi-negre-vina-salceda-ampolla\\\/#local-main-place-address\",\"streetAddress\":\"Calle Sant Joan 89\",\"addressLocality\":\"Calella\",\"postalCode\":\"08370\",\"addressRegion\":\"Barcelona\",\"addressCountry\":\"ES\"},{\"@type\":\"ImageObject\",\"inLanguage\":\"es\",\"@id\":\"https:\\\/\\\/canvives.cat\\\/botiga\\\/vi-negre-vina-salceda-ampolla\\\/#local-main-organization-logo\",\"url\":\"https:\\\/\\\/canvives.cat\\\/wp-content\\\/uploads\\\/logopng512.png\",\"contentUrl\":\"https:\\\/\\\/canvives.cat\\\/wp-content\\\/uploads\\\/logopng512.png\",\"width\":512,\"height\":512,\"caption\":\"Carnisseria Rostisseria Can Vives\"}]}<\/script>\n<meta property=\"product:price:amount\" content=\"16.70\" \/>\n<meta property=\"product:price:currency\" content=\"EUR\" \/>\n<meta property=\"og:availability\" content=\"instock\" \/>\n<meta property=\"product:availability\" content=\"instock\" \/>\n<meta property=\"product:retailer_item_id\" content=\"8410052000101\" \/>\n<meta property=\"product:condition\" content=\"new\" \/>\n<meta name=\"geo.placename\" content=\"Calella\" \/>\n<meta name=\"geo.region\" content=\"Espa\u00f1a\" \/>\n<!-- \/ Yoast SEO Premium plugin. -->","yoast_head_json":{"title":"Vino tinto \"Vi\u00f1a Salceda\" Reserva 2017 - Carnicer\u00eda Can Vives desde 1840","description":"Vi\u00f1a Salceda Reserva 2017 D.O.Ca. Rioja Alavesa, elaborado con Tempranillo, Graciano y Mazuelo. Envejecido durante 18 meses en roble. C\u00f3mpralo online en Can Vives.","robots":{"index":"index","follow":"follow","max-snippet":"max-snippet:-1","max-image-preview":"max-image-preview:large","max-video-preview":"max-video-preview:-1"},"canonical":"https:\/\/canvives.cat\/es\/tienda\/vino-tinto-salceda-botella\/","og_locale":"es_ES","og_type":"article","og_title":"Vi negre \"Vi\u00f1a Salceda\" reserva 2017","og_description":"Vi\u00f1a Salceda Reserva 2017 D.O.Ca. Rioja Alavesa elaborat amb Tempranillo, Graciano i Mazuelo. Crian\u00e7a de 18 mesos en roure. Compra\u2019l online a Can Vives","og_url":"https:\/\/canvives.cat\/es\/tienda\/vino-tinto-salceda-botella\/","og_site_name":"Can Vives carnissers des de 1840","article_publisher":"https:\/\/www.facebook.com\/CanVivesCalella","article_modified_time":"2026-04-01T17:58:14+00:00","og_image":[{"width":1024,"height":1536,"url":"https:\/\/canvives.cat\/wp-content\/uploads\/1000039639.png","type":"image\/png"}],"twitter_card":"summary_large_image","twitter_misc":{"Precio":"16,70&nbsp;&euro; IVA Incl\u00f2s","Disponibilidad":"Disponible"},"schema":{"@context":"https:\/\/schema.org","@graph":[{"@type":"WebPage","@id":"https:\/\/canvives.cat\/botiga\/vi-negre-vina-salceda-ampolla\/","url":"https:\/\/canvives.cat\/botiga\/vi-negre-vina-salceda-ampolla\/","name":"Vino tinto \"Vi\u00f1a Salceda\" Reserva 2017 - Carnicer\u00eda Can Vives desde 1840","isPartOf":{"@id":"https:\/\/canvives.cat\/#website"},"primaryImageOfPage":{"@id":"https:\/\/canvives.cat\/botiga\/vi-negre-vina-salceda-ampolla\/#primaryimage"},"image":{"@id":"https:\/\/canvives.cat\/botiga\/vi-negre-vina-salceda-ampolla\/#primaryimage"},"thumbnailUrl":"https:\/\/canvives.cat\/wp-content\/uploads\/1000039639.png","datePublished":"2024-05-07T18:46:30+00:00","dateModified":"2026-04-01T17:58:14+00:00","description":"Vi\u00f1a Salceda Reserva 2017 D.O.Ca. Rioja Alavesa, elaborado con Tempranillo, Graciano y Mazuelo. Envejecido durante 18 meses en roble. C\u00f3mpralo online en Can Vives.","breadcrumb":{"@id":"https:\/\/canvives.cat\/botiga\/vi-negre-vina-salceda-ampolla\/#breadcrumb"},"inLanguage":"es","potentialAction":[{"@type":"ReadAction","target":["https:\/\/canvives.cat\/botiga\/vi-negre-vina-salceda-ampolla\/"]}]},{"@type":"ImageObject","inLanguage":"es","@id":"https:\/\/canvives.cat\/botiga\/vi-negre-vina-salceda-ampolla\/#primaryimage","url":"https:\/\/canvives.cat\/wp-content\/uploads\/1000039639.png","contentUrl":"https:\/\/canvives.cat\/wp-content\/uploads\/1000039639.png","width":1024,"height":1536},{"@type":"BreadcrumbList","@id":"https:\/\/canvives.cat\/botiga\/vi-negre-vina-salceda-ampolla\/#breadcrumb","itemListElement":[{"@type":"ListItem","position":1,"name":"Portada","item":"https:\/\/canvives.cat\/"},{"@type":"ListItem","position":2,"name":"Botiga","item":"https:\/\/canvives.cat\/botiga\/"},{"@type":"ListItem","position":3,"name":"Vi negre \u00abVi\u00f1a Salceda\u00bb reserva 2017"}]},{"@type":"WebSite","@id":"https:\/\/canvives.cat\/#website","url":"https:\/\/canvives.cat\/","name":"Can Vives carniceros desde 1840","description":"La carniceria-asador con m\u00e1s a\u00f1os de historia en Calella y una de las m\u00e1s antiguas de Catalu\u00f1a. Venta en tienda y online de todo tipo de carnes, embutidos, quesos y platos preparados. Somos carniceros, charcuteros y asadores.","publisher":{"@id":"https:\/\/canvives.cat\/#organization"},"alternateName":"Can Vives Calella","potentialAction":[{"@type":"SearchAction","target":{"@type":"EntryPoint","urlTemplate":"https:\/\/canvives.cat\/?s={search_term_string}"},"query-input":{"@type":"PropertyValueSpecification","valueRequired":true,"valueName":"search_term_string"}}],"inLanguage":"es"},{"@type":["Organization","Place"],"@id":"https:\/\/canvives.cat\/#organization","name":"Carnicer\u00eda y Asador Can Vives","alternateName":"Can Vives Calella","url":"https:\/\/canvives.cat\/","logo":{"@id":"https:\/\/canvives.cat\/botiga\/vi-negre-vina-salceda-ampolla\/#local-main-organization-logo"},"image":{"@id":"https:\/\/canvives.cat\/botiga\/vi-negre-vina-salceda-ampolla\/#local-main-organization-logo"},"sameAs":["https:\/\/www.facebook.com\/CanVivesCalella","https:\/\/www.instagram.com\/canvivescalella\/","https:\/\/www.tiktok.com\/@can.vives.calella"],"description":"\"Carnes, platos caseros, embutidos de calidad y especialidades propias, vinos y cavas, delicatessen y quesos. La carnicer\\u00eda con m\\u00e1s historia de Calella y una de las m\\u00e1s antiguas de Catalu\\u00f1a. Somos un negocio tradicional y elaboramos nuestras propias carnes cocidas, hamburguesas, salchichas, croquetas, embutidos como fuet, longaniza, lomos curados...\"","legalName":"VIVES CLOS C.B.","foundingDate":"1840-04-25","numberOfEmployees":{"@type":"QuantitativeValue","minValue":"1","maxValue":"10"},"address":{"@id":"https:\/\/canvives.cat\/botiga\/vi-negre-vina-salceda-ampolla\/#local-main-place-address"},"telephone":["937690224"],"contactPoint":{"@type":"ContactPoint","telephone":"662965320","email":"canvives@canvives.cat"},"openingHoursSpecification":[{"@type":"OpeningHoursSpecification","dayOfWeek":["Monday","Tuesday","Wednesday","Thursday","Friday","Saturday","Sunday"],"opens":"09:00","closes":"17:00"}],"email":"canvives@canvives.cat","vatID":"E60450871"},{"@type":"PostalAddress","@id":"https:\/\/canvives.cat\/botiga\/vi-negre-vina-salceda-ampolla\/#local-main-place-address","streetAddress":"Calle Sant Joan 89","addressLocality":"Calella","postalCode":"08370","addressRegion":"Barcelona","addressCountry":"ES"},{"@type":"ImageObject","inLanguage":"es","@id":"https:\/\/canvives.cat\/botiga\/vi-negre-vina-salceda-ampolla\/#local-main-organization-logo","url":"https:\/\/canvives.cat\/wp-content\/uploads\/logopng512.png","contentUrl":"https:\/\/canvives.cat\/wp-content\/uploads\/logopng512.png","width":512,"height":512,"caption":"Carnisseria Rostisseria Can Vives"}]},"product_price_amount":"16.70","product_price_currency":"EUR","og_availability":"instock","product_availability":"instock","product_retailer_item_id":"8410052000101","product_condition":"new","geo.placename":"Calella","geo.region":"Espa\u00f1a"},"uagb_featured_image_src":{"full":["https:\/\/canvives.cat\/wp-content\/uploads\/1000039639.png",1024,1536,false],"thumbnail":["https:\/\/canvives.cat\/wp-content\/uploads\/1000039639-300x300.png",300,300,true],"medium":["https:\/\/canvives.cat\/wp-content\/uploads\/1000039639-400x600.png",400,600,true],"medium_large":["https:\/\/canvives.cat\/wp-content\/uploads\/1000039639-768x1152.png",768,1152,true],"large":["https:\/\/canvives.cat\/wp-content\/uploads\/1000039639-720x1080.png",720,1080,true],"1536x1536":["https:\/\/canvives.cat\/wp-content\/uploads\/1000039639.png",1024,1536,false],"2048x2048":["https:\/\/canvives.cat\/wp-content\/uploads\/1000039639.png",1024,1536,false],"trp-custom-language-flag":["https:\/\/canvives.cat\/wp-content\/uploads\/1000039639-8x12.png",8,12,true],"woocommerce_thumbnail":["https:\/\/canvives.cat\/wp-content\/uploads\/1000039639-300x300.png",300,300,true],"woocommerce_single":["https:\/\/canvives.cat\/wp-content\/uploads\/1000039639-600x900.png",600,900,true],"woocommerce_gallery_thumbnail":["https:\/\/canvives.cat\/wp-content\/uploads\/1000039639-100x100.png",100,100,true]},"uagb_author_info":{"display_name":"Administrador de Can Vives","author_link":"https:\/\/canvives.cat\/es\/author\/"},"uagb_comment_info":0,"uagb_excerpt":"Ampolles","_links":{"self":[{"href":"https:\/\/canvives.cat\/es\/wp-json\/wp\/v2\/product\/230524","targetHints":{"allow":["GET"]}}],"collection":[{"href":"https:\/\/canvives.cat\/es\/wp-json\/wp\/v2\/product"}],"about":[{"href":"https:\/\/canvives.cat\/es\/wp-json\/wp\/v2\/types\/product"}],"replies":[{"embeddable":true,"href":"https:\/\/canvives.cat\/es\/wp-json\/wp\/v2\/comments?post=230524"}],"wp:featuredmedia":[{"embeddable":true,"href":"https:\/\/canvives.cat\/es\/wp-json\/wp\/v2\/media\/231351"}],"wp:attachment":[{"href":"https:\/\/canvives.cat\/es\/wp-json\/wp\/v2\/media?parent=230524"}],"wp:term":[{"taxonomy":"product_brand","embeddable":true,"href":"https:\/\/canvives.cat\/es\/wp-json\/wp\/v2\/product_brand?post=230524"},{"taxonomy":"product_cat","embeddable":true,"href":"https:\/\/canvives.cat\/es\/wp-json\/wp\/v2\/product_cat?post=230524"},{"taxonomy":"product_tag","embeddable":true,"href":"https:\/\/canvives.cat\/es\/wp-json\/wp\/v2\/product_tag?post=230524"}],"curies":[{"name":"wp","href":"https:\/\/api.w.org\/{rel}","templated":true}]}}