{"id":223325,"date":"2024-05-26T09:29:54","date_gmt":"2024-05-26T07:29:54","guid":{"rendered":"https:\/\/canvives.cat\/?post_type=product&#038;p=223325"},"modified":"2026-04-01T19:58:04","modified_gmt":"2026-04-01T17:58:04","slug":"galleta-half-canigo","status":"publish","type":"product","link":"https:\/\/canvives.cat\/es\/botiga\/galet-mitja-canigo\/","title":{"rendered":"Media concha Canig\u00f3 (paquete de 250 gramos)"},"content":{"rendered":"<p data-start=\"3380\" data-end=\"3628\">El <strong data-start=\"3383\" data-end=\"3411\">galleta Canig\u00f3 mediana<\/strong> Es una pasta ideal para preparar sopas con m\u00e1s consistencia y textura. Su forma distintiva le permite retener el caldo y a\u00f1adir cuerpo al plato, lo que la convierte en una opci\u00f3n perfecta para sopas caseras llenas de sabor.<\/p>\n<p data-start=\"3630\" data-end=\"3936\">El <strong data-start=\"3633\" data-end=\"3649\">Pasta Canig\u00f3<\/strong> Est\u00e1 elaborado artesanalmente con s\u00e9mola de trigo duro seleccionada.<br data-start=\"3711\" data-end=\"3714\" \/><span class=\"hover:entity-accent entity-underline inline cursor-pointer align-baseline\"><span class=\"whitespace-normal\">San Hilario de Soalme<\/span><\/span>. Este proceso de producci\u00f3n tradicional da como resultado una pasta con una buena consistencia y una cocci\u00f3n equilibrada, dise\u00f1ada para ofrecer calidad y autenticidad a la cocina diaria.<\/p>","protected":false},"excerpt":{"rendered":"<p>Paquetes de 250 gramos<\/p>","protected":false},"featured_media":224030,"comment_status":"closed","ping_status":"closed","template":"","meta":{"_editorskit_title_hidden":false,"_editorskit_reading_time":0,"_editorskit_is_block_options_detached":false,"_editorskit_block_options_position":"{}","_uag_custom_page_level_css":"","_kadence_starter_templates_imported_post":false,"_kad_post_transparent":"default","_kad_post_title":"","_kad_post_layout":"default","_kad_post_sidebar_id":"","_kad_post_content_style":"default","_kad_post_vertical_padding":"default","_kad_post_feature":"","_kad_post_feature_position":"","_kad_post_header":false,"_kad_post_footer":false,"_kad_post_classname":""},"product_brand":[2627],"product_cat":[532,535],"product_tag":[],"class_list":{"0":"post-223325","1":"product","2":"type-product","3":"status-publish","4":"has-post-thumbnail","6":"product_brand-canigo","7":"product_cat-altres-fabricants","8":"product_cat-queviures-i-delicatessen","10":"first","11":"instock","12":"taxable","13":"shipping-taxable","14":"purchasable","15":"product-type-simple","16":"entry","17":"content-bg","18":"loop-entry"},"yoast_head":"<!-- This site is optimized with the Yoast SEO Premium plugin v27.4 (Yoast SEO v27.4) - https:\/\/yoast.com\/product\/yoast-seo-premium-wordpress\/ -->\n<title>Galet mitja Canig\u00f3 (Paquet de 250 grams) - Can Vives carnissers des de 1840<\/title>\n<meta name=\"description\" content=\"Galet mitj\u00e0 Pasta Canig\u00f3 elaborat a Sant Hilari Sacalm amb s\u00e8mola de blat dur. Pasta artesanal perfecta per sopes i brous saborosos.\" \/>\n<meta name=\"robots\" content=\"index, follow, max-snippet:-1, max-image-preview:large, max-video-preview:-1\" \/>\n<link rel=\"canonical\" href=\"https:\/\/canvives.cat\/es\/tienda\/galleta-half-canigo\/\" \/>\n<meta property=\"og:locale\" content=\"es_ES\" \/>\n<meta property=\"og:type\" content=\"article\" \/>\n<meta property=\"og:title\" content=\"Galet mitja Canig\u00f3 (Paquet de 250 grams)\" \/>\n<meta property=\"og:description\" content=\"Galet mitj\u00e0 Pasta Canig\u00f3 elaborat a Sant Hilari Sacalm amb s\u00e8mola de blat dur. Pasta artesanal perfecta per sopes i brous saborosos.\" \/>\n<meta property=\"og:url\" content=\"https:\/\/canvives.cat\/es\/tienda\/galleta-half-canigo\/\" \/>\n<meta property=\"og:site_name\" content=\"Can Vives carnissers des de 1840\" \/>\n<meta property=\"article:publisher\" content=\"https:\/\/www.facebook.com\/CanVivesCalella\" \/>\n<meta property=\"article:modified_time\" content=\"2026-04-01T17:58:04+00:00\" \/>\n<meta property=\"og:image\" content=\"https:\/\/canvives.cat\/wp-content\/uploads\/10.png\" \/>\n\t<meta property=\"og:image:width\" content=\"1024\" \/>\n\t<meta property=\"og:image:height\" content=\"1024\" \/>\n\t<meta property=\"og:image:type\" content=\"image\/png\" \/>\n<meta name=\"twitter:card\" content=\"summary_large_image\" \/>\n<meta name=\"twitter:label1\" content=\"Precio\" \/>\n\t<meta name=\"twitter:data1\" content=\"1,80&nbsp;&euro; IVA Incl\u00f2s\" \/>\n\t<meta name=\"twitter:label2\" content=\"Disponibilidad\" \/>\n\t<meta name=\"twitter:data2\" content=\"Disponible\" \/>\n<script type=\"application\/ld+json\" class=\"yoast-schema-graph\">{\"@context\":\"https:\\\/\\\/schema.org\",\"@graph\":[{\"@type\":\"WebPage\",\"@id\":\"https:\\\/\\\/canvives.cat\\\/botiga\\\/galet-mitja-canigo\\\/\",\"url\":\"https:\\\/\\\/canvives.cat\\\/botiga\\\/galet-mitja-canigo\\\/\",\"name\":\"Galet mitja Canig\u00f3 (Paquet de 250 grams) - Can Vives carnissers des de 1840\",\"isPartOf\":{\"@id\":\"https:\\\/\\\/canvives.cat\\\/#website\"},\"primaryImageOfPage\":{\"@id\":\"https:\\\/\\\/canvives.cat\\\/botiga\\\/galet-mitja-canigo\\\/#primaryimage\"},\"image\":{\"@id\":\"https:\\\/\\\/canvives.cat\\\/botiga\\\/galet-mitja-canigo\\\/#primaryimage\"},\"thumbnailUrl\":\"https:\\\/\\\/canvives.cat\\\/wp-content\\\/uploads\\\/10.png\",\"datePublished\":\"2024-05-26T07:29:54+00:00\",\"dateModified\":\"2026-04-01T17:58:04+00:00\",\"description\":\"Galet mitj\u00e0 Pasta Canig\u00f3 elaborat a Sant Hilari Sacalm amb s\u00e8mola de blat dur. Pasta artesanal perfecta per sopes i brous saborosos.\",\"breadcrumb\":{\"@id\":\"https:\\\/\\\/canvives.cat\\\/botiga\\\/galet-mitja-canigo\\\/#breadcrumb\"},\"inLanguage\":\"es\",\"potentialAction\":[{\"@type\":\"ReadAction\",\"target\":[\"https:\\\/\\\/canvives.cat\\\/botiga\\\/galet-mitja-canigo\\\/\"]}]},{\"@type\":\"ImageObject\",\"inLanguage\":\"es\",\"@id\":\"https:\\\/\\\/canvives.cat\\\/botiga\\\/galet-mitja-canigo\\\/#primaryimage\",\"url\":\"https:\\\/\\\/canvives.cat\\\/wp-content\\\/uploads\\\/10.png\",\"contentUrl\":\"https:\\\/\\\/canvives.cat\\\/wp-content\\\/uploads\\\/10.png\",\"width\":1024,\"height\":1024},{\"@type\":\"BreadcrumbList\",\"@id\":\"https:\\\/\\\/canvives.cat\\\/botiga\\\/galet-mitja-canigo\\\/#breadcrumb\",\"itemListElement\":[{\"@type\":\"ListItem\",\"position\":1,\"name\":\"Portada\",\"item\":\"https:\\\/\\\/canvives.cat\\\/\"},{\"@type\":\"ListItem\",\"position\":2,\"name\":\"Botiga\",\"item\":\"https:\\\/\\\/canvives.cat\\\/botiga\\\/\"},{\"@type\":\"ListItem\",\"position\":3,\"name\":\"Galet mitja Canig\u00f3 (Paquet de 250 grams)\"}]},{\"@type\":\"WebSite\",\"@id\":\"https:\\\/\\\/canvives.cat\\\/#website\",\"url\":\"https:\\\/\\\/canvives.cat\\\/\",\"name\":\"Can Vives carnissers des de 1840\",\"description\":\"La carnisseria-rostisseria amb m\u00e9s anys d&#039;hist\u00f2ria a Calella i una de les m\u00e9s antigues de Catalunya. Venda a botiga i online de tot tipus de carns, embotits, formatges i plats cuinats. Som carnissers, xarcuters i rostissers.\",\"publisher\":{\"@id\":\"https:\\\/\\\/canvives.cat\\\/#organization\"},\"alternateName\":\"Can Vives Calella\",\"potentialAction\":[{\"@type\":\"SearchAction\",\"target\":{\"@type\":\"EntryPoint\",\"urlTemplate\":\"https:\\\/\\\/canvives.cat\\\/?s={search_term_string}\"},\"query-input\":{\"@type\":\"PropertyValueSpecification\",\"valueRequired\":true,\"valueName\":\"search_term_string\"}}],\"inLanguage\":\"es\"},{\"@type\":[\"Organization\",\"Place\"],\"@id\":\"https:\\\/\\\/canvives.cat\\\/#organization\",\"name\":\"Carnisseria Rostisseria Can Vives\",\"alternateName\":\"Can Vives Calella\",\"url\":\"https:\\\/\\\/canvives.cat\\\/\",\"logo\":{\"@id\":\"https:\\\/\\\/canvives.cat\\\/botiga\\\/galet-mitja-canigo\\\/#local-main-organization-logo\"},\"image\":{\"@id\":\"https:\\\/\\\/canvives.cat\\\/botiga\\\/galet-mitja-canigo\\\/#local-main-organization-logo\"},\"sameAs\":[\"https:\\\/\\\/www.facebook.com\\\/CanVivesCalella\",\"https:\\\/\\\/www.instagram.com\\\/canvivescalella\\\/\",\"https:\\\/\\\/www.tiktok.com\\\/@can.vives.calella\"],\"description\":\"\\\"Carns, plats cuinats casolans, embotits de qualitat i elaboraci\u00f3 pr\u00f2pia, vins i caves, delicatessen i formatges. La carnisseria amb m\u00e9s anys d'hist\u00f2ria a Calella i una de les m\u00e9s antigues de Catalunya. Comer\u00e7 tradicional Elaborem els nostres cuinats, hamburgueses, botifarres, croquetes, embotits curats com fuets, llonganisses, lloms curats...\\\"\",\"legalName\":\"VIVES CLOS C.B.\",\"foundingDate\":\"1840-04-25\",\"numberOfEmployees\":{\"@type\":\"QuantitativeValue\",\"minValue\":\"1\",\"maxValue\":\"10\"},\"address\":{\"@id\":\"https:\\\/\\\/canvives.cat\\\/botiga\\\/galet-mitja-canigo\\\/#local-main-place-address\"},\"telephone\":[\"937690224\"],\"contactPoint\":{\"@type\":\"ContactPoint\",\"telephone\":\"662965320\",\"email\":\"canvives@canvives.cat\"},\"openingHoursSpecification\":[{\"@type\":\"OpeningHoursSpecification\",\"dayOfWeek\":[\"Monday\",\"Tuesday\",\"Wednesday\",\"Thursday\",\"Friday\",\"Saturday\",\"Sunday\"],\"opens\":\"09:00\",\"closes\":\"17:00\"}],\"email\":\"canvives@canvives.cat\",\"vatID\":\"E60450871\"},{\"@type\":\"PostalAddress\",\"@id\":\"https:\\\/\\\/canvives.cat\\\/botiga\\\/galet-mitja-canigo\\\/#local-main-place-address\",\"streetAddress\":\"Calle Sant Joan 89\",\"addressLocality\":\"Calella\",\"postalCode\":\"08370\",\"addressRegion\":\"Barcelona\",\"addressCountry\":\"ES\"},{\"@type\":\"ImageObject\",\"inLanguage\":\"es\",\"@id\":\"https:\\\/\\\/canvives.cat\\\/botiga\\\/galet-mitja-canigo\\\/#local-main-organization-logo\",\"url\":\"https:\\\/\\\/canvives.cat\\\/wp-content\\\/uploads\\\/logopng512.png\",\"contentUrl\":\"https:\\\/\\\/canvives.cat\\\/wp-content\\\/uploads\\\/logopng512.png\",\"width\":512,\"height\":512,\"caption\":\"Carnisseria Rostisseria Can Vives\"}]}<\/script>\n<meta property=\"product:price:amount\" content=\"1.80\" \/>\n<meta property=\"product:price:currency\" content=\"EUR\" \/>\n<meta property=\"og:availability\" content=\"instock\" \/>\n<meta property=\"product:availability\" content=\"instock\" \/>\n<meta property=\"product:retailer_item_id\" content=\"8,42028E+12\" \/>\n<meta property=\"product:condition\" content=\"new\" \/>\n<meta name=\"geo.placename\" content=\"Calella\" \/>\n<meta name=\"geo.region\" content=\"Espa\u00f1a\" \/>\n<!-- \/ Yoast SEO Premium plugin. -->","yoast_head_json":{"title":"Medio cuerno de Canig\u00f3 (paquete de 250 gramos) - Carnicer\u00eda Can Vives desde 1840","description":"Pasta mediana Pasta Canig\u00f3, elaborada en Sant Hilari Sacalm con s\u00e9mola de trigo duro. Pasta artesanal perfecta para sopas y caldos sabrosos.","robots":{"index":"index","follow":"follow","max-snippet":"max-snippet:-1","max-image-preview":"max-image-preview:large","max-video-preview":"max-video-preview:-1"},"canonical":"https:\/\/canvives.cat\/es\/tienda\/galleta-half-canigo\/","og_locale":"es_ES","og_type":"article","og_title":"Galet mitja Canig\u00f3 (Paquet de 250 grams)","og_description":"Galet mitj\u00e0 Pasta Canig\u00f3 elaborat a Sant Hilari Sacalm amb s\u00e8mola de blat dur. Pasta artesanal perfecta per sopes i brous saborosos.","og_url":"https:\/\/canvives.cat\/es\/tienda\/galleta-half-canigo\/","og_site_name":"Can Vives carnissers des de 1840","article_publisher":"https:\/\/www.facebook.com\/CanVivesCalella","article_modified_time":"2026-04-01T17:58:04+00:00","og_image":[{"width":1024,"height":1024,"url":"https:\/\/canvives.cat\/wp-content\/uploads\/10.png","type":"image\/png"}],"twitter_card":"summary_large_image","twitter_misc":{"Precio":"1,80&nbsp;&euro; IVA Incl\u00f2s","Disponibilidad":"Disponible"},"schema":{"@context":"https:\/\/schema.org","@graph":[{"@type":"WebPage","@id":"https:\/\/canvives.cat\/botiga\/galet-mitja-canigo\/","url":"https:\/\/canvives.cat\/botiga\/galet-mitja-canigo\/","name":"Medio cuerno de Canig\u00f3 (paquete de 250 gramos) - Carnicer\u00eda Can Vives desde 1840","isPartOf":{"@id":"https:\/\/canvives.cat\/#website"},"primaryImageOfPage":{"@id":"https:\/\/canvives.cat\/botiga\/galet-mitja-canigo\/#primaryimage"},"image":{"@id":"https:\/\/canvives.cat\/botiga\/galet-mitja-canigo\/#primaryimage"},"thumbnailUrl":"https:\/\/canvives.cat\/wp-content\/uploads\/10.png","datePublished":"2024-05-26T07:29:54+00:00","dateModified":"2026-04-01T17:58:04+00:00","description":"Pasta mediana Pasta Canig\u00f3, elaborada en Sant Hilari Sacalm con s\u00e9mola de trigo duro. Pasta artesanal perfecta para sopas y caldos sabrosos.","breadcrumb":{"@id":"https:\/\/canvives.cat\/botiga\/galet-mitja-canigo\/#breadcrumb"},"inLanguage":"es","potentialAction":[{"@type":"ReadAction","target":["https:\/\/canvives.cat\/botiga\/galet-mitja-canigo\/"]}]},{"@type":"ImageObject","inLanguage":"es","@id":"https:\/\/canvives.cat\/botiga\/galet-mitja-canigo\/#primaryimage","url":"https:\/\/canvives.cat\/wp-content\/uploads\/10.png","contentUrl":"https:\/\/canvives.cat\/wp-content\/uploads\/10.png","width":1024,"height":1024},{"@type":"BreadcrumbList","@id":"https:\/\/canvives.cat\/botiga\/galet-mitja-canigo\/#breadcrumb","itemListElement":[{"@type":"ListItem","position":1,"name":"Portada","item":"https:\/\/canvives.cat\/"},{"@type":"ListItem","position":2,"name":"Botiga","item":"https:\/\/canvives.cat\/botiga\/"},{"@type":"ListItem","position":3,"name":"Galet mitja Canig\u00f3 (Paquet de 250 grams)"}]},{"@type":"WebSite","@id":"https:\/\/canvives.cat\/#website","url":"https:\/\/canvives.cat\/","name":"Can Vives carniceros desde 1840","description":"La carniceria-asador con m\u00e1s a\u00f1os de historia en Calella y una de las m\u00e1s antiguas de Catalu\u00f1a. Venta en tienda y online de todo tipo de carnes, embutidos, quesos y platos preparados. Somos carniceros, charcuteros y asadores.","publisher":{"@id":"https:\/\/canvives.cat\/#organization"},"alternateName":"Can Vives Calella","potentialAction":[{"@type":"SearchAction","target":{"@type":"EntryPoint","urlTemplate":"https:\/\/canvives.cat\/?s={search_term_string}"},"query-input":{"@type":"PropertyValueSpecification","valueRequired":true,"valueName":"search_term_string"}}],"inLanguage":"es"},{"@type":["Organization","Place"],"@id":"https:\/\/canvives.cat\/#organization","name":"Carnicer\u00eda y Asador Can Vives","alternateName":"Can Vives Calella","url":"https:\/\/canvives.cat\/","logo":{"@id":"https:\/\/canvives.cat\/botiga\/galet-mitja-canigo\/#local-main-organization-logo"},"image":{"@id":"https:\/\/canvives.cat\/botiga\/galet-mitja-canigo\/#local-main-organization-logo"},"sameAs":["https:\/\/www.facebook.com\/CanVivesCalella","https:\/\/www.instagram.com\/canvivescalella\/","https:\/\/www.tiktok.com\/@can.vives.calella"],"description":"\"Carnes, platos caseros, embutidos de calidad y especialidades propias, vinos y cavas, delicatessen y quesos. La carnicer\\u00eda con m\\u00e1s historia de Calella y una de las m\\u00e1s antiguas de Catalu\\u00f1a. Somos un negocio tradicional y elaboramos nuestras propias carnes cocidas, hamburguesas, salchichas, croquetas, embutidos como fuet, longaniza, lomos curados...\"","legalName":"VIVES CLOS C.B.","foundingDate":"1840-04-25","numberOfEmployees":{"@type":"QuantitativeValue","minValue":"1","maxValue":"10"},"address":{"@id":"https:\/\/canvives.cat\/botiga\/galet-mitja-canigo\/#local-main-place-address"},"telephone":["937690224"],"contactPoint":{"@type":"ContactPoint","telephone":"662965320","email":"canvives@canvives.cat"},"openingHoursSpecification":[{"@type":"OpeningHoursSpecification","dayOfWeek":["Monday","Tuesday","Wednesday","Thursday","Friday","Saturday","Sunday"],"opens":"09:00","closes":"17:00"}],"email":"canvives@canvives.cat","vatID":"E60450871"},{"@type":"PostalAddress","@id":"https:\/\/canvives.cat\/botiga\/galet-mitja-canigo\/#local-main-place-address","streetAddress":"Calle Sant Joan 89","addressLocality":"Calella","postalCode":"08370","addressRegion":"Barcelona","addressCountry":"ES"},{"@type":"ImageObject","inLanguage":"es","@id":"https:\/\/canvives.cat\/botiga\/galet-mitja-canigo\/#local-main-organization-logo","url":"https:\/\/canvives.cat\/wp-content\/uploads\/logopng512.png","contentUrl":"https:\/\/canvives.cat\/wp-content\/uploads\/logopng512.png","width":512,"height":512,"caption":"Carnisseria Rostisseria Can Vives"}]},"product_price_amount":"1.80","product_price_currency":"EUR","og_availability":"instock","product_availability":"instock","product_retailer_item_id":"8,42028E+12","product_condition":"new","geo.placename":"Calella","geo.region":"Espa\u00f1a"},"uagb_featured_image_src":{"full":["https:\/\/canvives.cat\/wp-content\/uploads\/10.png",1024,1024,false],"thumbnail":["https:\/\/canvives.cat\/wp-content\/uploads\/10-300x300.png",300,300,true],"medium":["https:\/\/canvives.cat\/wp-content\/uploads\/10-600x600.png",600,600,true],"medium_large":["https:\/\/canvives.cat\/wp-content\/uploads\/10-768x768.png",768,768,true],"large":["https:\/\/canvives.cat\/wp-content\/uploads\/10-1024x1024.png",1024,1024,true],"1536x1536":["https:\/\/canvives.cat\/wp-content\/uploads\/10.png",1024,1024,false],"2048x2048":["https:\/\/canvives.cat\/wp-content\/uploads\/10.png",1024,1024,false],"trp-custom-language-flag":["https:\/\/canvives.cat\/wp-content\/uploads\/10-12x12.png",12,12,true],"woocommerce_thumbnail":["https:\/\/canvives.cat\/wp-content\/uploads\/10-300x300.png",300,300,true],"woocommerce_single":["https:\/\/canvives.cat\/wp-content\/uploads\/10-600x600.png",600,600,true],"woocommerce_gallery_thumbnail":["https:\/\/canvives.cat\/wp-content\/uploads\/10-100x100.png",100,100,true]},"uagb_author_info":{"display_name":"Administrador de Can Vives","author_link":"https:\/\/canvives.cat\/es\/author\/"},"uagb_comment_info":0,"uagb_excerpt":"Paquets de 250 grams","_links":{"self":[{"href":"https:\/\/canvives.cat\/es\/wp-json\/wp\/v2\/product\/223325","targetHints":{"allow":["GET"]}}],"collection":[{"href":"https:\/\/canvives.cat\/es\/wp-json\/wp\/v2\/product"}],"about":[{"href":"https:\/\/canvives.cat\/es\/wp-json\/wp\/v2\/types\/product"}],"replies":[{"embeddable":true,"href":"https:\/\/canvives.cat\/es\/wp-json\/wp\/v2\/comments?post=223325"}],"wp:featuredmedia":[{"embeddable":true,"href":"https:\/\/canvives.cat\/es\/wp-json\/wp\/v2\/media\/224030"}],"wp:attachment":[{"href":"https:\/\/canvives.cat\/es\/wp-json\/wp\/v2\/media?parent=223325"}],"wp:term":[{"taxonomy":"product_brand","embeddable":true,"href":"https:\/\/canvives.cat\/es\/wp-json\/wp\/v2\/product_brand?post=223325"},{"taxonomy":"product_cat","embeddable":true,"href":"https:\/\/canvives.cat\/es\/wp-json\/wp\/v2\/product_cat?post=223325"},{"taxonomy":"product_tag","embeddable":true,"href":"https:\/\/canvives.cat\/es\/wp-json\/wp\/v2\/product_tag?post=223325"}],"curies":[{"name":"wp","href":"https:\/\/api.w.org\/{rel}","templated":true}]}}