{"id":223256,"date":"2024-05-26T09:29:44","date_gmt":"2024-05-26T07:29:44","guid":{"rendered":"https:\/\/canvives.cat\/?post_type=product&#038;p=223256"},"modified":"2026-04-01T19:57:48","modified_gmt":"2026-04-01T17:57:48","slug":"jamon-de-teruel","status":"publish","type":"product","link":"https:\/\/canvives.cat\/es\/botiga\/pernil-de-teruel\/","title":{"rendered":"Jam\u00f3n D.O. Teruel deshuesado y cortado a m\u00e1quina (Porci\u00f3n de 100 gramos)"},"content":{"rendered":"<p>El Jam\u00f3n de Teruel es un jam\u00f3n curado de alta calidad originario de la provincia de Teruel, en Arag\u00f3n, Espa\u00f1a. Este producto cuenta con la Denominaci\u00f3n de Origen Protegida (DOP) desde 1997, lo que garantiza su autenticidad y calidad. Aqu\u00ed te detallo algunas caracter\u00edsticas principales del Jam\u00f3n de Teruel:<\/p>\n<p><strong>Mat\u00e9ria Prima<\/strong>: Proviene de cerdos de raza Duroc, o de cruces entre Duroc y Landrace, Large White o Pietrain, que son criados en la misma provincia de Teruel.<\/p>\n<p><strong>Alimentaci\u00f3n<\/strong>: Los cerdos son alimentados principalmente con cereales cultivados en la regi\u00f3n, lo cual contribuye al sabor caracter\u00edstico del jam\u00f3n.<\/p>\n<p><strong>Curaci\u00f3n<\/strong>: El proceso de curaci\u00f3n dura entre 14 y 24 meses, dependiendo del tama\u00f1o del jam\u00f3n. Este proceso se lleva a cabo en secaderos naturales situados en la provincia, donde el clima frio y seco es ideal para la maduraci\u00f3n del jam\u00f3n.<\/p>\n<p><strong>Caracter\u00edsticas Organol\u00e9pticas<\/strong>:<\/p>\n<p><strong>Color<\/strong>: La carne presenta un color rojo caracter\u00edsitico mientras que la grasa es de un blanco anacarado.<br \/>\n<strong>Sabor<\/strong>: Tiene un sabor delicado y ligeramente dulce, con un equilibrio perfecto entre sal y carne.<br \/>\n<strong>Textura<\/strong>: La textura es firme y poco fibrosa.<br \/>\n<strong>Identificaci\u00f3n<\/strong>: El Jam\u00f3n de Teruel se identifica por una estrella mud\u00e9jar de ocho puntas, que es el s\u00edmbolo del DOP, y un n\u00famero de registro gravado a fuego en la piel.<\/p>\n<p>El Jam\u00f3n de Teruel es ideal para disfrutarlo solo, en finas lonchas, o como parte de tapas y platos m\u00e1s elaborados. Marida muy bien con tintos jovenes y frescos, as\u00ed como con vinos blancos con buena acidez.<\/p>","protected":false},"excerpt":{"rendered":"<p>Porciones de 100 gramos<\/p>","protected":false},"featured_media":224489,"comment_status":"closed","ping_status":"closed","template":"","meta":{"_editorskit_title_hidden":false,"_editorskit_reading_time":0,"_editorskit_is_block_options_detached":false,"_editorskit_block_options_position":"{}","_uag_custom_page_level_css":"","_kadence_starter_templates_imported_post":false,"_kad_post_transparent":"default","_kad_post_title":"","_kad_post_layout":"default","_kad_post_sidebar_id":"","_kad_post_content_style":"default","_kad_post_vertical_padding":"default","_kad_post_feature":"","_kad_post_feature_position":"","_kad_post_header":false,"_kad_post_footer":false,"_kad_post_classname":""},"product_brand":[],"product_cat":[533],"product_tag":[],"class_list":{"0":"post-223256","1":"product","2":"type-product","3":"status-publish","4":"has-post-thumbnail","6":"product_cat-pernils-i-embotits","8":"first","9":"instock","10":"taxable","11":"shipping-taxable","12":"purchasable","13":"product-type-simple","14":"entry","15":"content-bg","16":"loop-entry"},"yoast_head":"<!-- This site is optimized with the Yoast SEO Premium plugin v27.4 (Yoast SEO v27.4) - https:\/\/yoast.com\/product\/yoast-seo-premium-wordpress\/ -->\n<title>Pernil D.O Teruel desossat i tallat a m\u00e0quina (Porci\u00f3 de 100 grams) - Can Vives carnissers des de 1840<\/title>\n<meta name=\"description\" content=\"Porcions de 100 grams\" \/>\n<meta name=\"robots\" content=\"index, follow, max-snippet:-1, max-image-preview:large, max-video-preview:-1\" \/>\n<link rel=\"canonical\" href=\"https:\/\/canvives.cat\/es\/tienda\/jamon-de-teruel\/\" \/>\n<meta property=\"og:locale\" content=\"es_ES\" \/>\n<meta property=\"og:type\" content=\"article\" \/>\n<meta property=\"og:title\" content=\"Pernil D.O Teruel desossat i tallat a m\u00e0quina (Porci\u00f3 de 100 grams)\" \/>\n<meta property=\"og:description\" content=\"Porcions de 100 grams\" \/>\n<meta property=\"og:url\" content=\"https:\/\/canvives.cat\/es\/tienda\/jamon-de-teruel\/\" \/>\n<meta property=\"og:site_name\" content=\"Can Vives carnissers des de 1840\" \/>\n<meta property=\"article:publisher\" content=\"https:\/\/www.facebook.com\/CanVivesCalella\" \/>\n<meta property=\"article:modified_time\" content=\"2026-04-01T17:57:48+00:00\" \/>\n<meta property=\"og:image\" content=\"https:\/\/canvives.cat\/wp-content\/uploads\/151.png\" \/>\n\t<meta property=\"og:image:width\" content=\"1024\" \/>\n\t<meta property=\"og:image:height\" content=\"1024\" \/>\n\t<meta property=\"og:image:type\" content=\"image\/png\" \/>\n<meta name=\"twitter:card\" content=\"summary_large_image\" \/>\n<meta name=\"twitter:label1\" content=\"Precio\" \/>\n\t<meta name=\"twitter:data1\" content=\"4,27&nbsp;&euro; IVA Incl\u00f2s\" \/>\n\t<meta name=\"twitter:label2\" content=\"Disponibilidad\" \/>\n\t<meta name=\"twitter:data2\" content=\"Disponible\" \/>\n<script type=\"application\/ld+json\" class=\"yoast-schema-graph\">{\"@context\":\"https:\\\/\\\/schema.org\",\"@graph\":[{\"@type\":\"WebPage\",\"@id\":\"https:\\\/\\\/canvives.cat\\\/botiga\\\/pernil-de-teruel\\\/\",\"url\":\"https:\\\/\\\/canvives.cat\\\/botiga\\\/pernil-de-teruel\\\/\",\"name\":\"Pernil D.O Teruel desossat i tallat a m\u00e0quina (Porci\u00f3 de 100 grams) - Can Vives carnissers des de 1840\",\"isPartOf\":{\"@id\":\"https:\\\/\\\/canvives.cat\\\/#website\"},\"primaryImageOfPage\":{\"@id\":\"https:\\\/\\\/canvives.cat\\\/botiga\\\/pernil-de-teruel\\\/#primaryimage\"},\"image\":{\"@id\":\"https:\\\/\\\/canvives.cat\\\/botiga\\\/pernil-de-teruel\\\/#primaryimage\"},\"thumbnailUrl\":\"https:\\\/\\\/canvives.cat\\\/wp-content\\\/uploads\\\/151.png\",\"datePublished\":\"2024-05-26T07:29:44+00:00\",\"dateModified\":\"2026-04-01T17:57:48+00:00\",\"description\":\"Porcions de 100 grams\",\"breadcrumb\":{\"@id\":\"https:\\\/\\\/canvives.cat\\\/botiga\\\/pernil-de-teruel\\\/#breadcrumb\"},\"inLanguage\":\"es\",\"potentialAction\":[{\"@type\":\"ReadAction\",\"target\":[\"https:\\\/\\\/canvives.cat\\\/botiga\\\/pernil-de-teruel\\\/\"]}]},{\"@type\":\"ImageObject\",\"inLanguage\":\"es\",\"@id\":\"https:\\\/\\\/canvives.cat\\\/botiga\\\/pernil-de-teruel\\\/#primaryimage\",\"url\":\"https:\\\/\\\/canvives.cat\\\/wp-content\\\/uploads\\\/151.png\",\"contentUrl\":\"https:\\\/\\\/canvives.cat\\\/wp-content\\\/uploads\\\/151.png\",\"width\":1024,\"height\":1024},{\"@type\":\"BreadcrumbList\",\"@id\":\"https:\\\/\\\/canvives.cat\\\/botiga\\\/pernil-de-teruel\\\/#breadcrumb\",\"itemListElement\":[{\"@type\":\"ListItem\",\"position\":1,\"name\":\"Portada\",\"item\":\"https:\\\/\\\/canvives.cat\\\/\"},{\"@type\":\"ListItem\",\"position\":2,\"name\":\"Botiga\",\"item\":\"https:\\\/\\\/canvives.cat\\\/botiga\\\/\"},{\"@type\":\"ListItem\",\"position\":3,\"name\":\"Pernil D.O Teruel desossat i tallat a m\u00e0quina (Porci\u00f3 de 100 grams)\"}]},{\"@type\":\"WebSite\",\"@id\":\"https:\\\/\\\/canvives.cat\\\/#website\",\"url\":\"https:\\\/\\\/canvives.cat\\\/\",\"name\":\"Can Vives carnissers des de 1840\",\"description\":\"La carnisseria-rostisseria amb m\u00e9s anys d&#039;hist\u00f2ria a Calella i una de les m\u00e9s antigues de Catalunya. Venda a botiga i online de tot tipus de carns, embotits, formatges i plats cuinats. Som carnissers, xarcuters i rostissers.\",\"publisher\":{\"@id\":\"https:\\\/\\\/canvives.cat\\\/#organization\"},\"alternateName\":\"Can Vives Calella\",\"potentialAction\":[{\"@type\":\"SearchAction\",\"target\":{\"@type\":\"EntryPoint\",\"urlTemplate\":\"https:\\\/\\\/canvives.cat\\\/?s={search_term_string}\"},\"query-input\":{\"@type\":\"PropertyValueSpecification\",\"valueRequired\":true,\"valueName\":\"search_term_string\"}}],\"inLanguage\":\"es\"},{\"@type\":[\"Organization\",\"Place\"],\"@id\":\"https:\\\/\\\/canvives.cat\\\/#organization\",\"name\":\"Carnisseria Rostisseria Can Vives\",\"alternateName\":\"Can Vives Calella\",\"url\":\"https:\\\/\\\/canvives.cat\\\/\",\"logo\":{\"@id\":\"https:\\\/\\\/canvives.cat\\\/botiga\\\/pernil-de-teruel\\\/#local-main-organization-logo\"},\"image\":{\"@id\":\"https:\\\/\\\/canvives.cat\\\/botiga\\\/pernil-de-teruel\\\/#local-main-organization-logo\"},\"sameAs\":[\"https:\\\/\\\/www.facebook.com\\\/CanVivesCalella\",\"https:\\\/\\\/www.instagram.com\\\/canvivescalella\\\/\",\"https:\\\/\\\/www.tiktok.com\\\/@can.vives.calella\"],\"description\":\"\\\"Carns, plats cuinats casolans, embotits de qualitat i elaboraci\u00f3 pr\u00f2pia, vins i caves, delicatessen i formatges. La carnisseria amb m\u00e9s anys d'hist\u00f2ria a Calella i una de les m\u00e9s antigues de Catalunya. Comer\u00e7 tradicional Elaborem els nostres cuinats, hamburgueses, botifarres, croquetes, embotits curats com fuets, llonganisses, lloms curats...\\\"\",\"legalName\":\"VIVES CLOS C.B.\",\"foundingDate\":\"1840-04-25\",\"numberOfEmployees\":{\"@type\":\"QuantitativeValue\",\"minValue\":\"1\",\"maxValue\":\"10\"},\"address\":{\"@id\":\"https:\\\/\\\/canvives.cat\\\/botiga\\\/pernil-de-teruel\\\/#local-main-place-address\"},\"telephone\":[\"937690224\"],\"contactPoint\":{\"@type\":\"ContactPoint\",\"telephone\":\"662965320\",\"email\":\"canvives@canvives.cat\"},\"openingHoursSpecification\":[{\"@type\":\"OpeningHoursSpecification\",\"dayOfWeek\":[\"Monday\",\"Tuesday\",\"Wednesday\",\"Thursday\",\"Friday\",\"Saturday\",\"Sunday\"],\"opens\":\"09:00\",\"closes\":\"17:00\"}],\"email\":\"canvives@canvives.cat\",\"vatID\":\"E60450871\"},{\"@type\":\"PostalAddress\",\"@id\":\"https:\\\/\\\/canvives.cat\\\/botiga\\\/pernil-de-teruel\\\/#local-main-place-address\",\"streetAddress\":\"Calle Sant Joan 89\",\"addressLocality\":\"Calella\",\"postalCode\":\"08370\",\"addressRegion\":\"Barcelona\",\"addressCountry\":\"ES\"},{\"@type\":\"ImageObject\",\"inLanguage\":\"es\",\"@id\":\"https:\\\/\\\/canvives.cat\\\/botiga\\\/pernil-de-teruel\\\/#local-main-organization-logo\",\"url\":\"https:\\\/\\\/canvives.cat\\\/wp-content\\\/uploads\\\/logopng512.png\",\"contentUrl\":\"https:\\\/\\\/canvives.cat\\\/wp-content\\\/uploads\\\/logopng512.png\",\"width\":512,\"height\":512,\"caption\":\"Carnisseria Rostisseria Can Vives\"}]}<\/script>\n<meta property=\"product:price:amount\" content=\"4.27\" \/>\n<meta property=\"product:price:currency\" content=\"EUR\" \/>\n<meta property=\"og:availability\" content=\"instock\" \/>\n<meta property=\"product:availability\" content=\"instock\" \/>\n<meta property=\"product:retailer_item_id\" content=\"866\" \/>\n<meta property=\"product:condition\" content=\"new\" \/>\n<meta name=\"geo.placename\" content=\"Calella\" \/>\n<meta name=\"geo.region\" content=\"Espa\u00f1a\" \/>\n<!-- \/ Yoast SEO Premium plugin. -->","yoast_head_json":{"title":"Jam\u00f3n de Teruel D.O., deshuesado y cortado a m\u00e1quina (porci\u00f3n de 100 gramos) - Carnicer\u00eda Can Vives desde 1840","description":"Porciones de 100 gramos","robots":{"index":"index","follow":"follow","max-snippet":"max-snippet:-1","max-image-preview":"max-image-preview:large","max-video-preview":"max-video-preview:-1"},"canonical":"https:\/\/canvives.cat\/es\/tienda\/jamon-de-teruel\/","og_locale":"es_ES","og_type":"article","og_title":"Pernil D.O Teruel desossat i tallat a m\u00e0quina (Porci\u00f3 de 100 grams)","og_description":"Porcions de 100 grams","og_url":"https:\/\/canvives.cat\/es\/tienda\/jamon-de-teruel\/","og_site_name":"Can Vives carnissers des de 1840","article_publisher":"https:\/\/www.facebook.com\/CanVivesCalella","article_modified_time":"2026-04-01T17:57:48+00:00","og_image":[{"width":1024,"height":1024,"url":"https:\/\/canvives.cat\/wp-content\/uploads\/151.png","type":"image\/png"}],"twitter_card":"summary_large_image","twitter_misc":{"Precio":"4,27&nbsp;&euro; IVA Incl\u00f2s","Disponibilidad":"Disponible"},"schema":{"@context":"https:\/\/schema.org","@graph":[{"@type":"WebPage","@id":"https:\/\/canvives.cat\/botiga\/pernil-de-teruel\/","url":"https:\/\/canvives.cat\/botiga\/pernil-de-teruel\/","name":"Jam\u00f3n de Teruel D.O., deshuesado y cortado a m\u00e1quina (porci\u00f3n de 100 gramos) - Carnicer\u00eda Can Vives desde 1840","isPartOf":{"@id":"https:\/\/canvives.cat\/#website"},"primaryImageOfPage":{"@id":"https:\/\/canvives.cat\/botiga\/pernil-de-teruel\/#primaryimage"},"image":{"@id":"https:\/\/canvives.cat\/botiga\/pernil-de-teruel\/#primaryimage"},"thumbnailUrl":"https:\/\/canvives.cat\/wp-content\/uploads\/151.png","datePublished":"2024-05-26T07:29:44+00:00","dateModified":"2026-04-01T17:57:48+00:00","description":"Porciones de 100 gramos","breadcrumb":{"@id":"https:\/\/canvives.cat\/botiga\/pernil-de-teruel\/#breadcrumb"},"inLanguage":"es","potentialAction":[{"@type":"ReadAction","target":["https:\/\/canvives.cat\/botiga\/pernil-de-teruel\/"]}]},{"@type":"ImageObject","inLanguage":"es","@id":"https:\/\/canvives.cat\/botiga\/pernil-de-teruel\/#primaryimage","url":"https:\/\/canvives.cat\/wp-content\/uploads\/151.png","contentUrl":"https:\/\/canvives.cat\/wp-content\/uploads\/151.png","width":1024,"height":1024},{"@type":"BreadcrumbList","@id":"https:\/\/canvives.cat\/botiga\/pernil-de-teruel\/#breadcrumb","itemListElement":[{"@type":"ListItem","position":1,"name":"Portada","item":"https:\/\/canvives.cat\/"},{"@type":"ListItem","position":2,"name":"Botiga","item":"https:\/\/canvives.cat\/botiga\/"},{"@type":"ListItem","position":3,"name":"Pernil D.O Teruel desossat i tallat a m\u00e0quina (Porci\u00f3 de 100 grams)"}]},{"@type":"WebSite","@id":"https:\/\/canvives.cat\/#website","url":"https:\/\/canvives.cat\/","name":"Can Vives carniceros desde 1840","description":"La carniceria-asador con m\u00e1s a\u00f1os de historia en Calella y una de las m\u00e1s antiguas de Catalu\u00f1a. Venta en tienda y online de todo tipo de carnes, embutidos, quesos y platos preparados. Somos carniceros, charcuteros y asadores.","publisher":{"@id":"https:\/\/canvives.cat\/#organization"},"alternateName":"Can Vives Calella","potentialAction":[{"@type":"SearchAction","target":{"@type":"EntryPoint","urlTemplate":"https:\/\/canvives.cat\/?s={search_term_string}"},"query-input":{"@type":"PropertyValueSpecification","valueRequired":true,"valueName":"search_term_string"}}],"inLanguage":"es"},{"@type":["Organization","Place"],"@id":"https:\/\/canvives.cat\/#organization","name":"Carnicer\u00eda y Asador Can Vives","alternateName":"Can Vives Calella","url":"https:\/\/canvives.cat\/","logo":{"@id":"https:\/\/canvives.cat\/botiga\/pernil-de-teruel\/#local-main-organization-logo"},"image":{"@id":"https:\/\/canvives.cat\/botiga\/pernil-de-teruel\/#local-main-organization-logo"},"sameAs":["https:\/\/www.facebook.com\/CanVivesCalella","https:\/\/www.instagram.com\/canvivescalella\/","https:\/\/www.tiktok.com\/@can.vives.calella"],"description":"\"Carnes, platos caseros, embutidos de calidad y especialidades propias, vinos y cavas, delicatessen y quesos. La carnicer\\u00eda con m\\u00e1s historia de Calella y una de las m\\u00e1s antiguas de Catalu\\u00f1a. Somos un negocio tradicional y elaboramos nuestras propias carnes cocidas, hamburguesas, salchichas, croquetas, embutidos como fuet, longaniza, lomos curados...\"","legalName":"VIVES CLOS C.B.","foundingDate":"1840-04-25","numberOfEmployees":{"@type":"QuantitativeValue","minValue":"1","maxValue":"10"},"address":{"@id":"https:\/\/canvives.cat\/botiga\/pernil-de-teruel\/#local-main-place-address"},"telephone":["937690224"],"contactPoint":{"@type":"ContactPoint","telephone":"662965320","email":"canvives@canvives.cat"},"openingHoursSpecification":[{"@type":"OpeningHoursSpecification","dayOfWeek":["Monday","Tuesday","Wednesday","Thursday","Friday","Saturday","Sunday"],"opens":"09:00","closes":"17:00"}],"email":"canvives@canvives.cat","vatID":"E60450871"},{"@type":"PostalAddress","@id":"https:\/\/canvives.cat\/botiga\/pernil-de-teruel\/#local-main-place-address","streetAddress":"Calle Sant Joan 89","addressLocality":"Calella","postalCode":"08370","addressRegion":"Barcelona","addressCountry":"ES"},{"@type":"ImageObject","inLanguage":"es","@id":"https:\/\/canvives.cat\/botiga\/pernil-de-teruel\/#local-main-organization-logo","url":"https:\/\/canvives.cat\/wp-content\/uploads\/logopng512.png","contentUrl":"https:\/\/canvives.cat\/wp-content\/uploads\/logopng512.png","width":512,"height":512,"caption":"Carnisseria Rostisseria Can Vives"}]},"product_price_amount":"4.27","product_price_currency":"EUR","og_availability":"instock","product_availability":"instock","product_retailer_item_id":"866","product_condition":"new","geo.placename":"Calella","geo.region":"Espa\u00f1a"},"uagb_featured_image_src":{"full":["https:\/\/canvives.cat\/wp-content\/uploads\/151.png",1024,1024,false],"thumbnail":["https:\/\/canvives.cat\/wp-content\/uploads\/151-300x300.png",300,300,true],"medium":["https:\/\/canvives.cat\/wp-content\/uploads\/151-600x600.png",600,600,true],"medium_large":["https:\/\/canvives.cat\/wp-content\/uploads\/151-768x768.png",768,768,true],"large":["https:\/\/canvives.cat\/wp-content\/uploads\/151-1024x1024.png",1024,1024,true],"1536x1536":["https:\/\/canvives.cat\/wp-content\/uploads\/151.png",1024,1024,false],"2048x2048":["https:\/\/canvives.cat\/wp-content\/uploads\/151.png",1024,1024,false],"trp-custom-language-flag":["https:\/\/canvives.cat\/wp-content\/uploads\/151-12x12.png",12,12,true],"woocommerce_thumbnail":["https:\/\/canvives.cat\/wp-content\/uploads\/151-300x300.png",300,300,true],"woocommerce_single":["https:\/\/canvives.cat\/wp-content\/uploads\/151-600x600.png",600,600,true],"woocommerce_gallery_thumbnail":["https:\/\/canvives.cat\/wp-content\/uploads\/151-100x100.png",100,100,true]},"uagb_author_info":{"display_name":"Administrador de Can Vives","author_link":"https:\/\/canvives.cat\/es\/author\/"},"uagb_comment_info":0,"uagb_excerpt":"Porcions de 100 grams","_links":{"self":[{"href":"https:\/\/canvives.cat\/es\/wp-json\/wp\/v2\/product\/223256","targetHints":{"allow":["GET"]}}],"collection":[{"href":"https:\/\/canvives.cat\/es\/wp-json\/wp\/v2\/product"}],"about":[{"href":"https:\/\/canvives.cat\/es\/wp-json\/wp\/v2\/types\/product"}],"replies":[{"embeddable":true,"href":"https:\/\/canvives.cat\/es\/wp-json\/wp\/v2\/comments?post=223256"}],"wp:featuredmedia":[{"embeddable":true,"href":"https:\/\/canvives.cat\/es\/wp-json\/wp\/v2\/media\/224489"}],"wp:attachment":[{"href":"https:\/\/canvives.cat\/es\/wp-json\/wp\/v2\/media?parent=223256"}],"wp:term":[{"taxonomy":"product_brand","embeddable":true,"href":"https:\/\/canvives.cat\/es\/wp-json\/wp\/v2\/product_brand?post=223256"},{"taxonomy":"product_cat","embeddable":true,"href":"https:\/\/canvives.cat\/es\/wp-json\/wp\/v2\/product_cat?post=223256"},{"taxonomy":"product_tag","embeddable":true,"href":"https:\/\/canvives.cat\/es\/wp-json\/wp\/v2\/product_tag?post=223256"}],"curies":[{"name":"wp","href":"https:\/\/api.w.org\/{rel}","templated":true}]}}