{"id":223217,"date":"2024-05-26T09:29:52","date_gmt":"2024-05-26T07:29:52","guid":{"rendered":"https:\/\/canvives.cat\/?post_type=product&#038;p=223217"},"modified":"2026-04-01T19:57:58","modified_gmt":"2026-04-01T17:57:58","slug":"havarti","status":"publish","type":"product","link":"https:\/\/canvives.cat\/es\/botiga\/havarti\/","title":{"rendered":"Havarti (lonchas de 200 gramos)"},"content":{"rendered":"<article class=\"text-token-text-primary w-full focus:outline-none [--shadow-height:45px] has-data-writing-block:pointer-events-none has-data-writing-block:-mt-(--shadow-height) has-data-writing-block:pt-(--shadow-height) [&amp;:has([data-writing-block])&gt;*]:pointer-events-auto scroll-mt-[calc(var(--header-height)+min(200px,max(70px,20svh)))]\" dir=\"auto\" tabindex=\"-1\" data-turn-id=\"ba26fd30-5345-480e-9e03-1ec743170146\" data-testid=\"conversation-turn-2\" data-scroll-anchor=\"false\" data-turn=\"assistant\">\n<div class=\"text-base my-auto mx-auto [--thread-content-margin:--spacing(4)] @w-sm\/main:[--thread-content-margin:--spacing(6)] @w-lg\/main:[--thread-content-margin:--spacing(16)] px-(--thread-content-margin)\">\n<div class=\"[--thread-content-max-width:40rem] @w-lg\/main:[--thread-content-max-width:48rem] mx-auto max-w-(--thread-content-max-width) flex-1 group\/turn-messages focus-visible:outline-hidden relative flex w-full min-w-0 flex-col agent-turn\" tabindex=\"-1\">\n<div class=\"flex max-w-full flex-col grow\">\n<div class=\"min-h-8 text-message relative flex w-full flex-col items-end gap-2 text-start break-words whitespace-normal [.text-message+&amp;]:mt-1\" dir=\"auto\" data-message-author-role=\"assistant\" data-message-id=\"557f3b20-2ea7-4adb-a98e-b99f1cff9f7e\" data-message-model-slug=\"gpt-5-2\">\n<div class=\"flex w-full flex-col gap-1 empty:hidden first:pt-[1px]\">\n<div class=\"markdown prose dark:prose-invert w-full wrap-break-word light markdown-new-styling\">\n<p data-start=\"89\" data-end=\"349\"><strong data-start=\"89\" data-end=\"108\">Descripci\u00f3 breu<\/strong><br data-start=\"108\" data-end=\"111\" \/>El Havarti \u00e9s un formatge de pasta semidura originari de Dinamarca, reconegut per la seva textura mantegosa i el seu perfil suau i equilibrat. \u00c9s una opci\u00f3 vers\u00e0til que agrada a tots els p\u00fablics i funciona tant en degustaci\u00f3 com en cuina.<\/p>\n<p data-start=\"351\" data-end=\"632\"><strong data-start=\"351\" data-end=\"372\">Origen i tradici\u00f3<\/strong><br data-start=\"372\" data-end=\"375\" \/>Procedent de <span class=\"hover:entity-accent entity-underline inline cursor-pointer align-baseline\"><span class=\"whitespace-normal\">Dinamarca<\/span><\/span>, el Havarti neix al segle XIX com a formatge d\u2019inspiraci\u00f3 artesanal. Actualment es produeix tant en formatgeries tradicionals com en elaboracions m\u00e9s estandarditzades, mantenint l\u2019estil caracter\u00edstic dan\u00e8s.<\/p>\n<p data-start=\"634\" data-end=\"859\"><strong data-start=\"634\" data-end=\"655\">Llet i elaboraci\u00f3<\/strong><br data-start=\"655\" data-end=\"658\" \/>Elaborat habitualment amb llet de vaca pasteuritzada. La quallada es renta parcialment, fet que contribueix a la seva textura el\u00e0stica i sabor suau. La maduraci\u00f3 acostuma a situar-se entre 1 i 3 mesos.<\/p>\n<p data-start=\"861\" data-end=\"1020\"><strong data-start=\"861\" data-end=\"882\">Textura i aspecte<\/strong><br data-start=\"882\" data-end=\"885\" \/>Escor\u00e7a fina i clara. Pasta de color groc p\u00e0l\u00b7lid amb petits ulls irregulars. Textura cremosa, lleugerament el\u00e0stica i fundent en boca.<\/p>\n<p data-start=\"1022\" data-end=\"1166\"><strong data-start=\"1022\" data-end=\"1041\">Perfil de sabor<\/strong><br data-start=\"1041\" data-end=\"1044\" \/>Intensitat suau-mitjana. Notes l\u00e0ctiques, mantega fresca i un toc lleugerament dol\u00e7. Final net i agradable, sense arestes.<\/p>\n<p data-start=\"1168\" data-end=\"1311\"><strong data-start=\"1168\" data-end=\"1193\">Maridatges recomanats<\/strong><br data-start=\"1193\" data-end=\"1196\" \/>Vins blancs joves i afruitats, cerveses lager suaus o sidra seca. Tamb\u00e9 combina b\u00e9 amb fruits secs i pa de cereals.<\/p>\n<p data-start=\"1313\" data-end=\"1456\"><strong data-start=\"1313\" data-end=\"1340\">Recomanacions de consum<\/strong><br data-start=\"1340\" data-end=\"1343\" \/>Servir entre 14 i 16 \u00b0C. Ideal per taules de formatges, entrepans gourmet o per fondre en sandvitxos i gratinats.<\/p>\n<p data-start=\"1458\" data-end=\"1577\" data-is-last-node=\"\" data-is-only-node=\"\"><strong data-start=\"1458\" data-end=\"1473\">Conservaci\u00f3<\/strong><br data-start=\"1473\" data-end=\"1476\" \/>Guardar refrigerat, embolicat en paper alimentari transpirable per preservar la seva humitat i aroma.<\/p>\n<\/div>\n<\/div>\n<\/div>\n<\/div>\n<div class=\"z-0 flex min-h-[46px] justify-start\"><\/div>\n<\/div>\n<\/div>\n<\/article>\n<article class=\"text-token-text-primary w-full focus:outline-none [--shadow-height:45px] has-data-writing-block:pointer-events-none has-data-writing-block:-mt-(--shadow-height) has-data-writing-block:pt-(--shadow-height) [&amp;:has([data-writing-block])&gt;*]:pointer-events-auto scroll-mt-(--header-height)\" dir=\"auto\" tabindex=\"-1\" data-turn-id=\"bbb21c49-36fe-411d-b552-a713aad23635\" data-testid=\"conversation-turn-3\" data-scroll-anchor=\"false\" data-turn=\"user\">\n<div class=\"text-base my-auto mx-auto pt-12 [--thread-content-margin:--spacing(4)] @w-sm\/main:[--thread-content-margin:--spacing(6)] @w-lg\/main:[--thread-content-margin:--spacing(16)] px-(--thread-content-margin)\">\n<div class=\"[--thread-content-max-width:40rem] @w-lg\/main:[--thread-content-max-width:48rem] mx-auto max-w-(--thread-content-max-width) flex-1 group\/turn-messages focus-visible:outline-hidden relative flex w-full min-w-0 flex-col\" tabindex=\"-1\">\n<div class=\"flex max-w-full flex-col grow\">\n<div class=\"min-h-8 text-message relative flex w-full flex-col items-end gap-2 text-start break-words whitespace-normal [.text-message+&amp;]:mt-1\" dir=\"auto\" data-message-author-role=\"user\" data-message-id=\"bbb21c49-36fe-411d-b552-a713aad23635\">\n<div class=\"flex w-full flex-col gap-1 empty:hidden items-end rtl:items-start\">\n<div class=\"user-message-bubble-color corner-superellipse\/1.1 relative rounded-[18px] px-4 py-1.5 data-[multiline]:py-3 max-w-[var(--user-chat-width,70%)]\">\n<div class=\"whitespace-pre-wrap\"><\/div>\n<\/div>\n<\/div>\n<\/div>\n<\/div>\n<\/div>\n<\/div>\n<\/article>\n<p>&nbsp;<\/p>\n","protected":false},"excerpt":{"rendered":"<p>Breve descripci\u00f3n   El Havarti es un queso de pasta semidura originario de Dinamarca, famoso por su textura mantecosa y su perfil suave y equilibrado. Es una opci\u00f3n vers\u00e1til que gusta a todos los p\u00fablicos y que funciona igual de bien en degustaciones que en la cocina.   Origen y tradici\u00f3n   Originario de Dinamarca, el Havarti naci\u00f3 en el siglo XIX como...<\/p>","protected":false},"featured_media":231423,"comment_status":"closed","ping_status":"closed","template":"","meta":{"_editorskit_title_hidden":false,"_editorskit_reading_time":0,"_editorskit_is_block_options_detached":false,"_editorskit_block_options_position":"{}","_uag_custom_page_level_css":"","_kadence_starter_templates_imported_post":false,"_kad_post_transparent":"default","_kad_post_title":"","_kad_post_layout":"default","_kad_post_sidebar_id":"","_kad_post_content_style":"default","_kad_post_vertical_padding":"default","_kad_post_feature":"","_kad_post_feature_position":"","_kad_post_header":false,"_kad_post_footer":false,"_kad_post_classname":""},"product_brand":[],"product_cat":[532,534],"product_tag":[2624,2623],"class_list":{"0":"post-223217","1":"product","2":"type-product","3":"status-publish","4":"has-post-thumbnail","6":"product_cat-altres-fabricants","7":"product_cat-formatges","8":"product_tag-dinamarca","9":"product_tag-llet-de-vaca","11":"first","12":"instock","13":"taxable","14":"shipping-taxable","15":"purchasable","16":"product-type-simple","17":"entry","18":"content-bg","19":"loop-entry"},"yoast_head":"<!-- This site is optimized with the Yoast SEO Premium plugin v27.4 (Yoast SEO v27.4) - https:\/\/yoast.com\/product\/yoast-seo-premium-wordpress\/ -->\n<title>Havarti (Paquets de 200 grams a talls) - Can Vives carnissers des de 1840<\/title>\n<meta name=\"description\" content=\"Formatge Havarti dan\u00e8s de vaca, textura cremosa i sabor suau amb notes mantegoses. Ideal per fondre o degustar en entrepans i taules.\" \/>\n<meta name=\"robots\" content=\"index, follow, max-snippet:-1, max-image-preview:large, max-video-preview:-1\" \/>\n<link rel=\"canonical\" href=\"https:\/\/canvives.cat\/es\/tienda\/havarti\/\" \/>\n<meta property=\"og:locale\" content=\"es_ES\" \/>\n<meta property=\"og:type\" content=\"article\" \/>\n<meta property=\"og:title\" content=\"Havarti (Paquets de 200 grams a talls)\" \/>\n<meta property=\"og:description\" content=\"Formatge Havarti dan\u00e8s de vaca, textura cremosa i sabor suau amb notes mantegoses. Ideal per fondre o degustar en entrepans i taules.\" \/>\n<meta property=\"og:url\" content=\"https:\/\/canvives.cat\/es\/tienda\/havarti\/\" \/>\n<meta property=\"og:site_name\" content=\"Can Vives carnissers des de 1840\" \/>\n<meta property=\"article:publisher\" content=\"https:\/\/www.facebook.com\/CanVivesCalella\" \/>\n<meta property=\"article:modified_time\" content=\"2026-04-01T17:57:58+00:00\" \/>\n<meta property=\"og:image\" content=\"https:\/\/canvives.cat\/wp-content\/uploads\/havarti.png\" \/>\n\t<meta property=\"og:image:width\" content=\"1024\" \/>\n\t<meta property=\"og:image:height\" content=\"1024\" \/>\n\t<meta property=\"og:image:type\" content=\"image\/png\" \/>\n<meta name=\"twitter:card\" content=\"summary_large_image\" \/>\n<meta name=\"twitter:label1\" content=\"Precio\" \/>\n\t<meta name=\"twitter:data1\" content=\"4,14&nbsp;&euro; IVA Incl\u00f2s\" \/>\n\t<meta name=\"twitter:label2\" content=\"Disponibilidad\" \/>\n\t<meta name=\"twitter:data2\" content=\"Disponible\" \/>\n<script type=\"application\/ld+json\" class=\"yoast-schema-graph\">{\"@context\":\"https:\\\/\\\/schema.org\",\"@graph\":[{\"@type\":\"WebPage\",\"@id\":\"https:\\\/\\\/canvives.cat\\\/botiga\\\/havarti\\\/\",\"url\":\"https:\\\/\\\/canvives.cat\\\/botiga\\\/havarti\\\/\",\"name\":\"Havarti (Paquets de 200 grams a talls) - Can Vives carnissers des de 1840\",\"isPartOf\":{\"@id\":\"https:\\\/\\\/canvives.cat\\\/#website\"},\"primaryImageOfPage\":{\"@id\":\"https:\\\/\\\/canvives.cat\\\/botiga\\\/havarti\\\/#primaryimage\"},\"image\":{\"@id\":\"https:\\\/\\\/canvives.cat\\\/botiga\\\/havarti\\\/#primaryimage\"},\"thumbnailUrl\":\"https:\\\/\\\/canvives.cat\\\/wp-content\\\/uploads\\\/havarti.png\",\"datePublished\":\"2024-05-26T07:29:52+00:00\",\"dateModified\":\"2026-04-01T17:57:58+00:00\",\"description\":\"Formatge Havarti dan\u00e8s de vaca, textura cremosa i sabor suau amb notes mantegoses. Ideal per fondre o degustar en entrepans i taules.\",\"breadcrumb\":{\"@id\":\"https:\\\/\\\/canvives.cat\\\/botiga\\\/havarti\\\/#breadcrumb\"},\"inLanguage\":\"es\",\"potentialAction\":[{\"@type\":\"ReadAction\",\"target\":[\"https:\\\/\\\/canvives.cat\\\/botiga\\\/havarti\\\/\"]}]},{\"@type\":\"ImageObject\",\"inLanguage\":\"es\",\"@id\":\"https:\\\/\\\/canvives.cat\\\/botiga\\\/havarti\\\/#primaryimage\",\"url\":\"https:\\\/\\\/canvives.cat\\\/wp-content\\\/uploads\\\/havarti.png\",\"contentUrl\":\"https:\\\/\\\/canvives.cat\\\/wp-content\\\/uploads\\\/havarti.png\",\"width\":1024,\"height\":1024},{\"@type\":\"BreadcrumbList\",\"@id\":\"https:\\\/\\\/canvives.cat\\\/botiga\\\/havarti\\\/#breadcrumb\",\"itemListElement\":[{\"@type\":\"ListItem\",\"position\":1,\"name\":\"Portada\",\"item\":\"https:\\\/\\\/canvives.cat\\\/\"},{\"@type\":\"ListItem\",\"position\":2,\"name\":\"Botiga\",\"item\":\"https:\\\/\\\/canvives.cat\\\/botiga\\\/\"},{\"@type\":\"ListItem\",\"position\":3,\"name\":\"Havarti (Paquets de 200 grams a talls)\"}]},{\"@type\":\"WebSite\",\"@id\":\"https:\\\/\\\/canvives.cat\\\/#website\",\"url\":\"https:\\\/\\\/canvives.cat\\\/\",\"name\":\"Can Vives carnissers des de 1840\",\"description\":\"La carnisseria-rostisseria amb m\u00e9s anys d&#039;hist\u00f2ria a Calella i una de les m\u00e9s antigues de Catalunya. Venda a botiga i online de tot tipus de carns, embotits, formatges i plats cuinats. Som carnissers, xarcuters i rostissers.\",\"publisher\":{\"@id\":\"https:\\\/\\\/canvives.cat\\\/#organization\"},\"alternateName\":\"Can Vives Calella\",\"potentialAction\":[{\"@type\":\"SearchAction\",\"target\":{\"@type\":\"EntryPoint\",\"urlTemplate\":\"https:\\\/\\\/canvives.cat\\\/?s={search_term_string}\"},\"query-input\":{\"@type\":\"PropertyValueSpecification\",\"valueRequired\":true,\"valueName\":\"search_term_string\"}}],\"inLanguage\":\"es\"},{\"@type\":[\"Organization\",\"Place\"],\"@id\":\"https:\\\/\\\/canvives.cat\\\/#organization\",\"name\":\"Carnisseria Rostisseria Can Vives\",\"alternateName\":\"Can Vives Calella\",\"url\":\"https:\\\/\\\/canvives.cat\\\/\",\"logo\":{\"@id\":\"https:\\\/\\\/canvives.cat\\\/botiga\\\/havarti\\\/#local-main-organization-logo\"},\"image\":{\"@id\":\"https:\\\/\\\/canvives.cat\\\/botiga\\\/havarti\\\/#local-main-organization-logo\"},\"sameAs\":[\"https:\\\/\\\/www.facebook.com\\\/CanVivesCalella\",\"https:\\\/\\\/www.instagram.com\\\/canvivescalella\\\/\",\"https:\\\/\\\/www.tiktok.com\\\/@can.vives.calella\"],\"description\":\"\\\"Carns, plats cuinats casolans, embotits de qualitat i elaboraci\u00f3 pr\u00f2pia, vins i caves, delicatessen i formatges. La carnisseria amb m\u00e9s anys d'hist\u00f2ria a Calella i una de les m\u00e9s antigues de Catalunya. Comer\u00e7 tradicional Elaborem els nostres cuinats, hamburgueses, botifarres, croquetes, embotits curats com fuets, llonganisses, lloms curats...\\\"\",\"legalName\":\"VIVES CLOS C.B.\",\"foundingDate\":\"1840-04-25\",\"numberOfEmployees\":{\"@type\":\"QuantitativeValue\",\"minValue\":\"1\",\"maxValue\":\"10\"},\"address\":{\"@id\":\"https:\\\/\\\/canvives.cat\\\/botiga\\\/havarti\\\/#local-main-place-address\"},\"telephone\":[\"937690224\"],\"contactPoint\":{\"@type\":\"ContactPoint\",\"telephone\":\"662965320\",\"email\":\"canvives@canvives.cat\"},\"openingHoursSpecification\":[{\"@type\":\"OpeningHoursSpecification\",\"dayOfWeek\":[\"Monday\",\"Tuesday\",\"Wednesday\",\"Thursday\",\"Friday\",\"Saturday\",\"Sunday\"],\"opens\":\"09:00\",\"closes\":\"17:00\"}],\"email\":\"canvives@canvives.cat\",\"vatID\":\"E60450871\"},{\"@type\":\"PostalAddress\",\"@id\":\"https:\\\/\\\/canvives.cat\\\/botiga\\\/havarti\\\/#local-main-place-address\",\"streetAddress\":\"Calle Sant Joan 89\",\"addressLocality\":\"Calella\",\"postalCode\":\"08370\",\"addressRegion\":\"Barcelona\",\"addressCountry\":\"ES\"},{\"@type\":\"ImageObject\",\"inLanguage\":\"es\",\"@id\":\"https:\\\/\\\/canvives.cat\\\/botiga\\\/havarti\\\/#local-main-organization-logo\",\"url\":\"https:\\\/\\\/canvives.cat\\\/wp-content\\\/uploads\\\/logopng512.png\",\"contentUrl\":\"https:\\\/\\\/canvives.cat\\\/wp-content\\\/uploads\\\/logopng512.png\",\"width\":512,\"height\":512,\"caption\":\"Carnisseria Rostisseria Can Vives\"}]}<\/script>\n<meta property=\"product:price:amount\" content=\"4.14\" \/>\n<meta property=\"product:price:currency\" content=\"EUR\" \/>\n<meta property=\"og:availability\" content=\"instock\" \/>\n<meta property=\"product:availability\" content=\"instock\" \/>\n<meta property=\"product:retailer_item_id\" content=\"906\" \/>\n<meta property=\"product:condition\" content=\"new\" \/>\n<meta name=\"geo.placename\" content=\"Calella\" \/>\n<meta name=\"geo.region\" content=\"Espa\u00f1a\" \/>\n<!-- \/ Yoast SEO Premium plugin. -->","yoast_head_json":{"title":"Havarti (lonchas de 200 g) - Carnicer\u00eda Can Vives desde 1840","description":"Queso Havarti dan\u00e9s elaborado con leche de vaca, de textura cremosa y sabor suave con notas mantecosas. Ideal para fundir o disfrutar en s\u00e1ndwiches y tablas de quesos.","robots":{"index":"index","follow":"follow","max-snippet":"max-snippet:-1","max-image-preview":"max-image-preview:large","max-video-preview":"max-video-preview:-1"},"canonical":"https:\/\/canvives.cat\/es\/tienda\/havarti\/","og_locale":"es_ES","og_type":"article","og_title":"Havarti (Paquets de 200 grams a talls)","og_description":"Formatge Havarti dan\u00e8s de vaca, textura cremosa i sabor suau amb notes mantegoses. Ideal per fondre o degustar en entrepans i taules.","og_url":"https:\/\/canvives.cat\/es\/tienda\/havarti\/","og_site_name":"Can Vives carnissers des de 1840","article_publisher":"https:\/\/www.facebook.com\/CanVivesCalella","article_modified_time":"2026-04-01T17:57:58+00:00","og_image":[{"width":1024,"height":1024,"url":"https:\/\/canvives.cat\/wp-content\/uploads\/havarti.png","type":"image\/png"}],"twitter_card":"summary_large_image","twitter_misc":{"Precio":"4,14&nbsp;&euro; IVA Incl\u00f2s","Disponibilidad":"Disponible"},"schema":{"@context":"https:\/\/schema.org","@graph":[{"@type":"WebPage","@id":"https:\/\/canvives.cat\/botiga\/havarti\/","url":"https:\/\/canvives.cat\/botiga\/havarti\/","name":"Havarti (lonchas de 200 g) - Carnicer\u00eda Can Vives desde 1840","isPartOf":{"@id":"https:\/\/canvives.cat\/#website"},"primaryImageOfPage":{"@id":"https:\/\/canvives.cat\/botiga\/havarti\/#primaryimage"},"image":{"@id":"https:\/\/canvives.cat\/botiga\/havarti\/#primaryimage"},"thumbnailUrl":"https:\/\/canvives.cat\/wp-content\/uploads\/havarti.png","datePublished":"2024-05-26T07:29:52+00:00","dateModified":"2026-04-01T17:57:58+00:00","description":"Queso Havarti dan\u00e9s elaborado con leche de vaca, de textura cremosa y sabor suave con notas mantecosas. Ideal para fundir o disfrutar en s\u00e1ndwiches y tablas de quesos.","breadcrumb":{"@id":"https:\/\/canvives.cat\/botiga\/havarti\/#breadcrumb"},"inLanguage":"es","potentialAction":[{"@type":"ReadAction","target":["https:\/\/canvives.cat\/botiga\/havarti\/"]}]},{"@type":"ImageObject","inLanguage":"es","@id":"https:\/\/canvives.cat\/botiga\/havarti\/#primaryimage","url":"https:\/\/canvives.cat\/wp-content\/uploads\/havarti.png","contentUrl":"https:\/\/canvives.cat\/wp-content\/uploads\/havarti.png","width":1024,"height":1024},{"@type":"BreadcrumbList","@id":"https:\/\/canvives.cat\/botiga\/havarti\/#breadcrumb","itemListElement":[{"@type":"ListItem","position":1,"name":"Portada","item":"https:\/\/canvives.cat\/"},{"@type":"ListItem","position":2,"name":"Botiga","item":"https:\/\/canvives.cat\/botiga\/"},{"@type":"ListItem","position":3,"name":"Havarti (Paquets de 200 grams a talls)"}]},{"@type":"WebSite","@id":"https:\/\/canvives.cat\/#website","url":"https:\/\/canvives.cat\/","name":"Can Vives carniceros desde 1840","description":"La carniceria-asador con m\u00e1s a\u00f1os de historia en Calella y una de las m\u00e1s antiguas de Catalu\u00f1a. Venta en tienda y online de todo tipo de carnes, embutidos, quesos y platos preparados. Somos carniceros, charcuteros y asadores.","publisher":{"@id":"https:\/\/canvives.cat\/#organization"},"alternateName":"Can Vives Calella","potentialAction":[{"@type":"SearchAction","target":{"@type":"EntryPoint","urlTemplate":"https:\/\/canvives.cat\/?s={search_term_string}"},"query-input":{"@type":"PropertyValueSpecification","valueRequired":true,"valueName":"search_term_string"}}],"inLanguage":"es"},{"@type":["Organization","Place"],"@id":"https:\/\/canvives.cat\/#organization","name":"Carnicer\u00eda y Asador Can Vives","alternateName":"Can Vives Calella","url":"https:\/\/canvives.cat\/","logo":{"@id":"https:\/\/canvives.cat\/botiga\/havarti\/#local-main-organization-logo"},"image":{"@id":"https:\/\/canvives.cat\/botiga\/havarti\/#local-main-organization-logo"},"sameAs":["https:\/\/www.facebook.com\/CanVivesCalella","https:\/\/www.instagram.com\/canvivescalella\/","https:\/\/www.tiktok.com\/@can.vives.calella"],"description":"\"Carnes, platos caseros, embutidos de calidad y especialidades propias, vinos y cavas, delicatessen y quesos. La carnicer\\u00eda con m\\u00e1s historia de Calella y una de las m\\u00e1s antiguas de Catalu\\u00f1a. Somos un negocio tradicional y elaboramos nuestras propias carnes cocidas, hamburguesas, salchichas, croquetas, embutidos como fuet, longaniza, lomos curados...\"","legalName":"VIVES CLOS C.B.","foundingDate":"1840-04-25","numberOfEmployees":{"@type":"QuantitativeValue","minValue":"1","maxValue":"10"},"address":{"@id":"https:\/\/canvives.cat\/botiga\/havarti\/#local-main-place-address"},"telephone":["937690224"],"contactPoint":{"@type":"ContactPoint","telephone":"662965320","email":"canvives@canvives.cat"},"openingHoursSpecification":[{"@type":"OpeningHoursSpecification","dayOfWeek":["Monday","Tuesday","Wednesday","Thursday","Friday","Saturday","Sunday"],"opens":"09:00","closes":"17:00"}],"email":"canvives@canvives.cat","vatID":"E60450871"},{"@type":"PostalAddress","@id":"https:\/\/canvives.cat\/botiga\/havarti\/#local-main-place-address","streetAddress":"Calle Sant Joan 89","addressLocality":"Calella","postalCode":"08370","addressRegion":"Barcelona","addressCountry":"ES"},{"@type":"ImageObject","inLanguage":"es","@id":"https:\/\/canvives.cat\/botiga\/havarti\/#local-main-organization-logo","url":"https:\/\/canvives.cat\/wp-content\/uploads\/logopng512.png","contentUrl":"https:\/\/canvives.cat\/wp-content\/uploads\/logopng512.png","width":512,"height":512,"caption":"Carnisseria Rostisseria Can Vives"}]},"product_price_amount":"4.14","product_price_currency":"EUR","og_availability":"instock","product_availability":"instock","product_retailer_item_id":"906","product_condition":"new","geo.placename":"Calella","geo.region":"Espa\u00f1a"},"uagb_featured_image_src":{"full":["https:\/\/canvives.cat\/wp-content\/uploads\/havarti.png",1024,1024,false],"thumbnail":["https:\/\/canvives.cat\/wp-content\/uploads\/havarti-300x300.png",300,300,true],"medium":["https:\/\/canvives.cat\/wp-content\/uploads\/havarti-600x600.png",600,600,true],"medium_large":["https:\/\/canvives.cat\/wp-content\/uploads\/havarti-768x768.png",768,768,true],"large":["https:\/\/canvives.cat\/wp-content\/uploads\/havarti.png",1024,1024,false],"1536x1536":["https:\/\/canvives.cat\/wp-content\/uploads\/havarti.png",1024,1024,false],"2048x2048":["https:\/\/canvives.cat\/wp-content\/uploads\/havarti.png",1024,1024,false],"trp-custom-language-flag":["https:\/\/canvives.cat\/wp-content\/uploads\/havarti-12x12.png",12,12,true],"woocommerce_thumbnail":["https:\/\/canvives.cat\/wp-content\/uploads\/havarti-300x300.png",300,300,true],"woocommerce_single":["https:\/\/canvives.cat\/wp-content\/uploads\/havarti-600x600.png",600,600,true],"woocommerce_gallery_thumbnail":["https:\/\/canvives.cat\/wp-content\/uploads\/havarti-100x100.png",100,100,true]},"uagb_author_info":{"display_name":"Administrador de Can Vives","author_link":"https:\/\/canvives.cat\/es\/author\/"},"uagb_comment_info":0,"uagb_excerpt":"Descripci\u00f3 breuEl Havarti \u00e9s un formatge de pasta semidura originari de Dinamarca, reconegut per la seva textura mantegosa i el seu perfil suau i equilibrat. \u00c9s una opci\u00f3 vers\u00e0til que agrada a tots els p\u00fablics i funciona tant en degustaci\u00f3 com en cuina. Origen i tradici\u00f3Procedent de Dinamarca, el Havarti neix al segle XIX com...","_links":{"self":[{"href":"https:\/\/canvives.cat\/es\/wp-json\/wp\/v2\/product\/223217","targetHints":{"allow":["GET"]}}],"collection":[{"href":"https:\/\/canvives.cat\/es\/wp-json\/wp\/v2\/product"}],"about":[{"href":"https:\/\/canvives.cat\/es\/wp-json\/wp\/v2\/types\/product"}],"replies":[{"embeddable":true,"href":"https:\/\/canvives.cat\/es\/wp-json\/wp\/v2\/comments?post=223217"}],"wp:featuredmedia":[{"embeddable":true,"href":"https:\/\/canvives.cat\/es\/wp-json\/wp\/v2\/media\/231423"}],"wp:attachment":[{"href":"https:\/\/canvives.cat\/es\/wp-json\/wp\/v2\/media?parent=223217"}],"wp:term":[{"taxonomy":"product_brand","embeddable":true,"href":"https:\/\/canvives.cat\/es\/wp-json\/wp\/v2\/product_brand?post=223217"},{"taxonomy":"product_cat","embeddable":true,"href":"https:\/\/canvives.cat\/es\/wp-json\/wp\/v2\/product_cat?post=223217"},{"taxonomy":"product_tag","embeddable":true,"href":"https:\/\/canvives.cat\/es\/wp-json\/wp\/v2\/product_tag?post=223217"}],"curies":[{"name":"wp","href":"https:\/\/api.w.org\/{rel}","templated":true}]}}