{"id":230540,"date":"2024-05-13T13:09:43","date_gmt":"2024-05-13T11:09:43","guid":{"rendered":"https:\/\/canvives.cat\/?page_id=230540"},"modified":"2026-04-03T17:31:23","modified_gmt":"2026-04-03T15:31:23","slug":"noticias-de-los-vivos","status":"publish","type":"page","link":"https:\/\/canvives.cat\/es\/noticies-can-vives\/","title":{"rendered":"Noticias"},"content":{"rendered":"<h2 class=\"wp-block-heading alignfull has-text-align-center\" id=\"h-noticies-i-receptes-de-can-vives-carnisseria-i-menjar-per-emportar-a-calella\">Noticias y recetas de Can Vives \u2013 Carnicer\u00eda y comida para llevar en Calella<\/h2>\n\n\n\n<p>En la secci\u00f3n de noticias de Can Vives compartimos recetas, novedades sobre nuestros productos e informaci\u00f3n sobre nuestra carnicer\u00eda y charcuter\u00eda artesanal en Calella. <a href=\"https:\/\/canvives.cat\/es\/sobre-nosotros\/\">Desde 1840<\/a> Vendemos <a href=\"https:\/\/canvives.cat\/es\/categoria-producto-2\/carne-fresca\/\">carne fresca<\/a> i <a href=\"https:\/\/canvives.cat\/es\/categoria-producto-2\/elaborados\/\">Producimos productos c\u00e1rnicos.<\/a>, <a href=\"https:\/\/canvives.cat\/es\/categoria-producto-2\/elaborados\/delicatessen-artesanal\/\">Nuestras propias salchichas<\/a> i <a href=\"https:\/\/canvives.cat\/es\/categoria-producto-2\/elaborados\/platos-cocinados\/\">Platos caseros preparados<\/a> En nuestro taller. Aqu\u00ed encontrar\u00e1s ideas para cocinar, <a href=\"https:\/\/canvives.cat\/es\/categoria-producto-2\/paquetes-y-lotes\/\">Ofertas especiales<\/a> y contenido relacionado con la comida para llevar en Calella y la tradici\u00f3n carnicera del Maresme.<\/p>\n\n\n\n<div class=\"wp-block-query is-layout-flow wp-block-query-is-layout-flow\"><ul class=\"wp-block-post-template is-layout-flow wp-block-post-template-is-layout-flow\"><li class=\"wp-block-post post-231313 post type-post status-publish format-standard has-post-thumbnail hentry category-promocions\">\n\n<div class=\"wp-block-columns are-vertically-aligned-center is-layout-flex wp-container-core-columns-is-layout-9d6595d7 wp-block-columns-is-layout-flex\">\n<div class=\"wp-block-column is-vertically-aligned-center is-layout-flow wp-block-column-is-layout-flow\" style=\"flex-basis:25%\"><figure class=\"wp-block-post-featured-image\"><a href=\"https:\/\/canvives.cat\/es\/%f0%9f%8e%81-nou-val-de-compra-online-a-can-vives-3-e-de-regal-en-compres-superiors-a-75-e\/\" target=\"_self\"  ><img loading=\"lazy\" decoding=\"async\" width=\"1536\" height=\"1024\" src=\"https:\/\/canvives.cat\/wp-content\/uploads\/ChatGPT-Image-24-de-febr.-del-2026-16_15_30.png\" class=\"attachment-post-thumbnail size-post-thumbnail wp-post-image\" alt=\"\ud83c\udf81 Nuevo cup\u00f3n online en Can Vives: un regalo gratuito de 3 \u20ac por compras superiores a 75 \u20ac.\" style=\"object-fit:cover;\" srcset=\"https:\/\/canvives.cat\/wp-content\/uploads\/ChatGPT-Image-24-de-febr.-del-2026-16_15_30.png 1536w, https:\/\/canvives.cat\/wp-content\/uploads\/ChatGPT-Image-24-de-febr.-del-2026-16_15_30-600x400.png 600w, https:\/\/canvives.cat\/wp-content\/uploads\/ChatGPT-Image-24-de-febr.-del-2026-16_15_30-768x512.png 768w, https:\/\/canvives.cat\/wp-content\/uploads\/ChatGPT-Image-24-de-febr.-del-2026-16_15_30-18x12.png 18w\" sizes=\"auto, (max-width: 1536px) 100vw, 1536px\" \/><\/a><\/figure><\/div>\n\n\n\n<div class=\"wp-block-column is-vertically-aligned-center is-layout-flow wp-block-column-is-layout-flow\" style=\"flex-basis:75%\"><h2 class=\"wp-block-post-title\"><a href=\"https:\/\/canvives.cat\/es\/%f0%9f%8e%81-nou-val-de-compra-online-a-can-vives-3-e-de-regal-en-compres-superiors-a-75-e\/\" target=\"_self\" >\ud83c\udf81 Nuevo cup\u00f3n online en Can Vives: un regalo gratuito de 3 \u20ac por compras superiores a 75 \u20ac.<\/a><\/h2><\/div>\n<\/div>\n\n<\/li><li class=\"wp-block-post post-231222 post type-post status-publish format-standard has-post-thumbnail hentry category-noticies\">\n\n<div class=\"wp-block-columns are-vertically-aligned-center is-layout-flex wp-container-core-columns-is-layout-9d6595d7 wp-block-columns-is-layout-flex\">\n<div class=\"wp-block-column is-vertically-aligned-center is-layout-flow wp-block-column-is-layout-flow\" style=\"flex-basis:25%\"><figure class=\"wp-block-post-featured-image\"><a href=\"https:\/\/canvives.cat\/es\/llegeix-la-nostra-entrevista-a-calella-comunicacio\/\" target=\"_self\"  ><img loading=\"lazy\" decoding=\"async\" width=\"800\" height=\"419\" src=\"https:\/\/canvives.cat\/wp-content\/uploads\/nuri-mateu-vives-800x419-1.jpg\" class=\"attachment-post-thumbnail size-post-thumbnail wp-post-image\" alt=\"Lee nuestra entrevista en Calella Comunicaci\u00f3\" style=\"object-fit:cover;\" srcset=\"https:\/\/canvives.cat\/wp-content\/uploads\/nuri-mateu-vives-800x419-1.jpg 800w, https:\/\/canvives.cat\/wp-content\/uploads\/nuri-mateu-vives-800x419-1-600x314.jpg 600w, https:\/\/canvives.cat\/wp-content\/uploads\/nuri-mateu-vives-800x419-1-768x402.jpg 768w, https:\/\/canvives.cat\/wp-content\/uploads\/nuri-mateu-vives-800x419-1-18x9.jpg 18w\" sizes=\"auto, (max-width: 800px) 100vw, 800px\" \/><\/a><\/figure><\/div>\n\n\n\n<div class=\"wp-block-column is-vertically-aligned-center is-layout-flow wp-block-column-is-layout-flow\" style=\"flex-basis:75%\"><h2 class=\"wp-block-post-title\"><a href=\"https:\/\/canvives.cat\/es\/llegeix-la-nostra-entrevista-a-calella-comunicacio\/\" target=\"_self\" >Lee nuestra entrevista en Calella Comunicaci\u00f3<\/a><\/h2><\/div>\n<\/div>\n\n<\/li><\/ul><\/div>","protected":false},"excerpt":{"rendered":"<p>Not\u00edcies i receptes de Can Vives \u2013 Carnisseria i menjar per emportar a Calella A l\u2019espai de not\u00edcies de Can Vives compartim receptes, novetats de producte i informaci\u00f3 sobre la nostra carnisseria i xarcuteria artesanal de Calella. Des de 1840 venem carn fresca i elaborem productes c\u00e0rnics, embotits propis i plats casolans preparats al nostre&#8230;<\/p>","protected":false},"author":6,"featured_media":0,"parent":0,"menu_order":0,"comment_status":"closed","ping_status":"closed","template":"","meta":{"_editorskit_title_hidden":false,"_editorskit_reading_time":0,"_editorskit_is_block_options_detached":false,"_editorskit_block_options_position":"{}","_uag_custom_page_level_css":"","_kadence_starter_templates_imported_post":false,"_kad_post_transparent":"","_kad_post_title":"","_kad_post_layout":"normal","_kad_post_sidebar_id":"sidebar-secondary","_kad_post_content_style":"","_kad_post_vertical_padding":"","_kad_post_feature":"","_kad_post_feature_position":"","_kad_post_header":false,"_kad_post_footer":false,"_kad_post_classname":"","footnotes":""},"class_list":["post-230540","page","type-page","status-publish","hentry"],"yoast_head":"<!-- This site is optimized with the Yoast SEO Premium plugin v27.4 (Yoast SEO v27.4) - https:\/\/yoast.com\/product\/yoast-seo-premium-wordpress\/ -->\n<title>Noticies - Can Vives carnissers des de 1840<\/title>\n<meta name=\"description\" content=\"Not\u00edcies, receptes i novetats de Can Vives, carnisseria artesanal a Calella des de 1840. Descobreix el mon de la carn i l&#039;elaboraci\u00f3 pr\u00f2pia\" \/>\n<meta name=\"robots\" content=\"index, follow, max-snippet:-1, max-image-preview:large, max-video-preview:-1\" \/>\n<link rel=\"canonical\" href=\"https:\/\/canvives.cat\/es\/noticias-de-los-vivos\/\" \/>\n<meta property=\"og:locale\" content=\"es_ES\" \/>\n<meta property=\"og:type\" content=\"article\" \/>\n<meta property=\"og:title\" content=\"Noticies\" \/>\n<meta property=\"og:description\" content=\"Not\u00edcies, receptes i novetats de Can Vives, carnisseria artesanal a Calella des de 1840. Descobreix el mon de la carn i l&#039;elaboraci\u00f3 pr\u00f2pia\" \/>\n<meta property=\"og:url\" content=\"https:\/\/canvives.cat\/es\/noticias-de-los-vivos\/\" \/>\n<meta property=\"og:site_name\" content=\"Can Vives carnissers des de 1840\" \/>\n<meta property=\"article:publisher\" content=\"https:\/\/www.facebook.com\/CanVivesCalella\" \/>\n<meta property=\"article:modified_time\" content=\"2026-04-03T15:31:23+00:00\" \/>\n<meta property=\"og:image\" content=\"https:\/\/canvives.cat\/wp-content\/uploads\/logopng512.png\" \/>\n\t<meta property=\"og:image:width\" content=\"512\" \/>\n\t<meta property=\"og:image:height\" content=\"512\" \/>\n\t<meta property=\"og:image:type\" content=\"image\/png\" \/>\n<meta name=\"twitter:card\" content=\"summary_large_image\" \/>\n<meta name=\"twitter:label1\" content=\"Tiempo de lectura\" \/>\n\t<meta name=\"twitter:data1\" content=\"1 minuto\" \/>\n<script type=\"application\/ld+json\" class=\"yoast-schema-graph\">{\"@context\":\"https:\\\/\\\/schema.org\",\"@graph\":[{\"@type\":\"WebPage\",\"@id\":\"https:\\\/\\\/canvives.cat\\\/noticies-can-vives\\\/\",\"url\":\"https:\\\/\\\/canvives.cat\\\/noticies-can-vives\\\/\",\"name\":\"Noticies - Can Vives carnissers des de 1840\",\"isPartOf\":{\"@id\":\"https:\\\/\\\/canvives.cat\\\/#website\"},\"datePublished\":\"2024-05-13T11:09:43+00:00\",\"dateModified\":\"2026-04-03T15:31:23+00:00\",\"description\":\"Not\u00edcies, receptes i novetats de Can Vives, carnisseria artesanal a Calella des de 1840. Descobreix el mon de la carn i l'elaboraci\u00f3 pr\u00f2pia\",\"breadcrumb\":{\"@id\":\"https:\\\/\\\/canvives.cat\\\/noticies-can-vives\\\/#breadcrumb\"},\"inLanguage\":\"es\",\"potentialAction\":[{\"@type\":\"ReadAction\",\"target\":[\"https:\\\/\\\/canvives.cat\\\/noticies-can-vives\\\/\"]}]},{\"@type\":\"BreadcrumbList\",\"@id\":\"https:\\\/\\\/canvives.cat\\\/noticies-can-vives\\\/#breadcrumb\",\"itemListElement\":[{\"@type\":\"ListItem\",\"position\":1,\"name\":\"Portada\",\"item\":\"https:\\\/\\\/canvives.cat\\\/\"},{\"@type\":\"ListItem\",\"position\":2,\"name\":\"Noticies\"}]},{\"@type\":\"WebSite\",\"@id\":\"https:\\\/\\\/canvives.cat\\\/#website\",\"url\":\"https:\\\/\\\/canvives.cat\\\/\",\"name\":\"Can Vives carnissers des de 1840\",\"description\":\"La carnisseria-rostisseria amb m\u00e9s anys d&#039;hist\u00f2ria a Calella i una de les m\u00e9s antigues de Catalunya. Venda a botiga i online de tot tipus de carns, embotits, formatges i plats cuinats. Som carnissers, xarcuters i rostissers.\",\"publisher\":{\"@id\":\"https:\\\/\\\/canvives.cat\\\/#organization\"},\"alternateName\":\"Can Vives Calella\",\"potentialAction\":[{\"@type\":\"SearchAction\",\"target\":{\"@type\":\"EntryPoint\",\"urlTemplate\":\"https:\\\/\\\/canvives.cat\\\/?s={search_term_string}\"},\"query-input\":{\"@type\":\"PropertyValueSpecification\",\"valueRequired\":true,\"valueName\":\"search_term_string\"}}],\"inLanguage\":\"es\"},{\"@type\":[\"Organization\",\"Place\"],\"@id\":\"https:\\\/\\\/canvives.cat\\\/#organization\",\"name\":\"Carnisseria Rostisseria Can Vives\",\"alternateName\":\"Can Vives Calella\",\"url\":\"https:\\\/\\\/canvives.cat\\\/\",\"logo\":{\"@id\":\"https:\\\/\\\/canvives.cat\\\/noticies-can-vives\\\/#local-main-organization-logo\"},\"image\":{\"@id\":\"https:\\\/\\\/canvives.cat\\\/noticies-can-vives\\\/#local-main-organization-logo\"},\"sameAs\":[\"https:\\\/\\\/www.facebook.com\\\/CanVivesCalella\",\"https:\\\/\\\/www.instagram.com\\\/canvivescalella\\\/\",\"https:\\\/\\\/www.tiktok.com\\\/@can.vives.calella\"],\"description\":\"\\\"Carns, plats cuinats casolans, embotits de qualitat i elaboraci\u00f3 pr\u00f2pia, vins i caves, delicatessen i formatges. La carnisseria amb m\u00e9s anys d'hist\u00f2ria a Calella i una de les m\u00e9s antigues de Catalunya. Comer\u00e7 tradicional Elaborem els nostres cuinats, hamburgueses, botifarres, croquetes, embotits curats com fuets, llonganisses, lloms curats...\\\"\",\"legalName\":\"VIVES CLOS C.B.\",\"foundingDate\":\"1840-04-25\",\"numberOfEmployees\":{\"@type\":\"QuantitativeValue\",\"minValue\":\"1\",\"maxValue\":\"10\"},\"address\":{\"@id\":\"https:\\\/\\\/canvives.cat\\\/noticies-can-vives\\\/#local-main-place-address\"},\"telephone\":[\"937690224\"],\"contactPoint\":{\"@type\":\"ContactPoint\",\"telephone\":\"662965320\",\"email\":\"canvives@canvives.cat\"},\"openingHoursSpecification\":[{\"@type\":\"OpeningHoursSpecification\",\"dayOfWeek\":[\"Monday\",\"Tuesday\",\"Wednesday\",\"Thursday\",\"Friday\",\"Saturday\",\"Sunday\"],\"opens\":\"09:00\",\"closes\":\"17:00\"}],\"email\":\"canvives@canvives.cat\",\"vatID\":\"E60450871\"},{\"@type\":\"PostalAddress\",\"@id\":\"https:\\\/\\\/canvives.cat\\\/noticies-can-vives\\\/#local-main-place-address\",\"streetAddress\":\"Calle Sant Joan 89\",\"addressLocality\":\"Calella\",\"postalCode\":\"08370\",\"addressRegion\":\"Barcelona\",\"addressCountry\":\"ES\"},{\"@type\":\"ImageObject\",\"inLanguage\":\"es\",\"@id\":\"https:\\\/\\\/canvives.cat\\\/noticies-can-vives\\\/#local-main-organization-logo\",\"url\":\"https:\\\/\\\/canvives.cat\\\/wp-content\\\/uploads\\\/logopng512.png\",\"contentUrl\":\"https:\\\/\\\/canvives.cat\\\/wp-content\\\/uploads\\\/logopng512.png\",\"width\":512,\"height\":512,\"caption\":\"Carnisseria Rostisseria Can Vives\"}]}<\/script>\n<meta name=\"geo.placename\" content=\"Calella\" \/>\n<meta name=\"geo.region\" content=\"Espa\u00f1a\" \/>\n<!-- \/ Yoast SEO Premium plugin. -->","yoast_head_json":{"title":"Noticias - Carnicer\u00eda Can Vives desde 1840","description":"Noticias, recetas y novedades de Can Vives, carnicer\u00eda artesanal en Calella desde 1840. Descubre el mundo de la carne y nuestra producci\u00f3n propia.","robots":{"index":"index","follow":"follow","max-snippet":"max-snippet:-1","max-image-preview":"max-image-preview:large","max-video-preview":"max-video-preview:-1"},"canonical":"https:\/\/canvives.cat\/es\/noticias-de-los-vivos\/","og_locale":"es_ES","og_type":"article","og_title":"Noticies","og_description":"Not\u00edcies, receptes i novetats de Can Vives, carnisseria artesanal a Calella des de 1840. Descobreix el mon de la carn i l'elaboraci\u00f3 pr\u00f2pia","og_url":"https:\/\/canvives.cat\/es\/noticias-de-los-vivos\/","og_site_name":"Can Vives carnissers des de 1840","article_publisher":"https:\/\/www.facebook.com\/CanVivesCalella","article_modified_time":"2026-04-03T15:31:23+00:00","og_image":[{"width":512,"height":512,"url":"https:\/\/canvives.cat\/wp-content\/uploads\/logopng512.png","type":"image\/png"}],"twitter_card":"summary_large_image","twitter_misc":{"Tiempo de lectura":"1 minuto"},"schema":{"@context":"https:\/\/schema.org","@graph":[{"@type":"WebPage","@id":"https:\/\/canvives.cat\/noticies-can-vives\/","url":"https:\/\/canvives.cat\/noticies-can-vives\/","name":"Noticias - Carnicer\u00eda Can Vives desde 1840","isPartOf":{"@id":"https:\/\/canvives.cat\/#website"},"datePublished":"2024-05-13T11:09:43+00:00","dateModified":"2026-04-03T15:31:23+00:00","description":"Noticias, recetas y novedades de Can Vives, carnicer\u00eda artesanal en Calella desde 1840. Descubre el mundo de la carne y nuestra producci\u00f3n propia.","breadcrumb":{"@id":"https:\/\/canvives.cat\/noticies-can-vives\/#breadcrumb"},"inLanguage":"es","potentialAction":[{"@type":"ReadAction","target":["https:\/\/canvives.cat\/noticies-can-vives\/"]}]},{"@type":"BreadcrumbList","@id":"https:\/\/canvives.cat\/noticies-can-vives\/#breadcrumb","itemListElement":[{"@type":"ListItem","position":1,"name":"Portada","item":"https:\/\/canvives.cat\/"},{"@type":"ListItem","position":2,"name":"Noticies"}]},{"@type":"WebSite","@id":"https:\/\/canvives.cat\/#website","url":"https:\/\/canvives.cat\/","name":"Can Vives carniceros desde 1840","description":"La carniceria-asador con m\u00e1s a\u00f1os de historia en Calella y una de las m\u00e1s antiguas de Catalu\u00f1a. Venta en tienda y online de todo tipo de carnes, embutidos, quesos y platos preparados. Somos carniceros, charcuteros y asadores.","publisher":{"@id":"https:\/\/canvives.cat\/#organization"},"alternateName":"Can Vives Calella","potentialAction":[{"@type":"SearchAction","target":{"@type":"EntryPoint","urlTemplate":"https:\/\/canvives.cat\/?s={search_term_string}"},"query-input":{"@type":"PropertyValueSpecification","valueRequired":true,"valueName":"search_term_string"}}],"inLanguage":"es"},{"@type":["Organization","Place"],"@id":"https:\/\/canvives.cat\/#organization","name":"Carnicer\u00eda y Asador Can Vives","alternateName":"Can Vives Calella","url":"https:\/\/canvives.cat\/","logo":{"@id":"https:\/\/canvives.cat\/noticies-can-vives\/#local-main-organization-logo"},"image":{"@id":"https:\/\/canvives.cat\/noticies-can-vives\/#local-main-organization-logo"},"sameAs":["https:\/\/www.facebook.com\/CanVivesCalella","https:\/\/www.instagram.com\/canvivescalella\/","https:\/\/www.tiktok.com\/@can.vives.calella"],"description":"\"Carnes, platos caseros, embutidos de calidad y especialidades propias, vinos y cavas, delicatessen y quesos. La carnicer\\u00eda con m\\u00e1s historia de Calella y una de las m\\u00e1s antiguas de Catalu\\u00f1a. Somos un negocio tradicional y elaboramos nuestras propias carnes cocidas, hamburguesas, salchichas, croquetas, embutidos como fuet, longaniza, lomos curados...\"","legalName":"VIVES CLOS C.B.","foundingDate":"1840-04-25","numberOfEmployees":{"@type":"QuantitativeValue","minValue":"1","maxValue":"10"},"address":{"@id":"https:\/\/canvives.cat\/noticies-can-vives\/#local-main-place-address"},"telephone":["937690224"],"contactPoint":{"@type":"ContactPoint","telephone":"662965320","email":"canvives@canvives.cat"},"openingHoursSpecification":[{"@type":"OpeningHoursSpecification","dayOfWeek":["Monday","Tuesday","Wednesday","Thursday","Friday","Saturday","Sunday"],"opens":"09:00","closes":"17:00"}],"email":"canvives@canvives.cat","vatID":"E60450871"},{"@type":"PostalAddress","@id":"https:\/\/canvives.cat\/noticies-can-vives\/#local-main-place-address","streetAddress":"Calle Sant Joan 89","addressLocality":"Calella","postalCode":"08370","addressRegion":"Barcelona","addressCountry":"ES"},{"@type":"ImageObject","inLanguage":"es","@id":"https:\/\/canvives.cat\/noticies-can-vives\/#local-main-organization-logo","url":"https:\/\/canvives.cat\/wp-content\/uploads\/logopng512.png","contentUrl":"https:\/\/canvives.cat\/wp-content\/uploads\/logopng512.png","width":512,"height":512,"caption":"Carnisseria Rostisseria Can Vives"}]},"geo.placename":"Calella","geo.region":"Espa\u00f1a"},"uagb_featured_image_src":{"full":false,"thumbnail":false,"medium":false,"medium_large":false,"large":false,"1536x1536":false,"2048x2048":false,"trp-custom-language-flag":false,"woocommerce_thumbnail":false,"woocommerce_single":false,"woocommerce_gallery_thumbnail":false},"uagb_author_info":{"display_name":"Administrador de Can Vives","author_link":"https:\/\/canvives.cat\/es\/author\/canvives\/"},"uagb_comment_info":0,"uagb_excerpt":"Not\u00edcies i receptes de Can Vives \u2013 Carnisseria i menjar per emportar a Calella A l\u2019espai de not\u00edcies de Can Vives compartim receptes, novetats de producte i informaci\u00f3 sobre la nostra carnisseria i xarcuteria artesanal de Calella. Des de 1840 venem carn fresca i elaborem productes c\u00e0rnics, embotits propis i plats casolans preparats al nostre...","_links":{"self":[{"href":"https:\/\/canvives.cat\/es\/wp-json\/wp\/v2\/pages\/230540","targetHints":{"allow":["GET"]}}],"collection":[{"href":"https:\/\/canvives.cat\/es\/wp-json\/wp\/v2\/pages"}],"about":[{"href":"https:\/\/canvives.cat\/es\/wp-json\/wp\/v2\/types\/page"}],"author":[{"embeddable":true,"href":"https:\/\/canvives.cat\/es\/wp-json\/wp\/v2\/users\/6"}],"replies":[{"embeddable":true,"href":"https:\/\/canvives.cat\/es\/wp-json\/wp\/v2\/comments?post=230540"}],"version-history":[{"count":1,"href":"https:\/\/canvives.cat\/es\/wp-json\/wp\/v2\/pages\/230540\/revisions"}],"predecessor-version":[{"id":231890,"href":"https:\/\/canvives.cat\/es\/wp-json\/wp\/v2\/pages\/230540\/revisions\/231890"}],"wp:attachment":[{"href":"https:\/\/canvives.cat\/es\/wp-json\/wp\/v2\/media?parent=230540"}],"curies":[{"name":"wp","href":"https:\/\/api.w.org\/{rel}","templated":true}]}}